{"id":332,"date":"2013-09-19T08:28:17","date_gmt":"2013-09-19T06:28:17","guid":{"rendered":"http:\/\/www.cfppa.fr\/infocampus\/?page_id=332"},"modified":"2014-05-31T07:54:46","modified_gmt":"2014-05-31T05:54:46","slug":"lhistorique-presentation","status":"publish","type":"page","link":"https:\/\/www.cfppa.fr\/infocampus\/lhistorique-presentation\/","title":{"rendered":"L&#8217;historique \/ pr\u00e9sentation"},"content":{"rendered":"<p style=\"text-align: center;\"><strong>Une fiche synth\u00e9tique \u00a0de l&#8217;entreprise : un concentr\u00e9 d&#8217;informations\u00a0<\/strong><\/p>\n<ol>\n<li>Le nom de l&#8217;exploitation et sa situation g\u00e9ographique<\/li>\n<li>Sa forme juridique : individuelle, soci\u00e9t\u00e9<\/li>\n<li>Le nombre d&#8217;UTH<\/li>\n<li>La SAU et sa r\u00e9partition : cultures \/ prairie<\/li>\n<li>Les ateliers existants :<\/li>\n<\/ol>\n<p style=\"text-align: center;\"><strong>Son historique : le pass\u00e9 pour connaitre le pr\u00e9sent !\u00a0<\/strong><\/p>\n<p>Un \u00a0tableau r\u00e9sumant l&#8217;historique permet de synth\u00e9tiser votre sch\u00e9ma de fonctionnement (on doit de retrouver les grandes d\u00e9cisions )<\/p>\n<table border=\"0\">\n<tbody>\n<tr>\n<td style=\"text-align: center; border: 1px solid #f50938;\" rowspan=\"2\">Dates<\/td>\n<td style=\"text-align: center; border: 1px solid #f50938;\" rowspan=\"2\">D\u00e9cisions<\/td>\n<td style=\"border: 1px solid #f50938; text-align: center;\" rowspan=\"2\">Objectif<\/td>\n<td style=\"text-align: center; border: 1px solid #f50938;\" colspan=\"4\">Effets sur les facteurs de production<\/td>\n<\/tr>\n<tr>\n<td style=\"text-align: center; border: 1px solid #f50938;\">SAU<\/td>\n<td style=\"text-align: center; border: 1px solid #f50938;\">Ateliers<\/td>\n<td style=\"text-align: center; border: 1px solid #f50938;\">Investissements<\/td>\n<td style=\"text-align: center; border: 1px solid #f50938;\">Temps de travail<\/td>\n<\/tr>\n<tr>\n<td style=\"text-align: center; border: 1px solid #f50938;\">N- 10<\/td>\n<td style=\"text-align: center; border: 1px solid #f50938;\"><\/td>\n<td style=\"text-align: center; border: 1px solid #f50938;\"><\/td>\n<td style=\"text-align: center; border: 1px solid #f50938;\">50 ha<\/td>\n<td style=\"text-align: center; border: 1px solid #f50938;\">VL + culture<\/td>\n<td style=\"text-align: center; border: 1px solid #f50938;\"><\/td>\n<td style=\"text-align: center; border: 1px solid #f50938;\"><\/td>\n<\/tr>\n<tr>\n<td style=\"text-align: center; border: 1px solid #f50938;\">N-8<\/td>\n<td style=\"text-align: center; border: 1px solid #f50938;\">Arr\u00eat des VLet reprise de 25 ha<\/td>\n<td style=\"text-align: center; border: 1px solid #f50938;\">simplification du travail et assurer une revenu<\/td>\n<td style=\"text-align: center; border: 1px solid #f50938;\">75 h<\/td>\n<td style=\"text-align: center; border: 1px solid #f50938;\">100% culture<\/td>\n<td style=\"text-align: center; border: 1px solid #f50938;\">mat\u00e9riel de semis<\/td>\n<td style=\"text-align: center; border: 1px solid #f50938;\">d\u00e9part de la m\u00e8re<\/td>\n<\/tr>\n<\/tbody>\n<\/table>\n<p>ce tableau doit venir appuyer votre sch\u00e9ma de fonctionnement et comprendre la situation actuelle .<\/p>\n<p style=\"text-align: center;\"><strong>Pr\u00e9sentation des facteurs de production<\/strong><\/p>\n<p style=\"text-align: center;\"><span style=\"color: #ff0000;\"><strong>Le foncier :\u00a0<\/strong><\/span><\/p>\n<ul>\n<li>La surface \u00a0actuelle avec une id\u00e9e de l&#8217;assolement \u00a0( pour les surfaces AOC \/AOP la notion de atout peut \u00eatre abord\u00e9e) (Cela peut \u00eatre relier \u00e0 l&#8217;environnement proche de l&#8217;exploitation : pression fonci\u00e8re, dynamisme communal etc. \u00a0)<\/li>\n<li>Le parcellaire (photo dossier PAC par exemple ) , il peut \u00eatre \u00a0un atout ou une contrainte ( il peut \u00eatre relier \u00e0 l&#8217;environnement naturel de l&#8217;exploitation : la petite r\u00e9gion &#8211; le d\u00e9partement)<\/li>\n<li>Le type de sol : les grandes caract\u00e9ristiques suffisent g\u00e9n\u00e9ralement sauf si vous avez des cultures particuli\u00e8res ou des techniques culturales particuli\u00e8res . Comme le parcellaire , le type de sol peut \u00eatre un atout ou une contrainte.<\/li>\n<li>Le faire-valoir et fermage : pour le fermage distinguer les mise \u00e0 disposition \u00a0et la part de fermage familial<\/li>\n<\/ul>\n<p style=\"text-align: center;\"><span style=\"color: #ff0000;\"><strong>Le travail et la main-d&#8217;oeuvre\u00a0<\/strong><\/span><\/p>\n<ul>\n<li>UTAF \/ UTH : il convient de \u00a0bien pr\u00e9ciser aussi la main d&#8217;oeuvre b\u00e9n\u00e9vole<\/li>\n<li>Organisation du travail : r\u00e9partition du travail<\/li>\n<li>Calendrier des temps de travaux : il en faut un mais au pr\u00e9alable on doit connaitre les productions en place et les outils de production existant , donc la place de ce dernier peut faire suite \u00e0 l&#8217;\u00e9tude des productions<\/li>\n<\/ul>\n<p style=\"text-align: center;\"><span style=\"color: #ff0000;\"><strong>Le mat\u00e9riel\u00a0<\/strong><\/span><\/p>\n<p style=\"text-align: center;\">Il est souvent en relation avec l&#8217;environnement op\u00e9rationnel : le concessionnaire local est pr\u00e9dominant !<\/p>\n<p style=\"text-align: center;\"><strong>Ici une liste exhaustive du mat\u00e9riel n&#8217;a pas d\u2019int\u00e9r\u00eat !<\/strong><\/p>\n<p style=\"text-align: center;\">Par contre , il convient de connaitre la strat\u00e9gie de votre chef d&#8217;entreprise pour le poste m\u00e9canisation<\/p>\n<ul>\n<li>Propri\u00e9t\u00e9 ou \u00a0prestations \u00a0(CUMA , location, leasing )<\/li>\n<li>Neuf ou occasion ?<\/li>\n<li>Adapt\u00e9 ou pas \u00a0aux productions<\/li>\n<\/ul>\n<p style=\"text-align: center;\">il peut \u00eatre int\u00e9ressant \u00a0ici \u00a0d&#8217;aborder la notion de charge de m\u00e9canisation : frais de m\u00e9canisation et amortissement<\/p>\n<ul>\n<li>Des amortissements de m\u00e9ca \u00a0peuvent \u00eatre r\u00e9v\u00e9lateurs d&#8217;une strat\u00e9gie fiscale ou d&#8217;une adoration vis-\u00e0-vis de la m\u00e9canique<\/li>\n<li>Des frais de m\u00e9ca importants peuvent \u00eatre indicateurs d&#8217;une strat\u00e9gie d&#8217;investissement bas\u00e9e sur de l&#8217;occasion ou alors d&#8217;un sous-\u00e9quipement ou alors d&#8217;une incapacit\u00e9 \u00e0 r\u00e9parer et\/ou d&#8217;une capacit\u00e9 \u00e0 briser !<\/li>\n<\/ul>\n<p style=\"text-align: center;\">Attention la charge m\u00e9ca (avec les amortissement ) peut \u00eatre tr\u00e8s \u00e9lev\u00e9e et elle peut vous induire des \u00a0prix d&#8217;\u00e9quilibre ou des co\u00fbts de revient discutables !<\/p>\n<p style=\"text-align: center;\"><strong>Les B\u00e2timents<\/strong><\/p>\n<p style=\"text-align: center;\">Un b\u00e2timent est -il un outil de production ou une gestion patrimoniale ?<\/p>\n<p style=\"text-align: center;\"><strong><span style=\"font-size: 16px;\">Sont ils suffisants, en bon \u00e9tat, aux normes , fonctionnels et rentables ?\u00a0<\/span><\/strong><\/p>\n<ol>\n<li>Aux normes ? : un jeune qui s&#8217;installe est dans l&#8217;obligation d&#8217;avoir des installations aux normes !<\/li>\n<li>Fonctionnels ? : \u00e0 mettre en relation avec le temps de travail \u00a0et les r\u00e9sultats technico-\u00e9conomiques \u00a0!<\/li>\n<li>Suffisants ? notions de bien-\u00eatre<\/li>\n<li>Rentable ? en hors-sol la question est toujours abord\u00e9e , mais pour les autres productions ?<\/li>\n<\/ol>\n<p>&nbsp;<\/p>\n<p>Un tableau synth\u00e9tique d&#8217;analyse des facteurs de production peut \u00eatre int\u00e9ressant<\/p>\n<table style=\"border-color: #1038ee; border-width: 0px; ; width: 125px;\" border=\"0\" frame=\"box\" align=\"center\">\n<tbody>\n<tr>\n<td style=\"border: 1px solid #0f37ef; width: 150px;\" align=\"center\" valign=\"middle\"><\/td>\n<td style=\"border: 1px solid #0f37ef; width: 150px; text-align: center;\" align=\"center\" valign=\"middle\"><strong><span style=\"font-size: 16px;\">\u00a0Atouts\/ Opportunit\u00e9s\u00a0<\/span><\/strong><\/td>\n<td style=\"border: 1px solid #0f37ef; width: 150px; text-align: center;\" align=\"center\" valign=\"middle\"><span style=\"font-size: 16px;\"><strong>Contraintes \/menaces<\/strong>\u00a0<\/span><\/td>\n<\/tr>\n<tr align=\"center\">\n<td style=\"border: 1px solid #0f37ef; width: 150px; text-align: center;\" align=\"center\" valign=\"middle\"><strong><span style=\"font-size: 16px;\">Environnement naturel\u00a0<\/span><\/strong><\/td>\n<td style=\"border: 1px solid #0f37ef; width: 150px; text-align: center;\" align=\"center\" valign=\"middle\"><span style=\"font-size: 16px;\">AOC \/AOP<\/span><\/td>\n<td style=\"border: 1px solid #0f37ef; width: 150px; text-align: center;\" align=\"center\" valign=\"middle\"><span style=\"font-size: 16px;\">Terres inondables\u00a0<\/span><\/td>\n<\/tr>\n<tr align=\"center\">\n<td style=\"border: 1px solid #0f37ef; width: 150px; text-align: center;\" align=\"center\" valign=\"middle\"><strong><span style=\"font-size: 16px;\"><strong>Le Foncier\u00a0<\/strong><\/span><\/strong><\/td>\n<td style=\"border: 1px solid #0f37ef; width: 150px; text-align: center;\" align=\"center\" valign=\"middle\"><span style=\"font-size: 16px;\">Parcellaire regroup\u00e9<\/span><span style=\"font-size: 16px;\">Propri\u00e9taire \u00e0 100%\u00a0\u00a0<\/span><\/td>\n<td style=\"border: 1px solid #0f37ef; width: 150px; text-align: center;\" align=\"center\" valign=\"middle\"><span style=\"font-size: 16px;\">\u00a0Baux \u00e0 renouveler<\/span><\/td>\n<\/tr>\n<tr align=\"center\">\n<td style=\"border: 1px solid #0f37ef; width: 150px; text-align: center;\" align=\"center\" valign=\"middle\"><strong><span style=\"font-size: 16px;\"><strong>Le Travail \/ main d&#8217;oeuvre<\/strong><\/span><\/strong><\/td>\n<td style=\"border: 1px solid #0f37ef; width: 150px; text-align: center;\" align=\"center\" valign=\"middle\"><span style=\"font-size: 16px;\">Pr\u00e9sence de groupements d&#8217;employeurs<\/span><\/td>\n<td style=\"border: 1px solid #0f37ef; width: 150px; text-align: center;\" align=\"center\" valign=\"middle\"><span style=\"font-size: 16px;\">Travail des parents retrait\u00e9s\u00a0<\/span><\/td>\n<\/tr>\n<tr align=\"center\">\n<td style=\"border: 1px solid #0f37ef; width: 150px; text-align: center;\" align=\"center\" valign=\"middle\"><strong><span style=\"font-size: 16px;\"><strong><strong>Le mat\u00e9riel<\/strong>\u00a0<\/strong><\/span><\/strong><\/td>\n<td style=\"border: 1px solid #0f37ef; width: 150px; text-align: center;\" align=\"center\" valign=\"middle\"><span style=\"font-size: 16px;\">Pr\u00e9sence de CUMA, d&#8217;entreprises de travaux agricoles<\/span><\/td>\n<td style=\"border: 1px solid #0f37ef; width: 150px; text-align: center;\" align=\"center\" valign=\"middle\"><span style=\"font-size: 16px;\">Non adapt\u00e9<\/span><\/td>\n<\/tr>\n<tr align=\"center\">\n<td style=\"border: 1px solid #0f37ef; width: 150px; text-align: center;\" align=\"center\" valign=\"middle\"><strong><span style=\"font-size: 16px;\"><strong>\u00a0<strong>Les b\u00e2timents<\/strong>\u00a0\u00a0<\/strong><\/span><\/strong><\/td>\n<td style=\"border: 1px solid #0f37ef; width: 150px; text-align: center;\" align=\"center\" valign=\"middle\"><span style=\"font-size: 16px;\">Mise aux normes r\u00e9alis\u00e9e\u00a0<\/span><\/td>\n<td style=\"border: 1px solid #0f37ef; width: 150px; text-align: center;\" align=\"center\" valign=\"middle\"><span style=\"font-size: 16px;\">Non Fonctionnels\u00a0<\/span><\/td>\n<\/tr>\n<\/tbody>\n<\/table>\n<p>&nbsp;<\/p>\n<p>&nbsp;<\/p>\n<p>&nbsp;<\/p>\n<p>&nbsp;<\/p>\n","protected":false},"excerpt":{"rendered":"<p>Une fiche synth\u00e9tique \u00a0de l&#8217;entreprise : un concentr\u00e9 d&#8217;informations\u00a0 Le nom de l&#8217;exploitation et sa situation g\u00e9ographique Sa forme juridique : individuelle, soci\u00e9t\u00e9 Le nombre d&#8217;UTH La SAU et sa r\u00e9partition : cultures \/ prairie Les ateliers existants : Son historique : le pass\u00e9 pour connaitre le pr\u00e9sent !\u00a0 Un &hellip;<\/p>\n","protected":false},"author":1,"featured_media":0,"parent":0,"menu_order":0,"comment_status":"open","ping_status":"open","template":"","meta":{"_crdt_document":"","footnotes":""},"class_list":["post-332","page","type-page","status-publish","hentry"],"yoast_head":"<!-- This site is optimized with the Yoast SEO plugin v27.4 - https:\/\/yoast.com\/product\/yoast-seo-wordpress\/ -->\n<title>L&#039;historique \/ pr\u00e9sentation  - Info campus CFPPA<\/title>\n<meta name=\"robots\" content=\"index, follow, max-snippet:-1, max-image-preview:large, max-video-preview:-1\" \/>\n<link rel=\"canonical\" href=\"http:\/\/www.cfppa.fr\/infocampus\/lhistorique-presentation\/\" \/>\n<meta property=\"og:locale\" content=\"fr_FR\" \/>\n<meta property=\"og:type\" content=\"article\" \/>\n<meta property=\"og:title\" content=\"L&#039;historique \/ pr\u00e9sentation  - Info campus CFPPA\" \/>\n<meta property=\"og:description\" content=\"Une fiche synth\u00e9tique \u00a0de l&#8217;entreprise : un concentr\u00e9 d&#8217;informations\u00a0 Le nom de l&#8217;exploitation et sa situation g\u00e9ographique Sa forme juridique : individuelle, soci\u00e9t\u00e9 Le nombre d&#8217;UTH La SAU et sa r\u00e9partition : cultures \/ prairie Les ateliers existants : Son historique : le pass\u00e9 pour connaitre le pr\u00e9sent !\u00a0 Un &hellip;\" \/>\n<meta property=\"og:url\" content=\"http:\/\/www.cfppa.fr\/infocampus\/lhistorique-presentation\/\" \/>\n<meta property=\"og:site_name\" content=\"Info campus CFPPA\" \/>\n<meta property=\"article:modified_time\" content=\"2014-05-31T05:54:46+00:00\" \/>\n<meta name=\"twitter:label1\" content=\"Dur\u00e9e de lecture estim\u00e9e\" \/>\n\t<meta name=\"twitter:data1\" content=\"3 minutes\" \/>\n<script type=\"application\/ld+json\" class=\"yoast-schema-graph\">{\"@context\":\"https:\\\/\\\/schema.org\",\"@graph\":[{\"@type\":\"WebPage\",\"@id\":\"http:\\\/\\\/www.cfppa.fr\\\/infocampus\\\/lhistorique-presentation\\\/\",\"url\":\"http:\\\/\\\/www.cfppa.fr\\\/infocampus\\\/lhistorique-presentation\\\/\",\"name\":\"L'historique \\\/ pr\u00e9sentation - Info campus CFPPA\",\"isPartOf\":{\"@id\":\"http:\\\/\\\/www.cfppa.fr\\\/infocampus\\\/#website\"},\"datePublished\":\"2013-09-19T06:28:17+00:00\",\"dateModified\":\"2014-05-31T05:54:46+00:00\",\"breadcrumb\":{\"@id\":\"http:\\\/\\\/www.cfppa.fr\\\/infocampus\\\/lhistorique-presentation\\\/#breadcrumb\"},\"inLanguage\":\"fr-FR\",\"potentialAction\":[{\"@type\":\"ReadAction\",\"target\":[\"http:\\\/\\\/www.cfppa.fr\\\/infocampus\\\/lhistorique-presentation\\\/\"]}]},{\"@type\":\"BreadcrumbList\",\"@id\":\"http:\\\/\\\/www.cfppa.fr\\\/infocampus\\\/lhistorique-presentation\\\/#breadcrumb\",\"itemListElement\":[{\"@type\":\"ListItem\",\"position\":1,\"name\":\"Accueil\",\"item\":\"http:\\\/\\\/www.cfppa.fr\\\/infocampus\\\/\"},{\"@type\":\"ListItem\",\"position\":2,\"name\":\"L&#8217;historique \\\/ pr\u00e9sentation\"}]},{\"@type\":\"WebSite\",\"@id\":\"http:\\\/\\\/www.cfppa.fr\\\/infocampus\\\/#website\",\"url\":\"http:\\\/\\\/www.cfppa.fr\\\/infocampus\\\/\",\"name\":\"Info campus CFPPA\",\"description\":\"Un site \u00e0 la page\",\"publisher\":{\"@id\":\"http:\\\/\\\/www.cfppa.fr\\\/infocampus\\\/#organization\"},\"potentialAction\":[{\"@type\":\"SearchAction\",\"target\":{\"@type\":\"EntryPoint\",\"urlTemplate\":\"http:\\\/\\\/www.cfppa.fr\\\/infocampus\\\/?s={search_term_string}\"},\"query-input\":{\"@type\":\"PropertyValueSpecification\",\"valueRequired\":true,\"valueName\":\"search_term_string\"}}],\"inLanguage\":\"fr-FR\"},{\"@type\":\"Organization\",\"@id\":\"http:\\\/\\\/www.cfppa.fr\\\/infocampus\\\/#organization\",\"name\":\"CFPPA de bourges\",\"url\":\"http:\\\/\\\/www.cfppa.fr\\\/infocampus\\\/\",\"logo\":{\"@type\":\"ImageObject\",\"inLanguage\":\"fr-FR\",\"@id\":\"http:\\\/\\\/www.cfppa.fr\\\/infocampus\\\/#\\\/schema\\\/logo\\\/image\\\/\",\"url\":\"https:\\\/\\\/www.cfppa.fr\\\/infocampus\\\/wp-content\\\/uploads\\\/2013\\\/09\\\/logo_ministerecfppa.png\",\"contentUrl\":\"https:\\\/\\\/www.cfppa.fr\\\/infocampus\\\/wp-content\\\/uploads\\\/2013\\\/09\\\/logo_ministerecfppa.png\",\"width\":1,\"height\":1,\"caption\":\"CFPPA de bourges\"},\"image\":{\"@id\":\"http:\\\/\\\/www.cfppa.fr\\\/infocampus\\\/#\\\/schema\\\/logo\\\/image\\\/\"}}]}<\/script>\n<!-- \/ Yoast SEO plugin. -->","yoast_head_json":{"title":"L'historique \/ pr\u00e9sentation  - Info campus CFPPA","robots":{"index":"index","follow":"follow","max-snippet":"max-snippet:-1","max-image-preview":"max-image-preview:large","max-video-preview":"max-video-preview:-1"},"canonical":"http:\/\/www.cfppa.fr\/infocampus\/lhistorique-presentation\/","og_locale":"fr_FR","og_type":"article","og_title":"L'historique \/ pr\u00e9sentation  - Info campus CFPPA","og_description":"Une fiche synth\u00e9tique \u00a0de l&#8217;entreprise : un concentr\u00e9 d&#8217;informations\u00a0 Le nom de l&#8217;exploitation et sa situation g\u00e9ographique Sa forme juridique : individuelle, soci\u00e9t\u00e9 Le nombre d&#8217;UTH La SAU et sa r\u00e9partition : cultures \/ prairie Les ateliers existants : Son historique : le pass\u00e9 pour connaitre le pr\u00e9sent !\u00a0 Un &hellip;","og_url":"http:\/\/www.cfppa.fr\/infocampus\/lhistorique-presentation\/","og_site_name":"Info campus CFPPA","article_modified_time":"2014-05-31T05:54:46+00:00","twitter_misc":{"Dur\u00e9e de lecture estim\u00e9e":"3 minutes"},"schema":{"@context":"https:\/\/schema.org","@graph":[{"@type":"WebPage","@id":"http:\/\/www.cfppa.fr\/infocampus\/lhistorique-presentation\/","url":"http:\/\/www.cfppa.fr\/infocampus\/lhistorique-presentation\/","name":"L'historique \/ pr\u00e9sentation - Info campus CFPPA","isPartOf":{"@id":"http:\/\/www.cfppa.fr\/infocampus\/#website"},"datePublished":"2013-09-19T06:28:17+00:00","dateModified":"2014-05-31T05:54:46+00:00","breadcrumb":{"@id":"http:\/\/www.cfppa.fr\/infocampus\/lhistorique-presentation\/#breadcrumb"},"inLanguage":"fr-FR","potentialAction":[{"@type":"ReadAction","target":["http:\/\/www.cfppa.fr\/infocampus\/lhistorique-presentation\/"]}]},{"@type":"BreadcrumbList","@id":"http:\/\/www.cfppa.fr\/infocampus\/lhistorique-presentation\/#breadcrumb","itemListElement":[{"@type":"ListItem","position":1,"name":"Accueil","item":"http:\/\/www.cfppa.fr\/infocampus\/"},{"@type":"ListItem","position":2,"name":"L&#8217;historique \/ pr\u00e9sentation"}]},{"@type":"WebSite","@id":"http:\/\/www.cfppa.fr\/infocampus\/#website","url":"http:\/\/www.cfppa.fr\/infocampus\/","name":"Info campus CFPPA","description":"Un site \u00e0 la page","publisher":{"@id":"http:\/\/www.cfppa.fr\/infocampus\/#organization"},"potentialAction":[{"@type":"SearchAction","target":{"@type":"EntryPoint","urlTemplate":"http:\/\/www.cfppa.fr\/infocampus\/?s={search_term_string}"},"query-input":{"@type":"PropertyValueSpecification","valueRequired":true,"valueName":"search_term_string"}}],"inLanguage":"fr-FR"},{"@type":"Organization","@id":"http:\/\/www.cfppa.fr\/infocampus\/#organization","name":"CFPPA de bourges","url":"http:\/\/www.cfppa.fr\/infocampus\/","logo":{"@type":"ImageObject","inLanguage":"fr-FR","@id":"http:\/\/www.cfppa.fr\/infocampus\/#\/schema\/logo\/image\/","url":"https:\/\/www.cfppa.fr\/infocampus\/wp-content\/uploads\/2013\/09\/logo_ministerecfppa.png","contentUrl":"https:\/\/www.cfppa.fr\/infocampus\/wp-content\/uploads\/2013\/09\/logo_ministerecfppa.png","width":1,"height":1,"caption":"CFPPA de bourges"},"image":{"@id":"http:\/\/www.cfppa.fr\/infocampus\/#\/schema\/logo\/image\/"}}]}},"_links":{"self":[{"href":"https:\/\/www.cfppa.fr\/infocampus\/wp-json\/wp\/v2\/pages\/332","targetHints":{"allow":["GET"]}}],"collection":[{"href":"https:\/\/www.cfppa.fr\/infocampus\/wp-json\/wp\/v2\/pages"}],"about":[{"href":"https:\/\/www.cfppa.fr\/infocampus\/wp-json\/wp\/v2\/types\/page"}],"author":[{"embeddable":true,"href":"https:\/\/www.cfppa.fr\/infocampus\/wp-json\/wp\/v2\/users\/1"}],"replies":[{"embeddable":true,"href":"https:\/\/www.cfppa.fr\/infocampus\/wp-json\/wp\/v2\/comments?post=332"}],"version-history":[{"count":0,"href":"https:\/\/www.cfppa.fr\/infocampus\/wp-json\/wp\/v2\/pages\/332\/revisions"}],"wp:attachment":[{"href":"https:\/\/www.cfppa.fr\/infocampus\/wp-json\/wp\/v2\/media?parent=332"}],"curies":[{"name":"wp","href":"https:\/\/api.w.org\/{rel}","templated":true}]}}