{"id":259,"date":"2013-09-16T09:48:54","date_gmt":"2013-09-16T07:48:54","guid":{"rendered":"http:\/\/www.cfppa.fr\/infocampus\/?page_id=259"},"modified":"2014-06-29T11:49:19","modified_gmt":"2014-06-29T09:49:19","slug":"pac-2015-2020","status":"publish","type":"page","link":"https:\/\/www.cfppa.fr\/infocampus\/pac-2015-2020\/","title":{"rendered":"PAC 2015-2020"},"content":{"rendered":"<p style=\"text-align: center;\"><strong><a title=\"Simulateur excel \" href=\"http:\/\/www.cfppa.fr\/infocampus\/wp-content\/uploads\/2014\/01\/prime-pac-2015-2020.xlsx\" target=\"_blank\">Simulateur primes PAC 2015-2020\u00a0<\/a><\/strong><\/p>\n<p style=\"text-align: center;\">Ce simulateur est \u00e0 titre indicatif , bas\u00e9 sur l&#8217;article de l<a href=\"http:\/\/www.lafranceagricole.fr\/simulateur-aide-pac.php\" target=\"_blank\">a France agricole <\/a>et sera modifi\u00e9 d\u00e9s que l&#8217;on aura plus d&#8217;info sur la m\u00e9thode !<\/p>\n<p style=\"text-align: center;\"><a title=\"PAC 2015-2020\" href=\"http:\/\/www.cfppa.fr\/infocampus\/pac-2015-2020\/2\">PMTVA \/ Aide laiti\u00e8re<\/a><\/p>\n<p style=\"text-align: center;\"><a href=\"http:\/\/www.cfppa.fr\/infocampus\/pac-2015-2020\/3\">Aide ovine<\/a><\/p>\n<p style=\"text-align: center;\"><a href=\"http:\/\/www.cfppa.fr\/infocampus\/pac-2015-2020\/4\">Aide prot\u00e9ines prot\u00e9agineux<\/a><\/p>\n<p style=\"text-align: center;\">Les nouvelles MAEC ! (c pour climatique) suite au relev\u00e9 de conclusion suite au CSA du 27 mai 2014<\/p>\n<p style=\"text-align: center;\"><strong><span style=\"color: #ff0000;\">Les MAEC &#8220;syst\u00e8me&#8221; ne sont pas\u00a0<\/span><\/strong><span style=\"color: #ff0000;\"><b>cumulables<\/b><\/span><\/p>\n<p style=\"text-align: center;\"><a title=\"PAC 2015-2020\" href=\"http:\/\/www.cfppa.fr\/infocampus\/pac-2015-2020\/5\"><span style=\"color: #008000;\"><strong>MAEC 1 :\u00a0Herbagers et pastoraux\u00a0<\/strong><\/span><\/a><\/p>\n<p style=\"text-align: center;\"><a href=\"http:\/\/www.cfppa.fr\/infocampus\/pac-2015-2020\/6\"><strong style=\"color: #008000;\">MAEC 2 :Grandes cultures\u00a0<\/strong><\/a><\/p>\n<p style=\"text-align: center;\"><a href=\"http:\/\/www.cfppa.fr\/infocampus\/pac-2015-2020\/7\"><strong><span style=\"color: #008000;\">MAEC 2 Bis\u00a0Grandes cultures en zone interm\u00e9diaires \u00a0<\/span><\/strong><\/a><\/p>\n<p style=\"text-align: center;\"><a href=\"http:\/\/www.cfppa.fr\/infocampus\/pac-2015-2020\/8\"><strong><span style=\"color: #008000;\">MAEC 3\u00a0Polyculture \u00e9levage herbivores<\/span><\/strong><\/a><\/p>\n<p style=\"text-align: center;\"><a href=\"http:\/\/www.cfppa.fr\/infocampus\/pac-2015-2020\/9\"><strong><span style=\"color: #339966;\">MAEC 3 bis\u00a0Polyculture \u00e9levage monogastrique\u00a0<\/span><\/strong><\/a><\/p>\n<p style=\"text-align: center;\"><a href=\"http:\/\/www.cfppa.fr\/infocampus\/pac-2015-2020\/10\">Pac 2014<\/a><\/p>\n<p style=\"text-align: center;\"><!--nextpage--><\/p>\n<table>\n<tbody>\n<tr>\n<td style=\"text-align: center;\" width=\"196\"><span style=\"color: #ff0000;\"><strong>PMTVA<\/strong><\/span><\/td>\n<td style=\"text-align: center;\" width=\"334\">Base : animaux effectivement <strong>pr\u00e9sents en 2013<\/strong><\/td>\n<\/tr>\n<tr>\n<td rowspan=\"5\" width=\"196\">\n<p style=\"text-align: center;\">vache allaitante :<\/p>\n<p style=\"text-align: center;\">Productivit\u00e9 de 0,8 sur une p\u00e9riode de 15 mois.<\/p>\n<p style=\"text-align: center;\">Pour les nouveaux producteurs 20% de g\u00e9nisses possible<\/p>\n<p style=\"text-align: center;\">Transparence des GAEC\u00a0 reconnue<\/p>\n<\/td>\n<td style=\"text-align: center;\">Plancher de 10 mini maxi 139 vaches<\/td>\n<td><\/td>\n<\/tr>\n<tr>\n<td style=\"text-align: right;\">\n<p style=\"text-align: center;\">1 \u00e0 50 =&gt; <strong><span style=\"color: #339966;\">187 \u20ac\u00a0<\/span><\/strong><\/p>\n<p style=\"text-align: center;\">\n<\/td>\n<td><\/td>\n<\/tr>\n<tr>\n<td style=\"text-align: center;\">51 \u00e0 99=&gt; <strong><span style=\"color: #339966;\">140 \u20ac<\/span><\/strong><\/td>\n<td><\/td>\n<\/tr>\n<tr>\n<td style=\"text-align: center;\">100 \u00e0 139 =&gt; <span style=\"color: #339966;\"><strong>75 \u20ac\u00a0<\/strong><\/span><\/td>\n<td><\/td>\n<\/tr>\n<tr>\n<td><\/td>\n<td><\/td>\n<\/tr>\n<\/tbody>\n<\/table>\n<p>&nbsp;<\/p>\n<table>\n<tbody>\n<tr>\n<td style=\"text-align: center;\" width=\"196\"><strong><span style=\"color: #ff0000;\">Aide Laiti\u00e8re\u00a0<\/span><\/strong><\/td>\n<\/tr>\n<tr>\n<td rowspan=\"4\" width=\"196\">Aide Laiti\u00e8re\u00a0 Transparence des GAEC applicable , Les nouveaux producteurs auront une surprime<\/td>\n<td>Montagne\u00a0 : plafond 40<\/td>\n<td style=\"text-align: center;\"><strong>74 \u20ac<\/strong><\/td>\n<\/tr>\n<tr>\n<td>Surprime pour les nouveaux pendant 3 ans<\/td>\n<td style=\"text-align: center;\"><strong>15 \u20ac<\/strong><\/td>\n<\/tr>\n<tr>\n<td>Plaine:\u00a0 Plafond 40<\/td>\n<td style=\"text-align: center;\"><strong>36 \u20ac<\/strong><\/td>\n<\/tr>\n<tr>\n<td>Surprime pour les nouveaux pendant 3 ans<\/td>\n<td style=\"text-align: center;\"><strong>10 \u20ac<\/strong><\/td>\n<\/tr>\n<\/tbody>\n<\/table>\n<p><!--nextpage--><\/p>\n<p><strong><span style=\"color: #ff0000;\">Aide Ovine\u00a0<\/span><\/strong><\/p>\n<p>Un taux de productivit\u00e9\u00a0minimum\u00a0de <span style=\"color: #ff0000;\">0,4\u00a0agneau vendu \/an\u00a0<\/span> (application d&#8217;un stabilisateur)<\/p>\n<table>\n<tbody>\n<tr>\n<td><\/td>\n<td>(<strong>Plancher\u00a0 50 brebis)\u00a0<\/strong><\/td>\n<td style=\"text-align: center;\"><span style=\"font-size: 10pt;\"><strong>18\u20ac<\/strong><\/span><\/td>\n<\/tr>\n<tr>\n<td><\/td>\n<td>Compl\u00e9ment jusqu&#8217;\u00e0 500 brebis (transparence GAEC )<\/td>\n<td style=\"text-align: center;\"><span style=\"font-size: 10pt;\"><strong>2 \u20ac<\/strong><\/span><\/td>\n<\/tr>\n<tr>\n<td><\/td>\n<td>Compl\u00e9ment si taux de productivit\u00e9 de 0,8 agneau vendu\/brebis\/an <span style=\"color: #ff0000;\"><strong>ou<\/strong> <\/span>\u00e9levage certifi\u00e9 au titre d&#8217;une d\u00e9marche qualit\u00e9 <strong><span style=\"color: #ff0000;\">ou<\/span><\/strong> nouveau producteurs (vers\u00e9 pendant 3 ans)<\/td>\n<td style=\"text-align: center;\"><span style=\"font-size: 10pt;\"><strong><span style=\"color: #339966;\">6 \u20ac<\/span><\/strong><\/span><\/td>\n<\/tr>\n<tr>\n<td><\/td>\n<td>Compl\u00e9ment s\u00e9curisation de la production si <strong>contractualisation ou vente directe\u00a0<\/strong><\/td>\n<td style=\"text-align: center;\"><span style=\"font-size: 10pt;\"><strong><span style=\"color: #339966;\">3 \u20ac<\/span><\/strong><\/span><\/td>\n<\/tr>\n<\/tbody>\n<\/table>\n<p><!--nextpage--><\/p>\n<p><strong><span style=\"color: #ff0000;\">Production de prot\u00e9ines : \u00a0100 \u00e0 150\u20ac\u00a0<\/span><\/strong><\/p>\n<table>\n<tbody>\n<tr>\n<td style=\"text-align: center;\"><strong>5 UGB<\/strong> au minimum (monogastrique ou herbivore).<\/td>\n<td style=\"text-align: center;\">Maxi 1 ha par UGB<\/td>\n<td rowspan=\"3\"><strong><span style=\"color: #ff0000;\">100 \u00e0 150\u20ac\u00a0<\/span><\/strong><\/td>\n<\/tr>\n<tr>\n<td style=\"text-align: center;\" colspan=\"2\">A partir de 2015 et sur 3 ans<\/td>\n<\/tr>\n<tr>\n<td style=\"text-align: center;\">L\u00e9gumineuses fourrag\u00e8res, pures ou en m\u00e9lange(mini 50% de l\u00e9gumineuses)les m\u00e9teils sont \u00e9ligibles .<\/td>\n<td style=\"text-align: center;\">Si contrat avec un \u00e9leveur, le c\u00e9r\u00e9alier peut pr\u00e9tendre \u00e0 l&#8217;aide<\/td>\n<\/tr>\n<\/tbody>\n<\/table>\n<p>&nbsp;<\/p>\n<table>\n<tbody>\n<tr>\n<td style=\"text-align: center;\" width=\"196\"><strong><span style=\"color: #ff0000;\">Production de prot\u00e9agineux\u00a0<\/span><\/strong><\/td>\n<\/tr>\n<tr>\n<td width=\"196\">Aide attribu\u00e9e dans les m\u00eame conditions qu&#8217;actuellement<\/td>\n<td width=\"334\">Seul les premiers ha de chaque exploitation seront prim\u00e9s si n\u00e9cessaire<\/td>\n<td style=\"text-align: center;\"><span style=\"color: #339966;\"><strong>100 \u00e0 200\u20ac<\/strong><\/span><\/td>\n<\/tr>\n<\/tbody>\n<\/table>\n<p style=\"text-align: center;\"><!--nextpage--><\/p>\n<p style=\"text-align: center;\"><strong style=\"color: #008000;\">MAEC 1 :\u00a0Herbagers et pastoraux\u00a0<\/strong><\/p>\n<table>\n<tbody>\n<tr>\n<td>Maintien des surfaces toujours en herbe.<\/td>\n<\/tr>\n<\/tbody>\n<\/table>\n<p>Absence de traitement phyto.Chargement maxi <span style=\"color: #ff0000;\"><strong>1,4 UGB<\/strong><\/span><\/p>\n<p>Taux de sp\u00e9cialisation herbag\u00e8re et pastoral <span style=\"color: #339966;\"><strong>mini 70%<\/strong><\/span>\u00a0, Pas de sous ou de surpaturage<\/p>\n<p>Nombre mini d&#8217;UGB (<span style=\"color: #339966;\">niveau r\u00e9gional),\u00a0<\/span>Maintien des Surfaces d&#8217;Int\u00e9r\u00eat Ecologique (SIE)<\/p>\n<p>Non retournement de la STH<\/p>\n<p style=\"text-align: center;\"><strong>Risque type\u00a0 1 : \u00a0<span style=\"color: #339966;\">57\u20ac<\/span><\/strong><\/p>\n<p style=\"text-align: center;\">Potentiel agronomique faible, risque d&#8217;abandon des surfaces<\/p>\n<p style=\"text-align: center;\"><strong> Risque type 2 : \u00a0<\/strong><strong style=\"color: #339966;\">79\u20ac<\/strong><\/p>\n<p style=\"text-align: center;\">Potentiel agronomique mod\u00e9r\u00e9, risque d&#8217;intensification de l&#8217;\u00e9levage, de c\u00e9r\u00e9alisation<\/p>\n<p style=\"text-align: center;\"><strong> Risque type 3 :\u00a0<\/strong><strong style=\"color: #339966;\">115\u20ac<\/strong><\/p>\n<p style=\"text-align: center;\">Potentiel agronomique relativement \u00e9lev\u00e9 notamment pour les cultures, risque d&#8217;abandon de l&#8217;activit\u00e9 d&#8217;\u00e9levage<\/p>\n<p>\u00a0<!--nextpage--><\/p>\n<p>&nbsp;<\/p>\n<p style=\"text-align: center;\"><span style=\"color: #008000;\"><strong>MAEC 2 :Grandes cultures\u00a0<\/strong><\/span><\/p>\n<table>\n<tbody>\n<tr>\n<td style=\"text-align: center;\" width=\"196\"><\/td>\n<\/tr>\n<tr>\n<td width=\"196\">Diversit\u00e9 des cultures Limitation des produits phyto; contr\u00f4le de la fertilisation. R\u00e9mun\u00e9rtion au prorata du niveau d&#8217;exigence<\/td>\n<td width=\"334\">* Part mini des cultures <strong><span style=\"color: #ff0000;\">70%<\/span> <\/strong><br \/>\nUGB maxi 10 (choix r\u00e9gional)<br \/>\n* <strong><span style=\"color: #ff0000;\">4 cultures<\/span><\/strong> diff\u00e9rentes (ann\u00e9e 2 et 5)<br \/>\n* 5% de l\u00e9gumineuses d\u00e9s l&#8217;ann\u00e9e 2(choix r\u00e9gion)<br \/>\n* Culture majoritaire max 60% (ann\u00e9e 2 ) et 50%(\u00e0 partir ann\u00e9e 3)<br \/>\n* Obligation de rotation<br \/>\n* Respect d&#8217;une <strong><span style=\"color: #ff0000;\">balance azot\u00e9e<\/span><\/strong> globale inf\u00e9rieur a \u00e0 50 kg\/ha<\/td>\n<td width=\"89\">\n<p style=\"text-align: center;\">Niveau 1<\/p>\n<p style=\"text-align: center;\">(Ift diminu\u00e9 de 30 %-35%):<br \/>\n<strong><span style=\"color: #339966;\">\u00a090 \u00e0 121\u20ac<\/span><\/strong><\/p>\n<p style=\"text-align: center;\">Niveau 2 (IFT diminu\u00e9 de 40-50%)<br \/>\n<span style=\"color: #339966;\"><strong>152 \u00e0 234\u20ac<\/strong><\/span><\/p>\n<\/td>\n<\/tr>\n<\/tbody>\n<\/table>\n<p style=\"text-align: center;\"><!--nextpage--><\/p>\n<p style=\"text-align: center;\"><strong><span style=\"color: #008000;\">MAEC 2 Bis\u00a0Grandes cultures en zone interm\u00e9diaires \u00a0<\/span><\/strong><\/p>\n<table>\n<tbody>\n<tr>\n<td style=\"text-align: center;\" width=\"196\"><\/td>\n<\/tr>\n<tr>\n<td style=\"text-align: center;\" width=\"196\">Zonage d\u00e9fini au niveau national<\/td>\n<td width=\"334\">* <span style=\"color: #ff0000;\">4 Cultures<\/span> diff\u00e9rentes \u00e0 partir de l&#8217;ann\u00e9e 2<br \/>\n* <span style=\"color: #ff0000;\">3% de l\u00e9gumineuses<\/span> en ann\u00e9e 2 puis 5%<br \/>\n* IFT (hors herbicides) inf\u00e9rieur d&#8217;au moins 35% de l&#8217;ift du territoire<br \/>\n* Ift herbicide inf\u00e9rieur de 20% par rapport \u00e0 l&#8217;ift du territoire<\/td>\n<td style=\"text-align: center;\"><span style=\"color: #339966;\"><strong>74 \u20ac<\/strong><\/span><\/td>\n<\/tr>\n<\/tbody>\n<\/table>\n<p style=\"text-align: center;\"><!--nextpage--><\/p>\n<p style=\"text-align: center;\"><strong><span style=\"color: #008000;\">MAEC 3\u00a0Polyculture \u00e9levage herbivores<\/span><\/strong><\/p>\n<table>\n<tbody>\n<tr>\n<td>Bon niveau d&#8217;interaction entre productions animales et v\u00e9g\u00e9tales de l&#8217;exploitation (<strong>mesur\u00e9 par le niveau d&#8217;achat de concentr\u00e9s)<\/strong><\/td>\n<td><\/td>\n<td>mini 50 \u20ac\/ha\u00a0 maxi 210 \u20ac\/ha<\/td>\n<\/tr>\n<\/tbody>\n<\/table>\n<p>.Limitation des traitements phyto et contr\u00f4le de la fertilisation<\/p>\n<p>* Un nombre mini d&#8217;UGB (Choix r\u00e9gional)<br \/>\n* Une part mini d&#8217;herbe dans la SAU (Choix r\u00e9gional)<br \/>\n* une part maxi de ma\u00efs dans la SFP (Chois r\u00e9gional)<br \/>\n* Pas de retournement des prairies naturelles<br \/>\n* Un niveau maxi d&#8217;achat de concentr\u00e9s pour l&#8217;alimentation des animaux<br \/>\n* Controle de la fertilisation azot\u00e9e ( balance globale maxi \u00e0 50kg\/ha)<br \/>\n* IFT (hors herbicide) &lt; \u00e0 40% du territorial<br \/>\n* IFT herbicide &lt; \u00e0 50% du territoire<\/p>\n<p style=\"text-align: center;\">Dominant c\u00e9r\u00e9ales de <span style=\"color: #339966;\"><strong>50 \u00e0 130\u20ac <\/strong><\/span><br \/>\nDominant \u00e9levage de <span style=\"color: #339966;\"><strong>80 \u00e0 210\u20ac<\/strong><\/span><br \/>\n<strong><span style=\"color: #339966;\">+30\u20ac\/ha<\/span> <\/strong>pour les MAEC d&#8217;am\u00e9lioration de pratiques<\/p>\n<p style=\"text-align: center;\"><!--nextpage--><\/p>\n<p style=\"text-align: center;\"><strong><span style=\"color: #339966;\">MAEC 3 bis\u00a0Polyculture \u00e9levage monogastrique\u00a0<\/span><\/strong><\/p>\n<table>\n<tbody>\n<tr>\n<td style=\"text-align: center;\" width=\"196\"><\/td>\n<td style=\"text-align: center;\" width=\"334\">mini 152 \u20ac\/ha\u00a0 maxi 234 \u20ac\/ha<\/td>\n<\/tr>\n<tr>\n<td width=\"196\">Reprend les crit\u00e8res du syst\u00e8me polycultre-elevage avec un crit\u00e8re suppl\u00e9mentaire sur la fabrication d&#8217;aliment \u00e0 la ferme<\/td>\n<\/tr>\n<\/tbody>\n<\/table>\n<p style=\"text-align: center;\"><!--nextpage--><\/p>\n<p style=\"text-align: center;\">Par contre pour 2014, les agriculteurs ont eu leur notification et entre 2013-et 2014 il y a en moyenne <span style=\"color: #ff0000;\"><strong>19,6%e baisse<\/strong> <\/span>sur les DPU<\/p>\n<p style=\"text-align: center;\">(cf la<a href=\"http:\/\/www.lafranceagricole.fr\/simulateur-dpu.php\" target=\"_blank\"> france agricole<\/a> )<\/p>\n<p>&nbsp;<\/p>\n<p><a href=\"http:\/\/www.cfppa.fr\/infocampus\/wp-content\/uploads\/2014\/05\/infoDPU_cle01c8f3-49ecf.png\"><img decoding=\"async\" class=\"aligncenter wp-image-926 size-full lazyload\" data-src=\"http:\/\/www.cfppa.fr\/infocampus\/wp-content\/uploads\/2014\/05\/infoDPU_cle01c8f3-49ecf.png\" alt=\"infoDPU_cle01c8f3-49ecf\" width=\"580\" height=\"860\" data-srcset=\"https:\/\/www.cfppa.fr\/infocampus\/wp-content\/uploads\/2014\/05\/infoDPU_cle01c8f3-49ecf.png 580w, https:\/\/www.cfppa.fr\/infocampus\/wp-content\/uploads\/2014\/05\/infoDPU_cle01c8f3-49ecf-202x300.png 202w\" data-sizes=\"(max-width: 580px) 100vw, 580px\" src=\"data:image\/svg+xml;base64,PHN2ZyB3aWR0aD0iMSIgaGVpZ2h0PSIxIiB4bWxucz0iaHR0cDovL3d3dy53My5vcmcvMjAwMC9zdmciPjwvc3ZnPg==\" style=\"--smush-placeholder-width: 580px; --smush-placeholder-aspect-ratio: 580\/860;\" \/><\/a><\/p>\n<p>&nbsp;<\/p>\n<p>&nbsp;<\/p>\n<p>&nbsp;<\/p>\n<p>Dossier <a href=\"http:\/\/www.cfppa.fr\/infocampus\/wp-content\/uploads\/2013\/10\/pac-32.pdf\">PAC Cegos<\/a><\/p>\n<p><a href=\"http:\/\/www.cfppa.fr\/infocampus\/wp-content\/uploads\/2013\/10\/pac-32.pdf\">pac 32<\/a><\/p>\n<!-- WP Attachments -->\r\n        <div style=\"width:100%;margin:10px 0 10px 0;\">\r\n            <h3>Attachments<\/h3>\r\n        <ul class=\"post-attachments\"><li class=\"post-attachment mime-application-pdf\"><a href=\"https:\/\/www.cfppa.fr\/infocampus\/wp-content\/uploads\/2013\/10\/pac-32.pdf\">pac 32<\/a> <small>(4 MB)<\/small><\/li><\/ul><\/div>","protected":false},"excerpt":{"rendered":"<p>Simulateur primes PAC 2015-2020\u00a0 Ce simulateur est \u00e0 titre indicatif , bas\u00e9 sur l&#8217;article de la France agricole et sera modifi\u00e9 d\u00e9s que l&#8217;on aura plus d&#8217;info sur la m\u00e9thode ! PMTVA \/ Aide laiti\u00e8re Aide ovine Aide prot\u00e9ines prot\u00e9agineux Les nouvelles MAEC ! (c pour climatique) suite au relev\u00e9 &hellip;<\/p>\n","protected":false},"author":1,"featured_media":0,"parent":0,"menu_order":0,"comment_status":"open","ping_status":"open","template":"","meta":{"_crdt_document":"","footnotes":""},"class_list":["post-259","page","type-page","status-publish","hentry"],"yoast_head":"<!-- This site is optimized with the Yoast SEO plugin v27.4 - https:\/\/yoast.com\/product\/yoast-seo-wordpress\/ -->\n<title>PAC 2015-2020 - Info campus CFPPA<\/title>\n<meta name=\"robots\" content=\"index, follow, max-snippet:-1, max-image-preview:large, max-video-preview:-1\" \/>\n<link rel=\"canonical\" href=\"https:\/\/www.cfppa.fr\/infocampus\/pac-2015-2020\/\" \/>\n<link rel=\"next\" href=\"https:\/\/www.cfppa.fr\/infocampus\/pac-2015-2020\/2\/\" \/>\n<meta property=\"og:locale\" content=\"fr_FR\" \/>\n<meta property=\"og:type\" content=\"article\" \/>\n<meta property=\"og:title\" content=\"PAC 2015-2020 - Info campus CFPPA\" \/>\n<meta property=\"og:description\" content=\"Simulateur primes PAC 2015-2020\u00a0 Ce simulateur est \u00e0 titre indicatif , bas\u00e9 sur l&#8217;article de la France agricole et sera modifi\u00e9 d\u00e9s que l&#8217;on aura plus d&#8217;info sur la m\u00e9thode ! PMTVA \/ Aide laiti\u00e8re Aide ovine Aide prot\u00e9ines prot\u00e9agineux Les nouvelles MAEC ! (c pour climatique) suite au relev\u00e9 &hellip;\" \/>\n<meta property=\"og:url\" content=\"https:\/\/www.cfppa.fr\/infocampus\/pac-2015-2020\/\" \/>\n<meta property=\"og:site_name\" content=\"Info campus CFPPA\" \/>\n<meta property=\"article:modified_time\" content=\"2014-06-29T09:49:19+00:00\" \/>\n<meta property=\"og:image\" content=\"http:\/\/www.cfppa.fr\/infocampus\/wp-content\/uploads\/2014\/05\/infoDPU_cle01c8f3-49ecf.png\" \/>\n<meta name=\"twitter:label1\" content=\"Dur\u00e9e de lecture estim\u00e9e\" \/>\n\t<meta name=\"twitter:data1\" content=\"4 minutes\" \/>\n<script type=\"application\/ld+json\" class=\"yoast-schema-graph\">{\"@context\":\"https:\\\/\\\/schema.org\",\"@graph\":[{\"@type\":\"WebPage\",\"@id\":\"https:\\\/\\\/www.cfppa.fr\\\/infocampus\\\/pac-2015-2020\\\/\",\"url\":\"https:\\\/\\\/www.cfppa.fr\\\/infocampus\\\/pac-2015-2020\\\/\",\"name\":\"PAC 2015-2020 - Info campus CFPPA\",\"isPartOf\":{\"@id\":\"http:\\\/\\\/www.cfppa.fr\\\/infocampus\\\/#website\"},\"primaryImageOfPage\":{\"@id\":\"https:\\\/\\\/www.cfppa.fr\\\/infocampus\\\/pac-2015-2020\\\/#primaryimage\"},\"image\":{\"@id\":\"https:\\\/\\\/www.cfppa.fr\\\/infocampus\\\/pac-2015-2020\\\/#primaryimage\"},\"thumbnailUrl\":\"http:\\\/\\\/www.cfppa.fr\\\/infocampus\\\/wp-content\\\/uploads\\\/2014\\\/05\\\/infoDPU_cle01c8f3-49ecf.png\",\"datePublished\":\"2013-09-16T07:48:54+00:00\",\"dateModified\":\"2014-06-29T09:49:19+00:00\",\"inLanguage\":\"fr-FR\",\"potentialAction\":[{\"@type\":\"ReadAction\",\"target\":[\"https:\\\/\\\/www.cfppa.fr\\\/infocampus\\\/pac-2015-2020\\\/\"]}]},{\"@type\":\"ImageObject\",\"inLanguage\":\"fr-FR\",\"@id\":\"https:\\\/\\\/www.cfppa.fr\\\/infocampus\\\/pac-2015-2020\\\/#primaryimage\",\"url\":\"https:\\\/\\\/www.cfppa.fr\\\/infocampus\\\/wp-content\\\/uploads\\\/2014\\\/05\\\/infoDPU_cle01c8f3-49ecf.png\",\"contentUrl\":\"https:\\\/\\\/www.cfppa.fr\\\/infocampus\\\/wp-content\\\/uploads\\\/2014\\\/05\\\/infoDPU_cle01c8f3-49ecf.png\",\"width\":580,\"height\":860},{\"@type\":\"WebSite\",\"@id\":\"http:\\\/\\\/www.cfppa.fr\\\/infocampus\\\/#website\",\"url\":\"http:\\\/\\\/www.cfppa.fr\\\/infocampus\\\/\",\"name\":\"Info campus CFPPA\",\"description\":\"Un site \u00e0 la page\",\"publisher\":{\"@id\":\"http:\\\/\\\/www.cfppa.fr\\\/infocampus\\\/#organization\"},\"potentialAction\":[{\"@type\":\"SearchAction\",\"target\":{\"@type\":\"EntryPoint\",\"urlTemplate\":\"http:\\\/\\\/www.cfppa.fr\\\/infocampus\\\/?s={search_term_string}\"},\"query-input\":{\"@type\":\"PropertyValueSpecification\",\"valueRequired\":true,\"valueName\":\"search_term_string\"}}],\"inLanguage\":\"fr-FR\"},{\"@type\":\"Organization\",\"@id\":\"http:\\\/\\\/www.cfppa.fr\\\/infocampus\\\/#organization\",\"name\":\"CFPPA de bourges\",\"url\":\"http:\\\/\\\/www.cfppa.fr\\\/infocampus\\\/\",\"logo\":{\"@type\":\"ImageObject\",\"inLanguage\":\"fr-FR\",\"@id\":\"http:\\\/\\\/www.cfppa.fr\\\/infocampus\\\/#\\\/schema\\\/logo\\\/image\\\/\",\"url\":\"https:\\\/\\\/www.cfppa.fr\\\/infocampus\\\/wp-content\\\/uploads\\\/2013\\\/09\\\/logo_ministerecfppa.png\",\"contentUrl\":\"https:\\\/\\\/www.cfppa.fr\\\/infocampus\\\/wp-content\\\/uploads\\\/2013\\\/09\\\/logo_ministerecfppa.png\",\"width\":1,\"height\":1,\"caption\":\"CFPPA de bourges\"},\"image\":{\"@id\":\"http:\\\/\\\/www.cfppa.fr\\\/infocampus\\\/#\\\/schema\\\/logo\\\/image\\\/\"}}]}<\/script>\n<!-- \/ Yoast SEO plugin. -->","yoast_head_json":{"title":"PAC 2015-2020 - Info campus CFPPA","robots":{"index":"index","follow":"follow","max-snippet":"max-snippet:-1","max-image-preview":"max-image-preview:large","max-video-preview":"max-video-preview:-1"},"canonical":"https:\/\/www.cfppa.fr\/infocampus\/pac-2015-2020\/","next":"https:\/\/www.cfppa.fr\/infocampus\/pac-2015-2020\/2\/","og_locale":"fr_FR","og_type":"article","og_title":"PAC 2015-2020 - Info campus CFPPA","og_description":"Simulateur primes PAC 2015-2020\u00a0 Ce simulateur est \u00e0 titre indicatif , bas\u00e9 sur l&#8217;article de la France agricole et sera modifi\u00e9 d\u00e9s que l&#8217;on aura plus d&#8217;info sur la m\u00e9thode ! PMTVA \/ Aide laiti\u00e8re Aide ovine Aide prot\u00e9ines prot\u00e9agineux Les nouvelles MAEC ! (c pour climatique) suite au relev\u00e9 &hellip;","og_url":"https:\/\/www.cfppa.fr\/infocampus\/pac-2015-2020\/","og_site_name":"Info campus CFPPA","article_modified_time":"2014-06-29T09:49:19+00:00","og_image":[{"url":"http:\/\/www.cfppa.fr\/infocampus\/wp-content\/uploads\/2014\/05\/infoDPU_cle01c8f3-49ecf.png","type":"","width":"","height":""}],"twitter_misc":{"Dur\u00e9e de lecture estim\u00e9e":"4 minutes"},"schema":{"@context":"https:\/\/schema.org","@graph":[{"@type":"WebPage","@id":"https:\/\/www.cfppa.fr\/infocampus\/pac-2015-2020\/","url":"https:\/\/www.cfppa.fr\/infocampus\/pac-2015-2020\/","name":"PAC 2015-2020 - Info campus CFPPA","isPartOf":{"@id":"http:\/\/www.cfppa.fr\/infocampus\/#website"},"primaryImageOfPage":{"@id":"https:\/\/www.cfppa.fr\/infocampus\/pac-2015-2020\/#primaryimage"},"image":{"@id":"https:\/\/www.cfppa.fr\/infocampus\/pac-2015-2020\/#primaryimage"},"thumbnailUrl":"http:\/\/www.cfppa.fr\/infocampus\/wp-content\/uploads\/2014\/05\/infoDPU_cle01c8f3-49ecf.png","datePublished":"2013-09-16T07:48:54+00:00","dateModified":"2014-06-29T09:49:19+00:00","inLanguage":"fr-FR","potentialAction":[{"@type":"ReadAction","target":["https:\/\/www.cfppa.fr\/infocampus\/pac-2015-2020\/"]}]},{"@type":"ImageObject","inLanguage":"fr-FR","@id":"https:\/\/www.cfppa.fr\/infocampus\/pac-2015-2020\/#primaryimage","url":"https:\/\/www.cfppa.fr\/infocampus\/wp-content\/uploads\/2014\/05\/infoDPU_cle01c8f3-49ecf.png","contentUrl":"https:\/\/www.cfppa.fr\/infocampus\/wp-content\/uploads\/2014\/05\/infoDPU_cle01c8f3-49ecf.png","width":580,"height":860},{"@type":"WebSite","@id":"http:\/\/www.cfppa.fr\/infocampus\/#website","url":"http:\/\/www.cfppa.fr\/infocampus\/","name":"Info campus CFPPA","description":"Un site \u00e0 la page","publisher":{"@id":"http:\/\/www.cfppa.fr\/infocampus\/#organization"},"potentialAction":[{"@type":"SearchAction","target":{"@type":"EntryPoint","urlTemplate":"http:\/\/www.cfppa.fr\/infocampus\/?s={search_term_string}"},"query-input":{"@type":"PropertyValueSpecification","valueRequired":true,"valueName":"search_term_string"}}],"inLanguage":"fr-FR"},{"@type":"Organization","@id":"http:\/\/www.cfppa.fr\/infocampus\/#organization","name":"CFPPA de bourges","url":"http:\/\/www.cfppa.fr\/infocampus\/","logo":{"@type":"ImageObject","inLanguage":"fr-FR","@id":"http:\/\/www.cfppa.fr\/infocampus\/#\/schema\/logo\/image\/","url":"https:\/\/www.cfppa.fr\/infocampus\/wp-content\/uploads\/2013\/09\/logo_ministerecfppa.png","contentUrl":"https:\/\/www.cfppa.fr\/infocampus\/wp-content\/uploads\/2013\/09\/logo_ministerecfppa.png","width":1,"height":1,"caption":"CFPPA de bourges"},"image":{"@id":"http:\/\/www.cfppa.fr\/infocampus\/#\/schema\/logo\/image\/"}}]}},"_links":{"self":[{"href":"https:\/\/www.cfppa.fr\/infocampus\/wp-json\/wp\/v2\/pages\/259","targetHints":{"allow":["GET"]}}],"collection":[{"href":"https:\/\/www.cfppa.fr\/infocampus\/wp-json\/wp\/v2\/pages"}],"about":[{"href":"https:\/\/www.cfppa.fr\/infocampus\/wp-json\/wp\/v2\/types\/page"}],"author":[{"embeddable":true,"href":"https:\/\/www.cfppa.fr\/infocampus\/wp-json\/wp\/v2\/users\/1"}],"replies":[{"embeddable":true,"href":"https:\/\/www.cfppa.fr\/infocampus\/wp-json\/wp\/v2\/comments?post=259"}],"version-history":[{"count":0,"href":"https:\/\/www.cfppa.fr\/infocampus\/wp-json\/wp\/v2\/pages\/259\/revisions"}],"wp:attachment":[{"href":"https:\/\/www.cfppa.fr\/infocampus\/wp-json\/wp\/v2\/media?parent=259"}],"curies":[{"name":"wp","href":"https:\/\/api.w.org\/{rel}","templated":true}]}}