{"id":2,"date":"2013-09-06T05:26:04","date_gmt":"2013-09-06T05:26:04","guid":{"rendered":"http:\/\/www.cfppa.fr\/infocampus\/?page_id=2"},"modified":"2016-04-25T07:59:21","modified_gmt":"2016-04-25T05:59:21","slug":"page-d-exemple","status":"publish","type":"page","link":"https:\/\/www.cfppa.fr\/infocampus\/page-d-exemple\/","title":{"rendered":"La une du CFPPA de Bourges"},"content":{"rendered":"<h6 style=\"text-align: center;\"><\/h6>\n<p>&nbsp;<\/p>\n<h6 style=\"text-align: center;\">Le march\u00e9 &#8220;\u00e0 la berrichonne&#8221;<\/h6>\n<p><a href=\"http:\/\/www.cfppa.fr\/infocampus\/wp-content\/uploads\/2013\/09\/cfppa_18_-5.jpg\"><img decoding=\"async\" class=\"aligncenter size-full wp-image-1643 lazyload\" data-src=\"http:\/\/www.cfppa.fr\/infocampus\/wp-content\/uploads\/2013\/09\/cfppa_18_-5.jpg\" alt=\"OLYMPUS DIGITAL CAMERA\" width=\"450\" height=\"600\" data-srcset=\"https:\/\/www.cfppa.fr\/infocampus\/wp-content\/uploads\/2013\/09\/cfppa_18_-5.jpg 450w, https:\/\/www.cfppa.fr\/infocampus\/wp-content\/uploads\/2013\/09\/cfppa_18_-5-225x300.jpg 225w\" data-sizes=\"(max-width: 450px) 100vw, 450px\" src=\"data:image\/svg+xml;base64,PHN2ZyB3aWR0aD0iMSIgaGVpZ2h0PSIxIiB4bWxucz0iaHR0cDovL3d3dy53My5vcmcvMjAwMC9zdmciPjwvc3ZnPg==\" style=\"--smush-placeholder-width: 450px; --smush-placeholder-aspect-ratio: 450\/600;\" \/><\/a><\/p>\n<h6 style=\"text-align: center;\">Yoann vous souhaite un grand bonjour !! Une premi\u00e8re pour les BP AP !!<\/h6>\n<p><a href=\"http:\/\/www.cfppa.fr\/infocampus\/wp-content\/uploads\/2013\/09\/cfppa_18_-7.jpg\"><img decoding=\"async\" class=\"aligncenter size-full wp-image-1644 lazyload\" data-src=\"http:\/\/www.cfppa.fr\/infocampus\/wp-content\/uploads\/2013\/09\/cfppa_18_-7.jpg\" alt=\"OLYMPUS DIGITAL CAMERA\" width=\"450\" height=\"600\" data-srcset=\"https:\/\/www.cfppa.fr\/infocampus\/wp-content\/uploads\/2013\/09\/cfppa_18_-7.jpg 450w, https:\/\/www.cfppa.fr\/infocampus\/wp-content\/uploads\/2013\/09\/cfppa_18_-7-225x300.jpg 225w\" data-sizes=\"(max-width: 450px) 100vw, 450px\" src=\"data:image\/svg+xml;base64,PHN2ZyB3aWR0aD0iMSIgaGVpZ2h0PSIxIiB4bWxucz0iaHR0cDovL3d3dy53My5vcmcvMjAwMC9zdmciPjwvc3ZnPg==\" style=\"--smush-placeholder-width: 450px; --smush-placeholder-aspect-ratio: 450\/600;\" \/><\/a><\/p>\n<h6 style=\"text-align: center;\">Nos vaches r\u00e9alis\u00e9es par le groupe des erequ@agricole vous souhaitent \u00e9galement un bon march\u00e9 !<\/h6>\n<p><a href=\"http:\/\/www.cfppa.fr\/infocampus\/wp-content\/uploads\/2013\/09\/cfppa_18_-2.jpg\"><img decoding=\"async\" class=\"aligncenter size-full wp-image-1647 lazyload\" data-src=\"http:\/\/www.cfppa.fr\/infocampus\/wp-content\/uploads\/2013\/09\/cfppa_18_-2.jpg\" alt=\"OLYMPUS DIGITAL CAMERA\" width=\"800\" height=\"600\" data-srcset=\"https:\/\/www.cfppa.fr\/infocampus\/wp-content\/uploads\/2013\/09\/cfppa_18_-2.jpg 800w, https:\/\/www.cfppa.fr\/infocampus\/wp-content\/uploads\/2013\/09\/cfppa_18_-2-300x225.jpg 300w\" data-sizes=\"(max-width: 800px) 100vw, 800px\" src=\"data:image\/svg+xml;base64,PHN2ZyB3aWR0aD0iMSIgaGVpZ2h0PSIxIiB4bWxucz0iaHR0cDovL3d3dy53My5vcmcvMjAwMC9zdmciPjwvc3ZnPg==\" style=\"--smush-placeholder-width: 800px; --smush-placeholder-aspect-ratio: 800\/600;\" \/><\/a><\/p>\n<h6>\u00a0Le march\u00e9 int\u00e9rieur, des produits locaux , des stands anim\u00e9es par les apprenants BP REA : ils \u00e9taient pr\u00eats , ils attendaient les clients !<\/h6>\n<p><a href=\"http:\/\/www.cfppa.fr\/infocampus\/wp-content\/uploads\/2013\/09\/cfppa_18_-4.jpg\"><img decoding=\"async\" class=\"aligncenter size-full wp-image-1648 lazyload\" data-src=\"http:\/\/www.cfppa.fr\/infocampus\/wp-content\/uploads\/2013\/09\/cfppa_18_-4.jpg\" alt=\"OLYMPUS DIGITAL CAMERA\" width=\"800\" height=\"600\" data-srcset=\"https:\/\/www.cfppa.fr\/infocampus\/wp-content\/uploads\/2013\/09\/cfppa_18_-4.jpg 800w, https:\/\/www.cfppa.fr\/infocampus\/wp-content\/uploads\/2013\/09\/cfppa_18_-4-300x225.jpg 300w\" data-sizes=\"(max-width: 800px) 100vw, 800px\" src=\"data:image\/svg+xml;base64,PHN2ZyB3aWR0aD0iMSIgaGVpZ2h0PSIxIiB4bWxucz0iaHR0cDovL3d3dy53My5vcmcvMjAwMC9zdmciPjwvc3ZnPg==\" style=\"--smush-placeholder-width: 800px; --smush-placeholder-aspect-ratio: 800\/600;\" \/><\/a><\/p>\n<h6 style=\"text-align: center;\">Le march\u00e9 ext\u00e9rieur , \u00a0des stands r\u00e9alis\u00e9s par les apprenants de BP AP : un nouveaut\u00e9 pour cette ann\u00e9e 2015<\/h6>\n<p><a href=\"http:\/\/www.cfppa.fr\/infocampus\/wp-content\/uploads\/2013\/09\/Cfppa18-11.jpg\"><img decoding=\"async\" class=\"aligncenter size-full wp-image-1649 lazyload\" data-src=\"http:\/\/www.cfppa.fr\/infocampus\/wp-content\/uploads\/2013\/09\/Cfppa18-11.jpg\" alt=\"OLYMPUS DIGITAL CAMERA\" width=\"800\" height=\"600\" data-srcset=\"https:\/\/www.cfppa.fr\/infocampus\/wp-content\/uploads\/2013\/09\/Cfppa18-11.jpg 800w, https:\/\/www.cfppa.fr\/infocampus\/wp-content\/uploads\/2013\/09\/Cfppa18-11-300x225.jpg 300w\" data-sizes=\"(max-width: 800px) 100vw, 800px\" src=\"data:image\/svg+xml;base64,PHN2ZyB3aWR0aD0iMSIgaGVpZ2h0PSIxIiB4bWxucz0iaHR0cDovL3d3dy53My5vcmcvMjAwMC9zdmciPjwvc3ZnPg==\" style=\"--smush-placeholder-width: 800px; --smush-placeholder-aspect-ratio: 800\/600;\" \/><\/a><\/p>\n<h6 style=\"text-align: center;\">les BP AP pr\u00eats !<\/h6>\n<p><a href=\"http:\/\/www.cfppa.fr\/infocampus\/wp-content\/uploads\/2013\/09\/cfppa_18_-3.jpg\"><img decoding=\"async\" class=\"aligncenter size-full wp-image-1650 lazyload\" data-src=\"http:\/\/www.cfppa.fr\/infocampus\/wp-content\/uploads\/2013\/09\/cfppa_18_-3.jpg\" alt=\"OLYMPUS DIGITAL CAMERA\" width=\"800\" height=\"600\" data-srcset=\"https:\/\/www.cfppa.fr\/infocampus\/wp-content\/uploads\/2013\/09\/cfppa_18_-3.jpg 800w, https:\/\/www.cfppa.fr\/infocampus\/wp-content\/uploads\/2013\/09\/cfppa_18_-3-300x225.jpg 300w\" data-sizes=\"(max-width: 800px) 100vw, 800px\" src=\"data:image\/svg+xml;base64,PHN2ZyB3aWR0aD0iMSIgaGVpZ2h0PSIxIiB4bWxucz0iaHR0cDovL3d3dy53My5vcmcvMjAwMC9zdmciPjwvc3ZnPg==\" style=\"--smush-placeholder-width: 800px; --smush-placeholder-aspect-ratio: 800\/600;\" \/><\/a><\/p>\n<h6 style=\"text-align: center;\">Le d\u00e9but du march\u00e9 !<\/h6>\n<p>&nbsp;<\/p>\n<h6 style=\"text-align: center;\">En fin de journ\u00e9e la traditionnelle remise des dipl\u00f4mes du CFPPA !<\/h6>\n<p><a href=\"http:\/\/www.cfppa.fr\/infocampus\/wp-content\/uploads\/2013\/09\/cfppa_18_-13.jpg\"><img decoding=\"async\" class=\"aligncenter size-full wp-image-1651 lazyload\" data-src=\"http:\/\/www.cfppa.fr\/infocampus\/wp-content\/uploads\/2013\/09\/cfppa_18_-13.jpg\" alt=\"OLYMPUS DIGITAL CAMERA\" width=\"800\" height=\"600\" data-srcset=\"https:\/\/www.cfppa.fr\/infocampus\/wp-content\/uploads\/2013\/09\/cfppa_18_-13.jpg 800w, https:\/\/www.cfppa.fr\/infocampus\/wp-content\/uploads\/2013\/09\/cfppa_18_-13-300x225.jpg 300w\" data-sizes=\"(max-width: 800px) 100vw, 800px\" src=\"data:image\/svg+xml;base64,PHN2ZyB3aWR0aD0iMSIgaGVpZ2h0PSIxIiB4bWxucz0iaHR0cDovL3d3dy53My5vcmcvMjAwMC9zdmciPjwvc3ZnPg==\" style=\"--smush-placeholder-width: 800px; --smush-placeholder-aspect-ratio: 800\/600;\" \/><\/a><\/p>\n<h6 style=\"text-align: center;\">dans l&#8217;amphi \u00a0!<\/h6>\n<p><a href=\"http:\/\/www.cfppa.fr\/infocampus\/wp-content\/uploads\/2013\/09\/cfppa_18_-18.jpg\"><img decoding=\"async\" class=\"aligncenter size-full wp-image-1652 lazyload\" data-src=\"http:\/\/www.cfppa.fr\/infocampus\/wp-content\/uploads\/2013\/09\/cfppa_18_-18.jpg\" alt=\"OLYMPUS DIGITAL CAMERA\" width=\"800\" height=\"600\" data-srcset=\"https:\/\/www.cfppa.fr\/infocampus\/wp-content\/uploads\/2013\/09\/cfppa_18_-18.jpg 800w, https:\/\/www.cfppa.fr\/infocampus\/wp-content\/uploads\/2013\/09\/cfppa_18_-18-300x225.jpg 300w\" data-sizes=\"(max-width: 800px) 100vw, 800px\" src=\"data:image\/svg+xml;base64,PHN2ZyB3aWR0aD0iMSIgaGVpZ2h0PSIxIiB4bWxucz0iaHR0cDovL3d3dy53My5vcmcvMjAwMC9zdmciPjwvc3ZnPg==\" style=\"--smush-placeholder-width: 800px; --smush-placeholder-aspect-ratio: 800\/600;\" \/><\/a><\/p>\n<h6 style=\"text-align: center;\">Les dipl\u00f4m\u00e9s\u00a0\u00a02014<\/h6>\n<h6 style=\"text-align: center;\"><a href=\"http:\/\/www.cfppa.fr\/infocampus\/wp-content\/uploads\/2013\/09\/cfppa_18_-20.jpg\"><img decoding=\"async\" class=\"aligncenter size-full wp-image-1653 lazyload\" data-src=\"http:\/\/www.cfppa.fr\/infocampus\/wp-content\/uploads\/2013\/09\/cfppa_18_-20.jpg\" alt=\"OLYMPUS DIGITAL CAMERA\" width=\"800\" height=\"600\" data-srcset=\"https:\/\/www.cfppa.fr\/infocampus\/wp-content\/uploads\/2013\/09\/cfppa_18_-20.jpg 800w, https:\/\/www.cfppa.fr\/infocampus\/wp-content\/uploads\/2013\/09\/cfppa_18_-20-300x225.jpg 300w\" data-sizes=\"(max-width: 800px) 100vw, 800px\" src=\"data:image\/svg+xml;base64,PHN2ZyB3aWR0aD0iMSIgaGVpZ2h0PSIxIiB4bWxucz0iaHR0cDovL3d3dy53My5vcmcvMjAwMC9zdmciPjwvc3ZnPg==\" style=\"--smush-placeholder-width: 800px; --smush-placeholder-aspect-ratio: 800\/600;\" \/><\/a>Une sp\u00e9ciale pour les creusois ! (lol)<\/h6>\n<p><!--more--><\/p>\n<h6 style=\"text-align: center;\"><span style=\"color: #ff0000;\">Lundi 16 mars 2015 :<\/span><\/h6>\n<p><a href=\"http:\/\/www.cfppa.fr\/infocampus\/wp-content\/uploads\/2013\/09\/cfppa_18_-21.jpg\"><img decoding=\"async\" class=\"aligncenter size-full wp-image-1654 lazyload\" data-src=\"http:\/\/www.cfppa.fr\/infocampus\/wp-content\/uploads\/2013\/09\/cfppa_18_-21.jpg\" alt=\"OLYMPUS DIGITAL CAMERA\" width=\"800\" height=\"600\" data-srcset=\"https:\/\/www.cfppa.fr\/infocampus\/wp-content\/uploads\/2013\/09\/cfppa_18_-21.jpg 800w, https:\/\/www.cfppa.fr\/infocampus\/wp-content\/uploads\/2013\/09\/cfppa_18_-21-300x225.jpg 300w\" data-sizes=\"(max-width: 800px) 100vw, 800px\" src=\"data:image\/svg+xml;base64,PHN2ZyB3aWR0aD0iMSIgaGVpZ2h0PSIxIiB4bWxucz0iaHR0cDovL3d3dy53My5vcmcvMjAwMC9zdmciPjwvc3ZnPg==\" style=\"--smush-placeholder-width: 800px; --smush-placeholder-aspect-ratio: 800\/600;\" \/><\/a><\/p>\n<h6 style=\"text-align: center;\">D\u00e9but de la journ\u00e9e pro des licences !<\/h6>\n<h6 style=\"text-align: center;\"><a href=\"http:\/\/www.cfppa.fr\/infocampus\/wp-content\/uploads\/2013\/09\/cfppa_18_-23.jpg\"><img decoding=\"async\" class=\"aligncenter size-full wp-image-1655 lazyload\" data-src=\"http:\/\/www.cfppa.fr\/infocampus\/wp-content\/uploads\/2013\/09\/cfppa_18_-23.jpg\" alt=\"OLYMPUS DIGITAL CAMERA\" width=\"800\" height=\"600\" data-srcset=\"https:\/\/www.cfppa.fr\/infocampus\/wp-content\/uploads\/2013\/09\/cfppa_18_-23.jpg 800w, https:\/\/www.cfppa.fr\/infocampus\/wp-content\/uploads\/2013\/09\/cfppa_18_-23-300x225.jpg 300w\" data-sizes=\"(max-width: 800px) 100vw, 800px\" src=\"data:image\/svg+xml;base64,PHN2ZyB3aWR0aD0iMSIgaGVpZ2h0PSIxIiB4bWxucz0iaHR0cDovL3d3dy53My5vcmcvMjAwMC9zdmciPjwvc3ZnPg==\" style=\"--smush-placeholder-width: 800px; --smush-placeholder-aspect-ratio: 800\/600;\" \/><\/a><\/h6>\n<h6 style=\"text-align: center;\">Le groupe des \u00e9tudiants de licence (\u00e0 droite) certains sont concentr\u00e9s car ils vont pr\u00e9senter dans 3 minutes, d&#8217;autres sont plus &#8220;d\u00e9contract\u00e9s&#8221; \u00a0car ils ne passent que dans l\u2019apr\u00e8s midi !<\/h6>\n<p><a href=\"http:\/\/www.cfppa.fr\/infocampus\/wp-content\/uploads\/2013\/09\/CFPPA_18_-25.jpg\"><img decoding=\"async\" class=\"aligncenter size-full wp-image-1656 lazyload\" data-src=\"http:\/\/www.cfppa.fr\/infocampus\/wp-content\/uploads\/2013\/09\/CFPPA_18_-25.jpg\" alt=\"OLYMPUS DIGITAL CAMERA\" width=\"800\" height=\"600\" data-srcset=\"https:\/\/www.cfppa.fr\/infocampus\/wp-content\/uploads\/2013\/09\/CFPPA_18_-25.jpg 800w, https:\/\/www.cfppa.fr\/infocampus\/wp-content\/uploads\/2013\/09\/CFPPA_18_-25-300x225.jpg 300w\" data-sizes=\"(max-width: 800px) 100vw, 800px\" src=\"data:image\/svg+xml;base64,PHN2ZyB3aWR0aD0iMSIgaGVpZ2h0PSIxIiB4bWxucz0iaHR0cDovL3d3dy53My5vcmcvMjAwMC9zdmciPjwvc3ZnPg==\" style=\"--smush-placeholder-width: 800px; --smush-placeholder-aspect-ratio: 800\/600;\" \/><\/a><\/p>\n<h6 style=\"text-align: center;\">fin de journ\u00e9e !! ouf ils se pr\u00e9parent pour la photo souvenir !<\/h6>\n<p><a href=\"http:\/\/www.cfppa.fr\/infocampus\/wp-content\/uploads\/2013\/09\/CFPPA_18_-42.jpg\"><img decoding=\"async\" class=\"aligncenter size-full wp-image-1657 lazyload\" data-src=\"http:\/\/www.cfppa.fr\/infocampus\/wp-content\/uploads\/2013\/09\/CFPPA_18_-42.jpg\" alt=\"OLYMPUS DIGITAL CAMERA\" width=\"800\" height=\"600\" data-srcset=\"https:\/\/www.cfppa.fr\/infocampus\/wp-content\/uploads\/2013\/09\/CFPPA_18_-42.jpg 800w, https:\/\/www.cfppa.fr\/infocampus\/wp-content\/uploads\/2013\/09\/CFPPA_18_-42-300x225.jpg 300w\" data-sizes=\"(max-width: 800px) 100vw, 800px\" src=\"data:image\/svg+xml;base64,PHN2ZyB3aWR0aD0iMSIgaGVpZ2h0PSIxIiB4bWxucz0iaHR0cDovL3d3dy53My5vcmcvMjAwMC9zdmciPjwvc3ZnPg==\" style=\"--smush-placeholder-width: 800px; --smush-placeholder-aspect-ratio: 800\/600;\" \/><\/a><\/p>\n<h6 style=\"text-align: center;\">Belle brochette !! en esp\u00e9rant que leur stage se valide par un CDI !<\/h6>\n<p><a href=\"http:\/\/www.cfppa.fr\/infocampus\/wp-content\/uploads\/2013\/09\/CFPPA_18_-36.jpg\"><img decoding=\"async\" class=\"aligncenter size-full wp-image-1658 lazyload\" data-src=\"http:\/\/www.cfppa.fr\/infocampus\/wp-content\/uploads\/2013\/09\/CFPPA_18_-36.jpg\" alt=\"OLYMPUS DIGITAL CAMERA\" width=\"800\" height=\"600\" data-srcset=\"https:\/\/www.cfppa.fr\/infocampus\/wp-content\/uploads\/2013\/09\/CFPPA_18_-36.jpg 800w, https:\/\/www.cfppa.fr\/infocampus\/wp-content\/uploads\/2013\/09\/CFPPA_18_-36-300x225.jpg 300w\" data-sizes=\"(max-width: 800px) 100vw, 800px\" src=\"data:image\/svg+xml;base64,PHN2ZyB3aWR0aD0iMSIgaGVpZ2h0PSIxIiB4bWxucz0iaHR0cDovL3d3dy53My5vcmcvMjAwMC9zdmciPjwvc3ZnPg==\" style=\"--smush-placeholder-width: 800px; --smush-placeholder-aspect-ratio: 800\/600;\" \/><\/a><\/p>\n<h6>Une journ\u00e9e qui, sans eux, n&#8217;aurait pas d\u2019int\u00e9r\u00eat, merci aux apprenants de l&#8217;\u00e9tablissement et aux professionnels pr\u00e9sents d&#8217;\u00eatre venus assister aux pr\u00e9sentions des \u00e9tudiants de licence<\/h6>\n<h6 style=\"text-align: center;\"><span style=\"color: #800080;\">Agriculture d&#8217;aujourd&#8217;hui \u00a0 , agriculteurs de demain !\u00a0<\/span><\/h6>\n<p style=\"text-align: center;\"><span style=\"color: #3366ff;\"><a style=\"color: #3366ff;\" title=\"Une bonne r\u00e9flexion ! \" href=\"http:\/\/youtu.be\/VPGrSswMWRo\" target=\"_blank\">Un premier t\u00e9moignage !<\/a><\/span><\/p>\n<p>&nbsp;<\/p>\n<p style=\"text-align: center;\">Elles sont publi\u00e9es nos vid\u00e9os \u00a0pour le concours ! a vous de faire le buzz !<\/p>\n<p style=\"text-align: center;\"><a href=\"https:\/\/www.youtube.com\/watch?v=_KFp1BMPSBM\" target=\"_blank\">berni s&#8217;\u00e9vade<\/a>\u00a0<img decoding=\"async\" data-src=\"http:\/\/www.cfppa.fr\/infocampus\/wp-content\/plugins\/tinymce-emoticons\/images\/emoticons-set-1\/nice.png\" alt=\"nice\" border=\"0\" hspace=\"5\" src=\"data:image\/svg+xml;base64,PHN2ZyB3aWR0aD0iMSIgaGVpZ2h0PSIxIiB4bWxucz0iaHR0cDovL3d3dy53My5vcmcvMjAwMC9zdmciPjwvc3ZnPg==\" class=\"lazyload\" \/><\/p>\n<p style=\"text-align: center;\"><a title=\"PAC\" href=\"https:\/\/www.youtube.com\/watch?v=7Ws5mJ5JJdU\" target=\"_blank\">la balade de margourite \u00a0<\/a>\u00a0<img decoding=\"async\" data-src=\"http:\/\/www.cfppa.fr\/infocampus\/wp-content\/plugins\/tinymce-emoticons\/images\/emoticons-set-1\/hero.png\" alt=\"hero\" border=\"0\" hspace=\"5\" src=\"data:image\/svg+xml;base64,PHN2ZyB3aWR0aD0iMSIgaGVpZ2h0PSIxIiB4bWxucz0iaHR0cDovL3d3dy53My5vcmcvMjAwMC9zdmciPjwvc3ZnPg==\" class=\"lazyload\" \/><\/p>\n<p style=\"text-align: center;\"><a href=\"https:\/\/www.youtube.com\/watch?v=Jnm7EgchA1Q\" target=\"_blank\">la balade de la mondaine\u00a0<img decoding=\"async\" data-src=\"http:\/\/www.cfppa.fr\/infocampus\/wp-content\/plugins\/tinymce-emoticons\/images\/emoticons-set-1\/surprised.png\" alt=\"surprised\" border=\"0\" hspace=\"5\" src=\"data:image\/svg+xml;base64,PHN2ZyB3aWR0aD0iMSIgaGVpZ2h0PSIxIiB4bWxucz0iaHR0cDovL3d3dy53My5vcmcvMjAwMC9zdmciPjwvc3ZnPg==\" class=\"lazyload\" \/><\/a><\/p>\n<p style=\"text-align: center;\"><a href=\"https:\/\/www.youtube.com\/watch?v=ff_kQIQ8hlg\" target=\"_blank\">la balade de la berrichonne !<\/a>\u00a0<img decoding=\"async\" data-src=\"http:\/\/www.cfppa.fr\/infocampus\/wp-content\/plugins\/tinymce-emoticons\/images\/emoticons-set-1\/laugh.png\" alt=\"laugh\" border=\"0\" hspace=\"5\" src=\"data:image\/svg+xml;base64,PHN2ZyB3aWR0aD0iMSIgaGVpZ2h0PSIxIiB4bWxucz0iaHR0cDovL3d3dy53My5vcmcvMjAwMC9zdmciPjwvc3ZnPg==\" class=\"lazyload\" \/><\/p>\n<p style=\"text-align: center;\"><a href=\"https:\/\/www.youtube.com\/watch?v=_P7zC8S83zk\" target=\"_blank\">la poup\u00e9e dans le pr\u00e9\u00a0<\/a>\u00a0<img decoding=\"async\" data-src=\"http:\/\/www.cfppa.fr\/infocampus\/wp-content\/plugins\/tinymce-emoticons\/images\/emoticons-set-1\/kiss.png\" alt=\"kiss\" border=\"0\" hspace=\"5\" src=\"data:image\/svg+xml;base64,PHN2ZyB3aWR0aD0iMSIgaGVpZ2h0PSIxIiB4bWxucz0iaHR0cDovL3d3dy53My5vcmcvMjAwMC9zdmciPjwvc3ZnPg==\" class=\"lazyload\" \/><\/p>\n<p style=\"text-align: center;\"><a href=\"https:\/\/www.youtube.com\/watch?v=lnvxQT_faUU\" target=\"_blank\">les vacances estivales d&#8217;un agri !<\/a>\u00a0<img decoding=\"async\" data-src=\"http:\/\/www.cfppa.fr\/infocampus\/wp-content\/plugins\/tinymce-emoticons\/images\/emoticons-set-1\/sun.png\" alt=\"sun\" border=\"0\" hspace=\"5\" src=\"data:image\/svg+xml;base64,PHN2ZyB3aWR0aD0iMSIgaGVpZ2h0PSIxIiB4bWxucz0iaHR0cDovL3d3dy53My5vcmcvMjAwMC9zdmciPjwvc3ZnPg==\" class=\"lazyload\" \/><\/p>\n<p style=\"text-align: center;\"><img decoding=\"async\" data-src=\"http:\/\/www.cfppa.fr\/infocampus\/wp-content\/plugins\/tinymce-emoticons\/images\/emoticons-set-1\/angry.png\" alt=\"angry\" border=\"0\" hspace=\"5\" src=\"data:image\/svg+xml;base64,PHN2ZyB3aWR0aD0iMSIgaGVpZ2h0PSIxIiB4bWxucz0iaHR0cDovL3d3dy53My5vcmcvMjAwMC9zdmciPjwvc3ZnPg==\" class=\"lazyload\" \/><\/p>\n<table>\n<tbody>\n<tr>\n<td>\n<p style=\"text-align: center;\"><span style=\"color: #ff0000;\"><strong>Petit rappel pour les \u00e9tudiants BTSA ACSE :<\/strong><\/span><\/p>\n<h6 style=\"text-align: center;\"><\/h6>\n<ul>\n<li>Pr\u00e9sentation sous impress<\/li>\n<li style=\"text-align: center;\"><strong>Diapo 1\u00a0:<\/strong><\/li>\n<li>Fiche d\u2019identit\u00e9<\/li>\n<li>Les finalit\u00e9s et les d\u00e9cisions les plus marquantes \u00a0pour chaque finalit\u00e9 (ann\u00e9e)<\/li>\n<li>Sch\u00e9ma Tps travaux<\/li>\n<li style=\"text-align: center;\"><strong>Diapo 2\u00a0:<\/strong><\/li>\n<li>Les marges\u00a0: proportionnelles \u00e0 la surface<\/li>\n<li>\u00a0\u00a0\u00a0\u00a0\u00a0\u00a0\u00a0\u00a0\u00a0\u00a0\u00a0\u00a0\u00a0\u00a0\u00a0 Les charges de structures<\/li>\n<li>Le prix d\u2019\u00e9quilibre\u00a0 \/ prix seuil<\/li>\n<li style=\"text-align: center;\"><strong>Diapos 3\u00a0:<\/strong><\/li>\n<li>\u00a0\u00a0\u00a0\u00a0\u00a0\u00a0\u00a0\u00a0\u00a0\u00a0\u00a0\u00a0\u00a0\u00a0\u00a0 CA et \u00e9volution<\/li>\n<li>\u00a0\u00a0\u00a0\u00a0\u00a0\u00a0\u00a0\u00a0\u00a0\u00a0\u00a0\u00a0\u00a0\u00a0\u00a0 EBE et \u00e9volution<\/li>\n<li>\u00a0\u00a0\u00a0\u00a0\u00a0\u00a0\u00a0\u00a0\u00a0\u00a0\u00a0\u00a0\u00a0\u00a0\u00a0 Annuit\u00e9s et FFCt \u00e9volution<\/li>\n<li>\u00a0\u00a0\u00a0\u00a0\u00a0\u00a0\u00a0\u00a0\u00a0\u00a0\u00a0\u00a0\u00a0\u00a0\u00a0 Revenu disponible et \u00e9volution<\/li>\n<li>\u00a0\u00a0\u00a0\u00a0\u00a0\u00a0\u00a0\u00a0\u00a0\u00a0\u00a0\u00a0\u00a0\u00a0\u00a0\u00a0\u00a0\u00a0\u00a0\u00a0\u00a0\u00a0\u00a0\u00a0\u00a0\u00a0\u00a0\u00a0\u00a0\u00a0 Pr\u00e9l\u00e8vements priv\u00e9s<\/li>\n<li>l&#8217;id\u00e9al \u00e9tant d&#8217;avoir les 4 graphiques sur la m\u00eame page pour analyser plus facilement<\/li>\n<li><strong>Diapo 4<\/strong><\/li>\n<li>\u00a0\u00a0\u00a0\u00a0\u00a0\u00a0\u00a0\u00a0\u00a0\u00a0\u00a0\u00a0\u00a0\u00a0\u00a0 Bilan grandes masses (histogramme) (si possible faites appara\u00eetre la structure des capitaux permanents : k propre et \u00a0K LMT et Cpt Assosci\u00e9 )<\/li>\n<li>\u00a0\u00a0\u00a0\u00a0\u00a0\u00a0\u00a0\u00a0\u00a0\u00a0\u00a0\u00a0\u00a0\u00a0\u00a0\u00a0\u00a0\u00a0\u00a0\u00a0\u00a0\u00a0\u00a0\u00a0\u00a0\u00a0\u00a0\u00a0\u00a0\u00a0 FDR et \u00e9volution<\/li>\n<li>\u00a0\u00a0\u00a0\u00a0\u00a0\u00a0\u00a0\u00a0\u00a0\u00a0\u00a0\u00a0\u00a0\u00a0\u00a0\u00a0\u00a0\u00a0\u00a0\u00a0\u00a0\u00a0\u00a0\u00a0\u00a0\u00a0\u00a0\u00a0\u00a0\u00a0 TN et \u00e9volution<\/li>\n<li>\u00a0\u00a0\u00a0\u00a0\u00a0\u00a0\u00a0\u00a0\u00a0\u00a0\u00a0\u00a0\u00a0\u00a0\u00a0\u00a0\u00a0\u00a0\u00a0\u00a0\u00a0\u00a0\u00a0\u00a0\u00a0\u00a0\u00a0\u00a0\u00a0\u00a0\u00a0\u00a0\u00a0\u00a0\u00a0\u00a0\u00a0\u00a0\u00a0\u00a0\u00a0\u00a0\u00a0\u00a0\u00a0\u00a0 \u00c9volutions annuit\u00e9s \/\u00c9volutions amortissements<\/li>\n<li>\u00a0\u00a0\u00a0\u00a0\u00a0\u00a0\u00a0\u00a0\u00a0\u00a0\u00a0\u00a0\u00a0\u00a0\u00a0\u00a0\u00a0\u00a0\u00a0\u00a0\u00a0\u00a0\u00a0\u00a0\u00a0\u00a0\u00a0\u00a0\u00a0\u00a0 Budget tr\u00e9sorerie<\/li>\n<li>\u00a0\u00a0\u00a0\u00a0\u00a0\u00a0\u00a0\u00a0\u00a0\u00a0\u00a0\u00a0\u00a0\u00a0\u00a0\u00a0\u00a0\u00a0\u00a0\u00a0\u00a0\u00a0\u00a0\u00a0\u00a0\u00a0\u00a0\u00a0\u00a0\u00a0 Tx d\u2019endettement et \u00e9volution<\/li>\n<li><strong>Diapo 5<\/strong><\/li>\n<li>\u00a0\u00a0\u00a0\u00a0\u00a0\u00a0\u00a0\u00a0\u00a0\u00a0\u00a0\u00a0\u00a0\u00a0\u00a0 PAC actuelle (\/PAC\u00a0 a venir)<\/li>\n<li><\/li>\n<li><strong>Diapo 6 Projet\u00a0:\u00a0?<\/strong><\/li>\n<li><\/li>\n<li>Si vous \u00eates malins vous pouvez r\u00e9aliser une maquette commune et chacun remplit les cases\u00a0!! cela s\u2019appelle un travail collaboratif\u00a0!!<\/li>\n<\/ul>\n<\/td>\n<\/tr>\n<tr>\n<td><\/td>\n<\/tr>\n<\/tbody>\n<\/table>\n<ul>\n<li style=\"text-align: center;\"><\/li>\n<li>\n<h3>Le<span style=\"color: #ff6600;\"> lundi 16 mars<\/span> un grand jour pour les \u00e9tudiants de cette dixi\u00e8me \u00a0promo de licence ! \u00a0c&#8217;est leur journ\u00e9e professionnelle ! elle aura comme th\u00e8me:<\/h3>\n<\/li>\n<li style=\"text-align: center;\">\n<h4><strong>\u00a0<span style=\"color: #ff0000;\"><a title=\"Le projet tut : agriculture d\u2019aujourd\u2019hui et agriculteur de demain\" href=\"http:\/\/www.cfppa.fr\/infocampus\/gestion-des-risques\/le-projet-tut\">Agriculture d&#8217;aujourd&#8217;hui: agriculteurs de demain !<\/a>\u00a0<\/span><\/strong><\/h4>\n<\/li>\n<li style=\"text-align: center;\"><\/li>\n<li style=\"text-align: center;\"><a href=\"http:\/\/www.cfppa.fr\/infocampus\/wp-content\/uploads\/2013\/09\/20141216_163349-Copier.jpg\"><img decoding=\"async\" class=\"aligncenter size-full wp-image-1469 lazyload\" data-src=\"http:\/\/www.cfppa.fr\/infocampus\/wp-content\/uploads\/2013\/09\/20141216_163349-Copier.jpg\" alt=\"20141216_163349 (Copier)\" width=\"338\" height=\"600\" data-srcset=\"https:\/\/www.cfppa.fr\/infocampus\/wp-content\/uploads\/2013\/09\/20141216_163349-Copier.jpg 338w, https:\/\/www.cfppa.fr\/infocampus\/wp-content\/uploads\/2013\/09\/20141216_163349-Copier-169x300.jpg 169w\" data-sizes=\"(max-width: 338px) 100vw, 338px\" src=\"data:image\/svg+xml;base64,PHN2ZyB3aWR0aD0iMSIgaGVpZ2h0PSIxIiB4bWxucz0iaHR0cDovL3d3dy53My5vcmcvMjAwMC9zdmciPjwvc3ZnPg==\" style=\"--smush-placeholder-width: 338px; --smush-placeholder-aspect-ratio: 338\/600;\" \/><\/a><\/li>\n<li style=\"text-align: center;\"><\/li>\n<li style=\"text-align: center;\">Pour les BTS ACSE !! l<a title=\"Un sch\u00e9ma type ! \" href=\"http:\/\/www.xmind.net\/m\/LJyN\/\" target=\"_blank\">e sch\u00e9ma de fonctionnement <\/a><img decoding=\"async\" data-src=\"http:\/\/www.cfppa.fr\/infocampus\/wp-content\/plugins\/tinymce-emoticons\/images\/emoticons-set-1\/boring.png\" alt=\"boring\" border=\"0\" hspace=\"5\" src=\"data:image\/svg+xml;base64,PHN2ZyB3aWR0aD0iMSIgaGVpZ2h0PSIxIiB4bWxucz0iaHR0cDovL3d3dy53My5vcmcvMjAwMC9zdmciPjwvc3ZnPg==\" class=\"lazyload\" \/>) \u00a0!!<\/li>\n<li style=\"text-align: center;\">Pour les TS \u00a0!<a href=\"http:\/\/www.cfppa.fr\/infocampus\/wp-content\/uploads\/2013\/09\/FDR.xlsx\">fdr\/bfr<\/a>Bon courage !<\/li>\n<li style=\"text-align: center;\"><\/li>\n<li style=\"text-align: center;\"><\/li>\n<\/ul>\n<table>\n<tbody>\n<tr>\n<td><img decoding=\"async\" class=\"aligncenter wp-image-1082 lazyload\" data-src=\"http:\/\/www.cfppa.fr\/infocampus\/wp-content\/uploads\/2013\/09\/form@terre_site.png\" alt=\"form@terre_site\" width=\"287\" height=\"259\" data-srcset=\"https:\/\/www.cfppa.fr\/infocampus\/wp-content\/uploads\/2013\/09\/form@terre_site.png 532w, https:\/\/www.cfppa.fr\/infocampus\/wp-content\/uploads\/2013\/09\/form@terre_site-300x270.png 300w\" data-sizes=\"(max-width: 287px) 100vw, 287px\" src=\"data:image\/svg+xml;base64,PHN2ZyB3aWR0aD0iMSIgaGVpZ2h0PSIxIiB4bWxucz0iaHR0cDovL3d3dy53My5vcmcvMjAwMC9zdmciPjwvc3ZnPg==\" style=\"--smush-placeholder-width: 287px; --smush-placeholder-aspect-ratio: 287\/259;\" \/><\/td>\n<td><a href=\"http:\/\/www.cfppa.fr\/infocampus\/wp-content\/uploads\/2013\/09\/Aug02_04-Copier.jpg\"><img decoding=\"async\" class=\"aligncenter wp-image-1200 size-thumbnail lazyload\" title=\"Un autre temps ! \" data-src=\"http:\/\/www.cfppa.fr\/infocampus\/wp-content\/uploads\/2013\/09\/Aug02_04-Copier-150x150.jpg\" alt=\"Aug02_04 (Copier)\" width=\"150\" height=\"150\" src=\"data:image\/svg+xml;base64,PHN2ZyB3aWR0aD0iMSIgaGVpZ2h0PSIxIiB4bWxucz0iaHR0cDovL3d3dy53My5vcmcvMjAwMC9zdmciPjwvc3ZnPg==\" style=\"--smush-placeholder-width: 150px; --smush-placeholder-aspect-ratio: 150\/150;\" \/><\/a><\/td>\n<\/tr>\n<\/tbody>\n<\/table>\n<ul>\n<li style=\"text-align: center;\"><a href=\"http:\/\/www.cfppa.fr\/infocampus\/wp-content\/uploads\/2013\/09\/form@terre_site.png\"><br \/>\n<\/a><a href=\"http:\/\/www.cfppa.fr\/infocampus\/wp-content\/uploads\/2013\/09\/form@terre_logo100%-Copier.png\"><br \/>\n<\/a><\/li>\n<\/ul>\n<hr \/>\n<hr \/>\n<ul>\n<li style=\"text-align: center;\"><a title=\"PAC 2015-2020\" href=\"http:\/\/www.cfppa.fr\/infocampus\/pac-2015-2020\">La nouvelle PAC les MAEC\u00a0<\/a><\/li>\n<li style=\"text-align: center;\">Des infos sur cette nouvelle PAC sous-r\u00e9serve de l&#8217;apparition des textes officiels<\/li>\n<\/ul>\n<hr \/>\n<ul>\n<li style=\"text-align: right;\"><sub>A suivre : <a title=\"Points retraites MSA\" href=\"http:\/\/www.cfppa.fr\/infocampus\/page\/2\">les seuils des points retraites <\/a>\/<\/sub><\/li>\n<li style=\"text-align: right;\"><a title=\"Question avec proposition de r\u00e9ponse \" href=\"http:\/\/www.cfppa.fr\/infocampus\/page\/3\"><sub>des questions types EPI\u00a0<\/sub><\/a><\/li>\n<li><!--nextpage--><\/li>\n<li style=\"text-align: center;\">Optimisation Fiscale !!<\/li>\n<li style=\"text-align: center;\">Attention minimiser la MSA est une chose , mais il ne faut pas oublier sa retraite !<img decoding=\"async\" data-src=\"http:\/\/www.cfppa.fr\/infocampus\/wp-content\/plugins\/tinymce-emoticons\/images\/emoticons-set-2\/no.gif\" alt=\"no\" border=\"0\" hspace=\"5\" src=\"data:image\/svg+xml;base64,PHN2ZyB3aWR0aD0iMSIgaGVpZ2h0PSIxIiB4bWxucz0iaHR0cDovL3d3dy53My5vcmcvMjAwMC9zdmciPjwvc3ZnPg==\" class=\"lazyload\" \/><\/li>\n<li style=\"text-align: center;\">Suivant votre revenu professionnel vous devez adapter votre optimisation ! si vous \u00eates entre 7 000 et 14 000\u20ac vous pouvez opter pour une optimisation , idem pour les cas sup\u00e9rieur \u00e0 37 000\u20ac \u00a0mais entre 14 000 et 37 000\u20ac votre baisse de MSA impactera directement vos points de retraite !!<\/li>\n<li style=\"text-align: center;\"><a href=\"http:\/\/www.cfppa.fr\/infocampus\/wp-content\/uploads\/2014\/05\/retraite.png\"><img decoding=\"async\" class=\"aligncenter size-full wp-image-925 lazyload\" data-src=\"http:\/\/www.cfppa.fr\/infocampus\/wp-content\/uploads\/2014\/05\/retraite.png\" alt=\"retraite\" src=\"data:image\/svg+xml;base64,PHN2ZyB3aWR0aD0iMSIgaGVpZ2h0PSIxIiB4bWxucz0iaHR0cDovL3d3dy53My5vcmcvMjAwMC9zdmciPjwvc3ZnPg==\" style=\"--smush-placeholder-width: 4071px; --smush-placeholder-aspect-ratio: 4071\/2339;\" \/><\/a><\/li>\n<li style=\"text-align: center;\"><a title=\"fichier excel avec les points retraite 2014\" href=\"http:\/\/www.cfppa.fr\/infocampus\/?attachment_id=929\"><span style=\"line-height: 1.5;\"><img decoding=\"async\" data-src=\"http:\/\/www.cfppa.fr\/infocampus\/wp-content\/plugins\/tinymce-emoticons\/images\/emoticons-set-1\/no.png\" alt=\"no\" border=\"0\" hspace=\"5\" src=\"data:image\/svg+xml;base64,PHN2ZyB3aWR0aD0iMSIgaGVpZ2h0PSIxIiB4bWxucz0iaHR0cDovL3d3dy53My5vcmcvMjAwMC9zdmciPjwvc3ZnPg==\" class=\"lazyload\" \/>\u00a0Fichier excel \u00a0<\/span><\/a><\/li>\n<li><!--nextpage--><\/li>\n<li style=\"text-align: center;\"><span style=\"color: #ff9900; font-family: Bitter, Georgia, serif; line-height: 1.3;\">Pour les TS ! : \u00a0A vous de choisir une question d&#8217;EPI &#8220;type&#8221; suite \u00e0 la vi<\/span><span style=\"color: #ff9900; font-family: Bitter, Georgia, serif; line-height: 1.3;\">site<\/span><\/li>\n<li><a href=\"http:\/\/www.cfppa.fr\/infocampus\/page\/4\">Question 1)\u00a0<\/a>\u00a0\u00a0\u00a0\u00a0 Afin de r\u00e9pondre \u00e0 une demande de sa client\u00e8le, M &#8220;F&#8221; d\u00e9sire mettre en place une production de veaux de boucherie. Proposez des solutions et \u00e9valuez en une d\u2019un point de vue technique, \u00e9conomique et financier<\/li>\n<li><a href=\"http:\/\/www.cfppa.fr\/infocampus\/page\/5\">Question 2)<\/a> \u00a0 \u00a0 M &#8220;F&#8221;\u00a0d\u00e9sire devenir autonome pour l\u2019alimentation de son troupeau (plus d\u2019achat de concentr\u00e9 ni de grossier en dehors des CMV). Proposez des solutions et \u00e9valuez en une d\u2019un point de vue technique, \u00e9conomique et financier<\/li>\n<li><a href=\"http:\/\/www.cfppa.fr\/infocampus\/page\/6\">Question 3)<\/a> \u00a0 \u00a0 \u00a0M &#8220;F&#8221; d\u00e9sire obtenir un revenu disponible de 35\u00a0000\u20ac . Proposez des solutions et \u00e9valuez en une d\u2019un point de vue technique, \u00e9conomique et financier<\/li>\n<li><a href=\"http:\/\/www.cfppa.fr\/infocampus\/page\/7\">Question 4)\u00a0<\/a>\u00a0\u00a0\u00a0\u00a0 Pour des raisons de temps de travail, M &#8220;F&#8221;\u00a0envisage de poss\u00e9der un automoteur pour r\u00e9aliser des traitements en bas volume. Mais il h\u00e9site dans la m\u00e9thode de financement, \u00e9valuez diff\u00e9rentes possibilit\u00e9s de financement et estimez pour chaque, le co\u00fbt \u00e0 l\u2019hectare et promulguez un conseil<\/li>\n<li><a href=\"http:\/\/www.cfppa.fr\/infocampus\/page\/8\">Question 5)<\/a>\u00a0\u00a0\u00a0\u00a0\u00a0 La nouvelle PAC pousse vers un verdissement, aussi M &#8220;F&#8221;\u00a0vous sollicite pour \u00e9valuer l\u2019impact du passage en agriculture biologique pour son exploitation. \u00c9valuez les incidences techniques, \u00e9conomiques et financi\u00e8res<\/li>\n<li><a href=\"http:\/\/www.cfppa.fr\/infocampus\/page\/8\">Question 6<\/a>) \u00a0 \u00a0 M &#8220;F&#8221;\u00a0vient de recevoir une lettre recommand\u00e9e de l\u2019un des ses propri\u00e9taires lui indiquant qu\u2019il reprendrait ses 50 ha\u00a0 dans 18 mois. Proposez des solutions et \u00e9valuez en une d\u2019un point de vue technique, \u00e9conomique et financier<\/li>\n<li><a href=\"http:\/\/www.cfppa.fr\/infocampus\/page\/10\">Question 7)<\/a>\u00a0\u00a0\u00a0\u00a0\u00a0 Afin de transmettre en douceur \u00e0 son \u00ab\u00a0nouvel ouvrier\u00a0\u00bb, il souhaite cr\u00e9er une soci\u00e9t\u00e9\u00a0 Proposez des solutions et \u00e9valuez en une d\u2019un point de vue technique, \u00e9conomique et financier<\/li>\n<li><a href=\"http:\/\/www.cfppa.fr\/infocampus\/page\/11\">Question 8<\/a>)\u00a0\u00a0\u00a0\u00a0\u00a0 Face \u00e0\u00a0 la charge de travail M &#8220;F&#8221;\u00a0souhaite embaucher un salari\u00e9 (au moins un mi-temps). Proposez des solutions et \u00e9valuez en une d\u2019un point de vue technique, \u00e9conomique et financier<\/li>\n<li><a href=\"http:\/\/www.cfppa.fr\/infocampus\/page\/12\">Question 9)<\/a>\u00a0\u00a0\u00a0\u00a0\u00a0 En vous aidant du document annexe (savoir calculer les aides de la pac 2015-2020) \u00e9valuer les cons\u00e9quences de cette derni\u00e8re et proposez des solutions<\/li>\n<li><a href=\"http:\/\/www.cfppa.fr\/infocampus\/page\/13\">Question 10)<\/a> \u00a0 M &#8220;F&#8221;\u00a0d\u00e9sire arr\u00eater la production de taurillons et tout valoriser en b\u0153ufs de 36 mois gr\u00e2ce \u00e0 son syst\u00e8me de commercialisation. Proposez des solutions et \u00e9valuez les cons\u00e9quences techniques, \u00e9conomiques et financi\u00e8res et humaines de cette \u00e9volution<\/li>\n<li><\/li>\n<li class=\"wp-caption-dd\" style=\"text-align: center;\"><strong style=\"font-size: 48px; line-height: 1.3; color: #141412;\"><a href=\"http:\/\/www.cfppa.fr\/infocampus\/wp-content\/uploads\/2013\/09\/ceranov.png\">\u00a0<img decoding=\"async\" data-src=\"http:\/\/www.cfppa.fr\/infocampus\/wp-content\/plugins\/tinymce-emoticons\/images\/emoticons-set-1\/hero.png\" alt=\"hero\" border=\"0\" hspace=\"5\" src=\"data:image\/svg+xml;base64,PHN2ZyB3aWR0aD0iMSIgaGVpZ2h0PSIxIiB4bWxucz0iaHR0cDovL3d3dy53My5vcmcvMjAwMC9zdmciPjwvc3ZnPg==\" class=\"lazyload\" \/><\/a><\/strong><a href=\"http:\/\/www.cfppa.fr\/infocampus\/wp-content\/uploads\/2013\/11\/Vous-avez-dit-agriculture-de-conservation.pdf\" target=\"_blank\">Bobbi \u00a0a la d\u00e9couverte \u00a0de l&#8217;agriculture de conservation !<\/a><\/li>\n<li><span style=\"font-family: Arial, sans-serif;\"><span style=\"font-size: small;\">\u00a0<\/span><\/span><\/li>\n<li><\/li>\n<li style=\"text-align: center;\"><!--nextpage--><\/li>\n<li style=\"text-align: center;\"><span style=\"color: #ff6600;\">Rappel de la question :<\/span><\/li>\n<li style=\"text-align: center;\"><span style=\"color: #ff6600;\">Afin de r\u00e9pondre \u00e0 une demande de sa client\u00e8le, M &#8220;F&#8221; d\u00e9sire mettre en place une production de veaux de boucherie. Proposez des solutions et \u00e9valuez en une d\u2019un point de vue technique, \u00e9conomique et financier<\/span><\/li>\n<li style=\"text-align: left;\">Pour info : un veau de boucherie : animal de 130 \u00e0 160 kg de carcasse (au-del\u00e0 il ne passe pas dans certains labels!)<\/li>\n<li style=\"text-align: left;\">Son prix d\u00e9pend de trois crit\u00e8res :<\/li>\n<li style=\"text-align: left;\">le premier est la <span style=\"color: #ff6600;\">couleur<\/span> <img decoding=\"async\" data-src=\"http:\/\/www.cfppa.fr\/infocampus\/wp-content\/plugins\/tinymce-emoticons\/images\/emoticons-set-1\/no.png\" alt=\"no\" border=\"0\" hspace=\"5\" src=\"data:image\/svg+xml;base64,PHN2ZyB3aWR0aD0iMSIgaGVpZ2h0PSIxIiB4bWxucz0iaHR0cDovL3d3dy53My5vcmcvMjAwMC9zdmciPjwvc3ZnPg==\" class=\"lazyload\" \/>de sa viande : il doit \u00eatre blanc (mais c&#8217;est difficile \u00e0 obtenir &#8211; le lait n&#8217;est pas riche ne fer et donc ce veau qui consomme que du lait (en th\u00e9orie) peut avoir un d\u00e9ficit en h\u00e9moglobine d&#8217;o\u00f9 la couleur blanche de cette viande &#8211; attention \u00e0 la marbrure !) Le consommateur recherche une viande &#8220;blanche&#8221; !<\/li>\n<li style=\"text-align: left;\">les classes de couleur vont du blanc au rouge en passant par le rose clair ! \u00a0( un veau blanc en zone label rouge peut \u00eatre acheter jusqu&#8217;\u00e0 10\u20ac\/kg un rouge 4\u20ac\/kg<\/li>\n<li style=\"text-align: left;\">Les autres crit\u00e8res sont comme dans les autres cat\u00e9gories la conformation (EUROP) et l&#8217;\u00e9tat d&#8217;engraissement (12345)<\/li>\n<li style=\"text-align: left;\">Dans notre approche M F ach\u00e8te 1 veau par semaine \u00e0 140 kg \u00e0 6\u20ac \u00a0peut il mettre en production \u00a052 veaux ?<\/li>\n<li style=\"text-align: left;\">Pour \u00e9lever un veau de lait il faut en moyenne 4 \u00e0 6 mois . Dans notre cas il conviendrait d&#8217;organiser les v\u00ealages ? \u00a0ou alors de ne produire qu&#8217;une partie des animaux<\/li>\n<li style=\"text-align: left;\">Sur 110 v\u00ealages, on a un potentiel de 50 m\u00e2les qui naissent entre d\u00e9cembre et mars ( sachant qu&#8217;en veau de boucherie , on ne fait pas de distinction entre m\u00e2le et femelle )<\/li>\n<li style=\"text-align: left;\">Ici il conviendrait de ne prendre que les m\u00e2les qui naissent de d\u00e9cembre \u00e0 janvier , pour une vente de mars \u00e0 juin ( Attention ici au temps de travail !)<\/li>\n<li style=\"text-align: left;\">\u00a0 Pour les veaux de boucherie : il faut les faire t\u00e9ter matin et soir car ils doivent faire le moins d&#8217;exercices possibles &#8211; engraissement- et surtout ne pas consommer des fibres ou l\u00e9cher du fer &#8211; ils passeraient en rouge !<\/li>\n<li style=\"text-align: left;\">Aussi dans notre cas il conviendrait de r\u00e9organiser un b\u00e2timent , avec au mini \u00a0des cases collectives sur sciure ! (co\u00fbts ?)<\/li>\n<li style=\"text-align: left;\">Puis il y a la corv\u00e9e de la t\u00e9t\u00e9e ! ( temps de travail 1h pour une 15 de veaux si bien organis\u00e9!)<\/li>\n<li style=\"text-align: left;\">G\u00e9n\u00e9ralement lors des derniers mois d&#8217;\u00e9levage , on compl\u00e8te l&#8217;alimentation du veau avec du lait en poudre (3 \u00e0 5 l en plus suivant la production de la m\u00e8re) ( co\u00fbts ?)<\/li>\n<li style=\"text-align: left;\">Ce syst\u00e8me permet aussi de &#8220;d\u00e9charger&#8221; les pairies pendant l&#8217;\u00e9t\u00e9, les broutards ne broutent pas !<\/li>\n<li style=\"text-align: left;\">En produit un \u00a0broutard est vendu autour de 1000\u20ac<\/li>\n<li style=\"text-align: left;\">Un veau de lait \u00a0de 150 kg \u00e0 6\u20ac = 900\u20ac ou s&#8217;il est vendu \u00e0 10\u20ac = 1500\u20ac &#8230;. a vous \u00a0d&#8217;estimer<\/li>\n<li style=\"text-align: left;\">une matrice de gain permettrait de mieux juger de l\u2019opportunit\u00e9 de mettre en veau de lait ou en broutard !<\/li>\n<li style=\"text-align: left;\"><img decoding=\"async\" data-src=\"http:\/\/www.cfppa.fr\/infocampus\/wp-content\/plugins\/tinymce-emoticons\/images\/emoticons-set-1\/light.png\" alt=\"light\" border=\"0\" hspace=\"5\" src=\"data:image\/svg+xml;base64,PHN2ZyB3aWR0aD0iMSIgaGVpZ2h0PSIxIiB4bWxucz0iaHR0cDovL3d3dy53My5vcmcvMjAwMC9zdmciPjwvc3ZnPg==\" class=\"lazyload\" \/>\u00a0 si les m\u00e2les sont vendus en veaux de lait , le b\u00e2timent taurillons devient libre ! ( cas du fumier &#8230; et de la bouffe non consomm\u00e9e &#8230;)<\/li>\n<li><span style=\"color: #ff0000;\">Proposition de correction :<\/span><\/li>\n<li>Objectif\u00a0: produire un veau par semaine pour \u00e9couler dans la boucherie<\/li>\n<li>Carcasse de 150 kg , pour ce poids on estime un temps d\u2019\u00e9levage de 5 mois\u00a0:<\/li>\n<li>(GMQ de 1.5kg\/ 150 j soit 195+40= 235kg vif en moyenne, Un veau a un rendement minimum de\u00a0 65% )<\/li>\n<li>Dans cette exploitation on prend les veaux m\u00e2les<\/li>\n<li>Si on estime qu\u2019il y 115 v\u00ealages de d\u00e9cembre \u00e0 mars et que le ratio est de 50%, cela nous fait un potentiel de 115\/4\/2 de 14 veaux m\u00e2les par mois.<\/li>\n<li>L\u2019objectif \u00e9tant de pouvoir \u00e9couler un veau par semaine, soit un d\u00e9but de vente en avril, mai juin et \u00e9ventuellement en juillet. Soit 4 mois *4 =16 veaux \u00e0 produire dans un premier temps.<\/li>\n<li>Ici cela induit que la corv\u00e9e de t\u00e9t\u00e9e dure de d\u00e9cembre \u00e0 juillet sachant que de juin \u00e0 juillet il n\u2019y aurait que 8 veaux.Mais la t\u00e9t\u00e9e \u00e9tant matin et soir, on peut consid\u00e9rer que la t\u00e9t\u00e9e demande 1h de travail (soit 2h\/j). (En fin d\u2019\u00e9levage, les veaux\u00a0 sont compl\u00e9ment\u00e9s \u00a0avec du lait en poudre , \u00e0 raison de 125g par l et de 4l\/jour soit 125g*4= 500g de poudre par jour et par veau sur 45j soit au minimum 22.5kg de poudre par veau ( 1 sac \u00e0 la louche\u00a0!).<\/li>\n<\/ul>\n<table style=\"width: 708px;\" border=\"0\" cellspacing=\"0\" cellpadding=\"0\">\n<tbody>\n<tr>\n<td valign=\"bottom\" nowrap=\"nowrap\" width=\"80\"><\/td>\n<td colspan=\"2\" valign=\"bottom\" nowrap=\"nowrap\" width=\"195\">El\u00e9ments favorables<\/td>\n<td valign=\"bottom\" nowrap=\"nowrap\" width=\"80\"><\/td>\n<td valign=\"bottom\" nowrap=\"nowrap\" width=\"80\"><\/td>\n<td colspan=\"2\" valign=\"bottom\" nowrap=\"nowrap\" width=\"193\">El\u00e9ments d\u00e9favorables<\/td>\n<td valign=\"bottom\" nowrap=\"nowrap\" width=\"80\"><\/td>\n<\/tr>\n<tr>\n<td colspan=\"4\" valign=\"bottom\" nowrap=\"nowrap\" width=\"355\">\n<p align=\"center\"><b>Produit\u00a0 en plus <\/b><\/p>\n<\/td>\n<td colspan=\"4\" valign=\"bottom\" nowrap=\"nowrap\" width=\"353\">\n<p align=\"center\">Produit en\u00a0 Moins<\/p>\n<\/td>\n<\/tr>\n<tr>\n<td valign=\"bottom\" nowrap=\"nowrap\" width=\"80\">14 veaux<\/td>\n<td valign=\"bottom\" nowrap=\"nowrap\" width=\"125\">150 kg C<\/td>\n<td valign=\"bottom\" nowrap=\"nowrap\" width=\"70\">\n<p align=\"right\">6,50 \u20ac<\/p>\n<\/td>\n<td valign=\"bottom\" nowrap=\"nowrap\" width=\"80\">\n<p align=\"right\">13 650<\/p>\n<\/td>\n<td valign=\"bottom\" nowrap=\"nowrap\" width=\"80\">14 Taurillons<\/td>\n<td valign=\"bottom\" nowrap=\"nowrap\" width=\"102\">400 kg C<\/td>\n<td valign=\"bottom\" nowrap=\"nowrap\" width=\"92\">\n<p align=\"right\">3,50 \u20ac<\/p>\n<\/td>\n<td valign=\"bottom\" nowrap=\"nowrap\" width=\"80\">\n<p align=\"right\">19 600<\/p>\n<\/td>\n<\/tr>\n<tr>\n<td colspan=\"4\" valign=\"bottom\" nowrap=\"nowrap\" width=\"355\">\n<p align=\"center\"><b>Charges en moins <\/b><\/p>\n<\/td>\n<td colspan=\"4\" valign=\"bottom\" nowrap=\"nowrap\" width=\"353\">\n<p align=\"center\"><b>Charges en plus <\/b><\/p>\n<\/td>\n<\/tr>\n<tr>\n<td colspan=\"3\" valign=\"bottom\" nowrap=\"nowrap\" width=\"275\">Aliment concentr\u00e9\u00a0 \u00e9nerg\u00e9tique<\/td>\n<td valign=\"bottom\" nowrap=\"nowrap\" width=\"80\"><\/td>\n<td colspan=\"2\" valign=\"bottom\" nowrap=\"nowrap\" width=\"182\">25 kg poudre de lait\u00a0 par veau<\/td>\n<td valign=\"bottom\" nowrap=\"nowrap\" width=\"92\">1,5\u20ac\/kg<\/td>\n<td valign=\"bottom\" nowrap=\"nowrap\" width=\"80\">\n<p align=\"right\">525<\/p>\n<\/td>\n<\/tr>\n<tr>\n<td colspan=\"3\" valign=\"bottom\" nowrap=\"nowrap\" width=\"275\">5 kg *270 j * (150\u20ac) la tonne *14<\/td>\n<td valign=\"bottom\" nowrap=\"nowrap\" width=\"80\">\n<p align=\"right\">2 835<\/p>\n<\/td>\n<td valign=\"bottom\" nowrap=\"nowrap\" width=\"80\"><\/td>\n<td valign=\"bottom\" nowrap=\"nowrap\" width=\"102\"><\/td>\n<td valign=\"bottom\" nowrap=\"nowrap\" width=\"92\"><\/td>\n<td valign=\"bottom\" nowrap=\"nowrap\" width=\"80\"><\/td>\n<\/tr>\n<tr>\n<td colspan=\"2\" valign=\"bottom\" nowrap=\"nowrap\" width=\"205\">Aliment concentr\u00e9 azot\u00e9<\/td>\n<td valign=\"bottom\" nowrap=\"nowrap\" width=\"70\"><\/td>\n<td valign=\"bottom\" nowrap=\"nowrap\" width=\"80\"><\/td>\n<td colspan=\"2\" valign=\"bottom\" nowrap=\"nowrap\" width=\"182\">Engrais (perte de fumier)<\/td>\n<td valign=\"bottom\" nowrap=\"nowrap\" width=\"92\"><\/td>\n<td valign=\"bottom\" nowrap=\"nowrap\" width=\"80\"><\/td>\n<\/tr>\n<tr>\n<td colspan=\"2\" valign=\"bottom\" nowrap=\"nowrap\" width=\"205\">2kg*270 j *(440\u20ac la tonne) *14<\/td>\n<td valign=\"bottom\" nowrap=\"nowrap\" width=\"70\"><\/td>\n<td valign=\"bottom\" nowrap=\"nowrap\" width=\"80\">\n<p align=\"right\">3 326<\/p>\n<\/td>\n<td colspan=\"2\" valign=\"bottom\" nowrap=\"nowrap\" width=\"182\">20k*14*270j = 76 T<\/td>\n<td valign=\"bottom\" nowrap=\"nowrap\" width=\"92\"><\/td>\n<td valign=\"bottom\" nowrap=\"nowrap\" width=\"80\"><\/td>\n<\/tr>\n<tr>\n<td colspan=\"2\" valign=\"bottom\" nowrap=\"nowrap\" width=\"205\">Aliment CMV<\/td>\n<td valign=\"bottom\" nowrap=\"nowrap\" width=\"70\"><\/td>\n<td valign=\"bottom\" nowrap=\"nowrap\" width=\"80\"><\/td>\n<td colspan=\"2\" valign=\"bottom\" nowrap=\"nowrap\" width=\"182\">76 t \u00e0 3U de N = 228 U<\/td>\n<td valign=\"bottom\" nowrap=\"nowrap\" width=\"92\"><\/td>\n<td valign=\"bottom\" nowrap=\"nowrap\" width=\"80\">\n<p align=\"right\">228<\/p>\n<\/td>\n<\/tr>\n<tr>\n<td colspan=\"3\" valign=\"bottom\" nowrap=\"nowrap\" width=\"275\">50 g* 270j *14 taurillons *4\u20ac le kg<\/td>\n<td valign=\"bottom\" nowrap=\"nowrap\" width=\"80\">\n<p align=\"right\">756<\/p>\n<\/td>\n<td valign=\"bottom\" nowrap=\"nowrap\" width=\"80\"><\/td>\n<td valign=\"bottom\" nowrap=\"nowrap\" width=\"102\"><\/td>\n<td valign=\"bottom\" nowrap=\"nowrap\" width=\"92\"><\/td>\n<td valign=\"bottom\" nowrap=\"nowrap\" width=\"80\"><\/td>\n<\/tr>\n<tr>\n<td valign=\"bottom\" nowrap=\"nowrap\" width=\"80\"><\/td>\n<td valign=\"bottom\" nowrap=\"nowrap\" width=\"125\"><\/td>\n<td valign=\"bottom\" nowrap=\"nowrap\" width=\"70\"><\/td>\n<td valign=\"bottom\" nowrap=\"nowrap\" width=\"80\"><\/td>\n<td valign=\"bottom\" nowrap=\"nowrap\" width=\"80\"><\/td>\n<td valign=\"bottom\" nowrap=\"nowrap\" width=\"102\"><\/td>\n<td valign=\"bottom\" nowrap=\"nowrap\" width=\"92\"><\/td>\n<td valign=\"bottom\" nowrap=\"nowrap\" width=\"80\"><\/td>\n<\/tr>\n<tr>\n<td colspan=\"2\" valign=\"bottom\" nowrap=\"nowrap\" width=\"205\">Paille (aliment)<\/td>\n<td valign=\"bottom\" nowrap=\"nowrap\" width=\"70\"><\/td>\n<td valign=\"bottom\" nowrap=\"nowrap\" width=\"80\"><\/td>\n<td valign=\"bottom\" nowrap=\"nowrap\" width=\"80\"><\/td>\n<td valign=\"bottom\" nowrap=\"nowrap\" width=\"102\"><\/td>\n<td valign=\"bottom\" nowrap=\"nowrap\" width=\"92\"><\/td>\n<td valign=\"bottom\" nowrap=\"nowrap\" width=\"80\"><\/td>\n<\/tr>\n<tr>\n<td colspan=\"2\" valign=\"bottom\" nowrap=\"nowrap\" width=\"205\">1kg*270j*14* 20\u20ac la tonne<\/td>\n<td valign=\"bottom\" nowrap=\"nowrap\" width=\"70\"><\/td>\n<td valign=\"bottom\" nowrap=\"nowrap\" width=\"80\">\n<p align=\"right\">76<\/p>\n<\/td>\n<td valign=\"bottom\" nowrap=\"nowrap\" width=\"80\"><\/td>\n<td valign=\"bottom\" nowrap=\"nowrap\" width=\"102\"><\/td>\n<td valign=\"bottom\" nowrap=\"nowrap\" width=\"92\"><\/td>\n<td valign=\"bottom\" nowrap=\"nowrap\" width=\"80\"><\/td>\n<\/tr>\n<tr>\n<td valign=\"bottom\" nowrap=\"nowrap\" width=\"80\"><\/td>\n<td valign=\"bottom\" nowrap=\"nowrap\" width=\"125\"><\/td>\n<td valign=\"bottom\" nowrap=\"nowrap\" width=\"70\"><\/td>\n<td valign=\"bottom\" nowrap=\"nowrap\" width=\"80\">\n<p align=\"right\">20 643<\/p>\n<\/td>\n<td valign=\"bottom\" nowrap=\"nowrap\" width=\"80\"><\/td>\n<td valign=\"bottom\" nowrap=\"nowrap\" width=\"102\"><\/td>\n<td valign=\"bottom\" nowrap=\"nowrap\" width=\"92\"><\/td>\n<td valign=\"bottom\" nowrap=\"nowrap\" width=\"80\">\n<p align=\"right\">20 353<\/p>\n<\/td>\n<\/tr>\n<tr>\n<td valign=\"bottom\" nowrap=\"nowrap\" width=\"80\"><\/td>\n<td valign=\"bottom\" nowrap=\"nowrap\" width=\"125\"><\/td>\n<td valign=\"bottom\" nowrap=\"nowrap\" width=\"70\"><\/td>\n<td valign=\"bottom\" nowrap=\"nowrap\" width=\"80\"><\/td>\n<td colspan=\"3\" valign=\"bottom\" nowrap=\"nowrap\" width=\"273\">Am\u00e9nagement de boxes collectifs<\/td>\n<td valign=\"bottom\" nowrap=\"nowrap\" width=\"80\"><\/td>\n<\/tr>\n<tr>\n<td valign=\"bottom\" nowrap=\"nowrap\" width=\"80\"><\/td>\n<td valign=\"bottom\" nowrap=\"nowrap\" width=\"125\"><\/td>\n<td valign=\"bottom\" nowrap=\"nowrap\" width=\"70\"><\/td>\n<td valign=\"bottom\" nowrap=\"nowrap\" width=\"80\"><\/td>\n<td colspan=\"3\" valign=\"bottom\" nowrap=\"nowrap\" width=\"273\">Investissement 10 000\u20ac sur 7ans<\/td>\n<td valign=\"bottom\" nowrap=\"nowrap\" width=\"80\">\n<p align=\"right\">1 429<\/p>\n<\/td>\n<\/tr>\n<tr>\n<td valign=\"bottom\" nowrap=\"nowrap\" width=\"80\"><\/td>\n<td valign=\"bottom\" nowrap=\"nowrap\" width=\"125\"><\/td>\n<td valign=\"bottom\" nowrap=\"nowrap\" width=\"70\"><\/td>\n<td valign=\"bottom\" nowrap=\"nowrap\" width=\"80\"><\/td>\n<td colspan=\"2\" valign=\"bottom\" nowrap=\"nowrap\" width=\"182\">Frais financier (emprunt)<\/td>\n<td valign=\"bottom\" nowrap=\"nowrap\" width=\"92\"><\/td>\n<td valign=\"bottom\" nowrap=\"nowrap\" width=\"80\">\n<p align=\"right\">125<\/p>\n<\/td>\n<\/tr>\n<tr>\n<td valign=\"bottom\" nowrap=\"nowrap\" width=\"80\"><\/td>\n<td valign=\"bottom\" nowrap=\"nowrap\" width=\"125\"><\/td>\n<td valign=\"bottom\" nowrap=\"nowrap\" width=\"70\"><\/td>\n<td valign=\"bottom\" nowrap=\"nowrap\" width=\"80\">\n<p align=\"right\">20 643<\/p>\n<\/td>\n<td valign=\"bottom\" nowrap=\"nowrap\" width=\"80\"><\/td>\n<td valign=\"bottom\" nowrap=\"nowrap\" width=\"102\"><\/td>\n<td valign=\"bottom\" nowrap=\"nowrap\" width=\"92\"><\/td>\n<td valign=\"bottom\" nowrap=\"nowrap\" width=\"80\">\n<p align=\"right\">21 907<\/p>\n<\/td>\n<\/tr>\n<tr>\n<td valign=\"bottom\" nowrap=\"nowrap\" width=\"80\"><\/td>\n<td valign=\"bottom\" nowrap=\"nowrap\" width=\"125\">Diff\u00e9rentiel<\/td>\n<td valign=\"bottom\" nowrap=\"nowrap\" width=\"70\"><\/td>\n<td valign=\"bottom\" nowrap=\"nowrap\" width=\"80\">\n<p align=\"right\">-1 264<\/p>\n<\/td>\n<td valign=\"bottom\" nowrap=\"nowrap\" width=\"80\"><\/td>\n<td valign=\"bottom\" nowrap=\"nowrap\" width=\"102\"><\/td>\n<td valign=\"bottom\" nowrap=\"nowrap\" width=\"92\"><\/td>\n<td valign=\"bottom\" nowrap=\"nowrap\" width=\"80\"><\/td>\n<\/tr>\n<tr>\n<td valign=\"bottom\" nowrap=\"nowrap\" width=\"80\"><\/td>\n<td colspan=\"2\" valign=\"bottom\" nowrap=\"nowrap\" width=\"195\">Baisse cotisation MSA<\/td>\n<td valign=\"bottom\" nowrap=\"nowrap\" width=\"80\"><\/td>\n<td valign=\"bottom\" nowrap=\"nowrap\" width=\"80\"><\/td>\n<td valign=\"bottom\" nowrap=\"nowrap\" width=\"102\"><\/td>\n<td valign=\"bottom\" nowrap=\"nowrap\" width=\"92\"><\/td>\n<td valign=\"bottom\" nowrap=\"nowrap\" width=\"80\"><\/td>\n<\/tr>\n<tr>\n<td valign=\"bottom\" nowrap=\"nowrap\" width=\"80\"><\/td>\n<td valign=\"bottom\" nowrap=\"nowrap\" width=\"125\">Ici 43,77%<\/td>\n<td valign=\"bottom\" nowrap=\"nowrap\" width=\"70\"><\/td>\n<td valign=\"bottom\" nowrap=\"nowrap\" width=\"80\">\n<p align=\"right\">553<\/p>\n<\/td>\n<td valign=\"bottom\" nowrap=\"nowrap\" width=\"80\"><\/td>\n<td valign=\"bottom\" nowrap=\"nowrap\" width=\"102\"><\/td>\n<td valign=\"bottom\" nowrap=\"nowrap\" width=\"92\"><\/td>\n<td valign=\"bottom\" nowrap=\"nowrap\" width=\"80\"><\/td>\n<\/tr>\n<tr>\n<td valign=\"bottom\" nowrap=\"nowrap\" width=\"80\"><\/td>\n<td valign=\"bottom\" nowrap=\"nowrap\" width=\"125\"><\/td>\n<td valign=\"bottom\" nowrap=\"nowrap\" width=\"70\"><\/td>\n<td valign=\"bottom\" nowrap=\"nowrap\" width=\"80\"><\/td>\n<td valign=\"bottom\" nowrap=\"nowrap\" width=\"80\"><\/td>\n<td valign=\"bottom\" nowrap=\"nowrap\" width=\"102\"><\/td>\n<td valign=\"bottom\" nowrap=\"nowrap\" width=\"92\"><\/td>\n<td valign=\"bottom\" nowrap=\"nowrap\" width=\"80\"><\/td>\n<\/tr>\n<tr>\n<td colspan=\"3\" valign=\"bottom\" nowrap=\"nowrap\" width=\"275\">Soit un diff\u00e9rentiel\u00a0 de r\u00e9sultat de<\/td>\n<td valign=\"bottom\" nowrap=\"nowrap\" width=\"80\">\n<p align=\"right\">-711<\/p>\n<\/td>\n<td valign=\"bottom\" nowrap=\"nowrap\" width=\"80\"><\/td>\n<td valign=\"bottom\" nowrap=\"nowrap\" width=\"102\"><\/td>\n<td valign=\"bottom\" nowrap=\"nowrap\" width=\"92\"><\/td>\n<td valign=\"bottom\" nowrap=\"nowrap\" width=\"80\"><\/td>\n<\/tr>\n<\/tbody>\n<\/table>\n<ul>\n<li style=\"text-align: left;\">Ici m\u00eame si le projet n&#8217;est pas &#8220;rentable&#8221;, il faut prendre en consid\u00e9ration le fait, que M F assure un produit de qualit\u00e9 \u00e0 sa boucherie ( et donc lui permet de conserver sa client\u00e8le) \u00a0et surtout pallie au manque de producteurs de veau de boucherie !<\/li>\n<li style=\"text-align: left;\">Par contre il faut \u00e9valuer le risque gr\u00e2ce \u00e0 une matrice de gain \u00a0qui doit faire varier le prix du veau de boucherie et idem pour le taurillon .<\/li>\n<li style=\"text-align: left;\"><!--nextpage--><\/li>\n<li style=\"text-align: left;\">Rappel :<\/li>\n<li style=\"text-align: left;\">\u00a0<span style=\"color: #ff9900;\">M &#8220;F&#8221;\u00a0d\u00e9sire devenir autonome pour l\u2019alimentation de son troupeau (plus d\u2019achat de concentr\u00e9 ni de grossier en dehors des CMV). Proposez des solutions et \u00e9valuez en une d\u2019un point de vue technique, \u00e9conomique et financier<\/span><\/li>\n<li style=\"text-align: left;\">Ici si on enl\u00e8ve les CMV (compl\u00e9ments min\u00e9raux et vitaminiques) , dans le syst\u00e8me \u00e9tudi\u00e9 il y avait principalement un achat de tourteau de lin (440\u20ac\/t)<\/li>\n<li style=\"text-align: left;\">Le syst\u00e8me \u00e9levage des adultes avec foin \u00e0 volont\u00e9 et enrubannage \u00a0\u00e0 base de l\u00e9gumineuses est optimal &#8211; les animaux sont en largement en \u00e9tat et ne demandent pas de compl\u00e9ment . M\u00eame lors de l&#8217;allaitement , faut il compl\u00e9menter les vaches si les aliments grossiers sont de bonnes qualit\u00e9s ! ?<\/li>\n<li style=\"text-align: left;\">S&#8217;il les veaux ont une croissance a priori faible , dans ce cas privil\u00e9gier une compl\u00e9mentation des veaux et avec des concentr\u00e9s produits ( seigle, bl\u00e9 orge etc aplatis suffiront !)<\/li>\n<li style=\"text-align: left;\">Ici le tourteaux de lin est donc r\u00e9serv\u00e9 aux animaux en engraissement &#8211; taurillons et g\u00e9nisses.<\/li>\n<li style=\"text-align: left;\"><a href=\"http:\/\/www.cfppa.fr\/infocampus\/wp-content\/uploads\/2013\/12\/matiere-azote.jpg\"><img decoding=\"async\" class=\"alignleft size-full wp-image-703 lazyload\" data-src=\"http:\/\/www.cfppa.fr\/infocampus\/wp-content\/uploads\/2013\/12\/matiere-azote.jpg\" alt=\"matiere azote\" width=\"263\" height=\"192\" src=\"data:image\/svg+xml;base64,PHN2ZyB3aWR0aD0iMSIgaGVpZ2h0PSIxIiB4bWxucz0iaHR0cDovL3d3dy53My5vcmcvMjAwMC9zdmciPjwvc3ZnPg==\" style=\"--smush-placeholder-width: 263px; --smush-placeholder-aspect-ratio: 263\/192;\" \/><\/a><\/li>\n<li style=\"text-align: left;\">De plus le tourteaux de lin est riche en om\u00e9ga et en substances favorisant l&#8217;engraissement L&#8217;aliment grossier achet\u00e9 doit correspondre \u00e0 la pulpe de betterave , cet aliment est bien un aliment grossier m\u00eame s&#8217;il est \u00a0sous forme de granul\u00e9s &#8211; il a une valeur d&#8217;encombrement . Il est riche en fibre !(h\u00e9micellulose )<\/li>\n<li style=\"text-align: left;\">\u00a0 Donc ici , la pulpe est apport\u00e9e \u00a0pour limiter les aliments acidog\u00e8nes (corps c\u00e9toniques) ex bl\u00e9 orge etc .<\/li>\n<li style=\"text-align: left;\">On peut envisager d&#8217;incorporer dans la ration des fibres : ex de la paille mais sous forme d\u00e9fibr\u00e9e &#8211; elle est broy\u00e9e plus ou moins<\/li>\n<li style=\"text-align: left;\"><a href=\"http:\/\/www.cfppa.fr\/infocampus\/wp-content\/uploads\/2013\/12\/d\u00e9fibreurpaille_z.jpg\"><img decoding=\"async\" class=\"alignleft size-full wp-image-701 lazyload\" data-src=\"http:\/\/www.cfppa.fr\/infocampus\/wp-content\/uploads\/2013\/12\/d\u00e9fibreurpaille_z.jpg\" alt=\"d\u00e9fibreurpaille_z\" width=\"358\" height=\"287\" data-srcset=\"https:\/\/www.cfppa.fr\/infocampus\/wp-content\/uploads\/2013\/12\/d\u00e9fibreurpaille_z.jpg 358w, https:\/\/www.cfppa.fr\/infocampus\/wp-content\/uploads\/2013\/12\/d\u00e9fibreurpaille_z-300x240.jpg 300w\" data-sizes=\"(max-width: 358px) 100vw, 358px\" src=\"data:image\/svg+xml;base64,PHN2ZyB3aWR0aD0iMSIgaGVpZ2h0PSIxIiB4bWxucz0iaHR0cDovL3d3dy53My5vcmcvMjAwMC9zdmciPjwvc3ZnPg==\" style=\"--smush-placeholder-width: 358px; --smush-placeholder-aspect-ratio: 358\/287;\" \/><\/a><\/li>\n<li style=\"text-align: left;\">Apr\u00e8s , il faut apporter l&#8217;\u00e9nergie des pulpes de betteraves , pourquoi pas incorporer de l&#8217;avoine ?<\/li>\n<li style=\"text-align: left;\">Pour le tourteau de lin , il apporte de l&#8217;azote , il faut envisager des pois , du lupin de la f\u00e9verole ou alors du lin graine ( mais attention \u00e0 la quantit\u00e9 de lipides !) qui serait cultiv\u00e9 !<\/li>\n<li style=\"text-align: left;\"><a href=\"http:\/\/www.cfppa.fr\/infocampus\/wp-content\/uploads\/2013\/12\/Lin_180605__3_.jpg\"><img decoding=\"async\" class=\"alignleft size-full wp-image-702 lazyload\" data-src=\"http:\/\/www.cfppa.fr\/infocampus\/wp-content\/uploads\/2013\/12\/Lin_180605__3_.jpg\" alt=\"Lin_180605__3_\" width=\"448\" height=\"336\" data-srcset=\"https:\/\/www.cfppa.fr\/infocampus\/wp-content\/uploads\/2013\/12\/Lin_180605__3_.jpg 448w, https:\/\/www.cfppa.fr\/infocampus\/wp-content\/uploads\/2013\/12\/Lin_180605__3_-300x224.jpg 300w\" data-sizes=\"(max-width: 448px) 100vw, 448px\" src=\"data:image\/svg+xml;base64,PHN2ZyB3aWR0aD0iMSIgaGVpZ2h0PSIxIiB4bWxucz0iaHR0cDovL3d3dy53My5vcmcvMjAwMC9zdmciPjwvc3ZnPg==\" style=\"--smush-placeholder-width: 448px; --smush-placeholder-aspect-ratio: 448\/336;\" \/><\/a><\/li>\n<li style=\"text-align: left;\"><!--nextpage--><\/li>\n<li style=\"text-align: left;\"><span style=\"color: #ff9900;\">M &#8220;F&#8221; d\u00e9sire obtenir un revenu disponible de 35\u00a0000\u20ac . Proposez des solutions et \u00e9valuez en une d\u2019un point de vue technique, \u00e9conomique et financier<\/span><\/li>\n<li style=\"text-align: left;\">Ici, vous devez connaitre \u00a0la d\u00e9finition du revenu disponible :<\/li>\n<li style=\"text-align: left;\">C&#8217;est l&#8217;EBE diminu\u00e9 des annuit\u00e9s et des frais financiers des courts termes ( ps n&#8217;oubliez pas les annuit\u00e9s qui sont \u00e0 titre priv\u00e9es (ex les JA)<\/li>\n<li style=\"text-align: left;\">Un revenu disponible doit permettre d&#8217;assurer la marge de s\u00e9curit\u00e9 et les pr\u00e9l\u00e8vements priv\u00e9s !<\/li>\n<li style=\"text-align: left;\">A vous donc dans cette question d&#8217;imaginer ce que vous voulez! mais chaque fois que l&#8217;on augmente l&#8217;EBE on va aussi augmenter la MSA donc &#8230; \u00a0<img decoding=\"async\" data-src=\"http:\/\/www.cfppa.fr\/infocampus\/wp-content\/plugins\/tinymce-emoticons\/images\/emoticons-set-1\/no.png\" alt=\"no\" border=\"0\" hspace=\"5\" src=\"data:image\/svg+xml;base64,PHN2ZyB3aWR0aD0iMSIgaGVpZ2h0PSIxIiB4bWxucz0iaHR0cDovL3d3dy53My5vcmcvMjAwMC9zdmciPjwvc3ZnPg==\" class=\"lazyload\" \/><\/li>\n<li style=\"text-align: left;\"><!--nextpage--><\/li>\n<li style=\"text-align: left;\"><span style=\"color: #ff9900;\">\u00a0Q4) Pour des raisons de temps de travail, M &#8220;F&#8221;\u00a0envisage de poss\u00e9der un automoteur pour r\u00e9aliser des traitements en bas volume. Mais il h\u00e9site dans la m\u00e9thode de financement, \u00e9valuez diff\u00e9rentes possibilit\u00e9s de financement et estimez pour chaque, le co\u00fbt \u00e0 l\u2019hectare et promulguez un conseil<\/span><\/li>\n<li style=\"text-align: left;\">Ici il convient d&#8217;\u00e9valuer diff\u00e9rents mode de financement : autofinancement, emprunt leasing (la CIFI doit vous orienter vers le choix ad\u00e9quate !)<\/li>\n<li style=\"text-align: left;\">mais aussi diff\u00e9rente fa\u00e7on de l&#8217;utiliser : en individuel , en copropri\u00e9t\u00e9 , en CUMA , individuel et entreprise<\/li>\n<li style=\"text-align: left;\">Ne pas oublier de comparer vis-\u00e0-vis du co\u00fbt factur\u00e9 par une entreprise<\/li>\n<li style=\"text-align: left;\">L&#8217;id\u00e9e g\u00e9n\u00e9rale est de d\u00e9terminer les charges fixes li\u00e9es au mat\u00e9riel ( on l&#8217;utilise ou on ne l&#8217;utilise pas cet charge est la m\u00eame!) \u00a0, puis d&#8217;\u00e9valuer les charges variables li\u00e9es \u00e0 l&#8217;utilisation dudit mat\u00e9riel ( plus il y aura d&#8217;hectares , plus le co\u00fbt devrait diminuer!)<\/li>\n<li style=\"text-align: left;\">Attention , les DPI n&#8217;existent plus pour le mat\u00e9riel !, une annuit\u00e9 n&#8217;est pas un amortissement !, et un leasing ne demande pas de contrepartie !<\/li>\n<li style=\"text-align: left;\"><!--nextpage--><\/li>\n<li style=\"text-align: left;\"><span style=\"color: #ff6600;\">\u00a0La nouvelle PAC pousse vers un verdissement, aussi M &#8220;F&#8221;\u00a0vous sollicite pour \u00e9valuer l\u2019impact du passage en agriculture biologique pour son exploitation. \u00c9valuez les incidences techniques, \u00e9conomiques et financi\u00e8res<\/span><\/li>\n<li style=\"text-align: left;\"><a href=\"http:\/\/www.agencebio.org\/les-textes-reglementaires\" target=\"_blank\">agriculture biologique\u00a0<\/a><\/li>\n<li style=\"text-align: left;\"><a href=\"http:\/\/agriculture.gouv.fr\/reglementation\" target=\"_blank\">r\u00e9glementation agri bio\u00a0<\/a><\/li>\n<li style=\"text-align: left;\"><a href=\"http:\/\/www.cfppa.fr\/infocampus\/wp-content\/uploads\/2013\/12\/mae_bio.pdf\" target=\"_blank\">mae bio 2013<\/a><\/li>\n<li style=\"text-align: left;\">Pour cette question: il ne faut pas \u00a0rentrer dans tous les d\u00e9tails !<\/li>\n<li style=\"text-align: left;\">Vous avez le choix entre \u00a0passer l&#8217;atelier animal en bio, l&#8217;atelier v\u00e9g\u00e9tal en bio ou les deux !<\/li>\n<li style=\"text-align: left;\">Pour l&#8217;animal , n&#8217;oubliez pas que si vous ne passez pas une partie des terres , vous devrez acheter des aliments concentr\u00e9s bio !\u00a0<img decoding=\"async\" data-src=\"http:\/\/www.cfppa.fr\/infocampus\/wp-content\/plugins\/tinymce-emoticons\/images\/emoticons-set-1\/no.png\" alt=\"no\" border=\"0\" hspace=\"5\" src=\"data:image\/svg+xml;base64,PHN2ZyB3aWR0aD0iMSIgaGVpZ2h0PSIxIiB4bWxucz0iaHR0cDovL3d3dy53My5vcmcvMjAwMC9zdmciPjwvc3ZnPg==\" class=\"lazyload\" \/><\/li>\n<li style=\"text-align: left;\">Donc passez une partie ! histoire d\u2019\u00eatre autosuffisant !<\/li>\n<li style=\"text-align: left;\">Pour les vaches adultes rien ne change!<\/li>\n<li style=\"text-align: left;\">Pour les animaux \u00e0 l&#8217;engrais l\u00e0 a vous de refaire la ration &#8230;.<\/li>\n<li style=\"text-align: left;\"><!--nextpage-->\u00a0 \u00a0<span style=\"color: #ff6600;\">M &#8220;F&#8221;\u00a0vient de recevoir une lettre recommand\u00e9e de l\u2019un des ses propri\u00e9taires lui indiquant qu\u2019il reprendrait ses 50 ha\u00a0 dans 18 mois. Proposez des solutions et \u00e9valuez en une d\u2019un point de vue technique, \u00e9conomique et financier<\/span><\/li>\n<li style=\"text-align: left;\">La question simple : il perd 50 ha ! donc 50 ha de fermage en moins ! donc 50 ha de culture ou de p\u00e2turage en moins ? \u00a0( un rappel sur l\u2019\u00e9tat des lieux et l&#8217;indemnisation d&#8217;am\u00e9liorations fonci\u00e8res peut \u00eatre une bonne chose ! idem pour les conditions de cette reprise !)<\/li>\n<li style=\"text-align: left;\">(ps si on a 50 ha en moins , on a aussi toutes les charges de m\u00e9ca \u00a0qui diminuent ! pas que les charges op\u00e9 !<img decoding=\"async\" data-src=\"http:\/\/www.cfppa.fr\/infocampus\/wp-content\/plugins\/tinymce-emoticons\/images\/emoticons-set-1\/no.png\" alt=\"no\" border=\"0\" hspace=\"5\" src=\"data:image\/svg+xml;base64,PHN2ZyB3aWR0aD0iMSIgaGVpZ2h0PSIxIiB4bWxucz0iaHR0cDovL3d3dy53My5vcmcvMjAwMC9zdmciPjwvc3ZnPg==\" class=\"lazyload\" \/>\u00a0idem pour les imp\u00f4ts )<\/li>\n<li style=\"text-align: left;\">Mais ici, il faut aussi s&#8217;interroger sur l&#8217;effet sur les emplois ! et il conviendrait d&#8217;envisager de compenser cette perte de revenu par un autre !<\/li>\n<li style=\"text-align: left;\">Un BPS est le bienvenu !<\/li>\n<li style=\"text-align: left;\"><!--nextpage--><\/li>\n<li style=\"text-align: left;\">\u00a0<span style=\"color: #ff6600;\">\u00a0 Afin de transmettre en douceur \u00e0 son \u00ab\u00a0nouvel ouvrier\u00a0\u00bb, il souhaite cr\u00e9er une soci\u00e9t\u00e9\u00a0 Proposez des solutions et \u00e9valuez en une d\u2019un point de vue technique, \u00e9conomique et <\/span><span style=\"color: #ff6600;\">financier<\/span><\/li>\n<li style=\"text-align: left;\">Vous avez le choix du GAEC, \u00e0 l&#8217;EARL ou la SCEA etc ..<\/li>\n<li style=\"text-align: left;\">Un GAEC \u00a0pour les 55 premiers ha , pourquoi pas ? ( GAEC pas de personne morale et tout le monde bosse ! &#8211; peut il avoir un autre travail ? )<\/li>\n<li style=\"text-align: left;\">EARL unipersonnelle ?<\/li>\n<li style=\"text-align: left;\">SCEA avec des personnes morales ? ex le GFA ?<\/li>\n<li style=\"text-align: left;\">Apr\u00e8s, pour des raisons fiscales , devenir apporteur que de fonds peut \u00eatre int\u00e9ressant ? \u00a0(une part du \u00a0revenu \u00e9chappe en partie \u00e0 la MSA !)<\/li>\n<li style=\"text-align: left;\">Mais on peut aussi lui louer un usufruit !<\/li>\n<li style=\"text-align: left;\">L\u00e0 on va vous demander d&#8217;\u00e9valuer l&#8217;entreprise \u00a0et de cr\u00e9er le bilan d&#8217;ouverture !<\/li>\n<li style=\"text-align: left;\"><span style=\"color: #339966;\"><strong>Les soci\u00e9t\u00e9s fonci\u00e8res\u00a0:<\/strong>\u00a0<\/span><br \/>\n<span style=\"color: #339966;\">Le groupement foncier agricole (GFA) a pour objet la cr\u00e9ation ou la conservation d&#8217;un ou de plusieurs domaines agricoles.\u00a0<\/span><br \/>\n<span style=\"color: #339966;\">Il suppose au moins deux associ\u00e9s (mari et femme par exemple). Le GFA permet de conserver le patrimoine foncier en dehors de l&#8217;exploitation proprement dite.\u00a0<\/span><\/li>\n<li><span style=\"color: #339966;\"><strong>Les soci\u00e9t\u00e9s de gestion ou d&#8217;exploitation\u00a0:<\/strong>\u00a0<\/span><br \/>\n<span style=\"color: #339966;\">Elles ont pour objet la gestion et l&#8217;exploitation d&#8217;un domaine agricole ou la r\u00e9alisation d&#8217;un travail en commun, parfois dans des conditions comparables \u00e0 celles d&#8217;une exploitation familiale (notamment sur le plan social).\u00a0<\/span><br \/>\n<span style=\"color: #339966;\">Les plus utilis\u00e9es sont la soci\u00e9t\u00e9 civile d&#8217;exploitation agricole (SCEA),<a title=\"GAEC site du minist\u00e8re\" href=\"http:\/\/agriculture.gouv.fr\/gaec\"><span style=\"color: #339966;\"> le groupement agricole d&#8217;exploitation en commun (GAEC)<\/span><\/a> et <a title=\"EARL site du minist\u00e8re \" href=\"http:\/\/agriculture.gouv.fr\/exploitation-agricole-a-responsabilite-limitee\"><span style=\"color: #339966;\">l&#8217;exploitation agricole \u00e0 responsabilit\u00e9 limit\u00e9e (EARL).\u00a0<\/span><\/a><\/span><br \/>\n<span style=\"color: #339966;\">Deux associ\u00e9s suffisent, mais en GAEC, tous les associ\u00e9s doivent \u00eatre exploitants. Ce qui n&#8217;est pas le cas en SCEA. et en EARL, o\u00f9 des associ\u00e9s non exploitants sont admis.\u00a0<\/span><\/li>\n<li><span style=\"color: #339966;\"><strong>Les soci\u00e9t\u00e9s commerciales\u00a0:<\/strong>\u00a0<\/span><br \/>\n<span style=\"color: #339966;\">Elles sont parfois utilis\u00e9es en agriculture, tels le groupement d&#8217;int\u00e9r\u00eat \u00e9conomique (GIE), dont l&#8217;objet est de faciliter ou de d\u00e9velopper l&#8217;activit\u00e9 de ses membres, la soci\u00e9t\u00e9 en nom collectif (SNC), la soci\u00e9t\u00e9 \u00e0 responsabilit\u00e9 limit\u00e9e (SARL) et la soci\u00e9t\u00e9 anonyme (SA).\u00a0<\/span><\/li>\n<li style=\"text-align: left;\"><!--nextpage--><\/li>\n<li style=\"text-align: left;\">\u00a0<span style=\"color: #ff6600;\"> Face \u00e0\u00a0 la charge de travail M &#8220;F&#8221;\u00a0souhaite embaucher un salari\u00e9 (au moins un mi-temps). Proposez des solutions et \u00e9valuez en une d\u2019un point de vue technique, \u00e9conomique et financier<\/span><\/li>\n<li style=\"text-align: left;\"><span style=\"color: #008000;\"><img decoding=\"async\" data-src=\"http:\/\/www.cfppa.fr\/infocampus\/wp-content\/plugins\/tinymce-emoticons\/images\/emoticons-set-1\/angry.png\" alt=\"angry\" border=\"0\" hspace=\"5\" src=\"data:image\/svg+xml;base64,PHN2ZyB3aWR0aD0iMSIgaGVpZ2h0PSIxIiB4bWxucz0iaHR0cDovL3d3dy53My5vcmcvMjAwMC9zdmciPjwvc3ZnPg==\" class=\"lazyload\" \/>Un salari\u00e9 ne co\u00fbte pas il rapporte ! \u00a0cf. <a title=\"D\u00e9part d\u2019un associ\u00e9\" href=\"http:\/\/www.cfppa.fr\/infocampus\/cas-de-gestion\/fin-dun-gaec\/depart-dun-associe\" target=\"_blank\">&#8220;d\u00e9part d&#8217;un associ\u00e9&#8221;\u00a0<\/a><\/span><\/li>\n<li style=\"text-align: left;\">A vous de calculer le co\u00fbt r\u00e9el : avec l\u2019all\u00e8gement Fillon , le CIEC , le plan \u00e9pargne entreprise , la baisse de cotisation MSA du chef d&#8217;exploitation et \u00e9ventuellement la baisse de ces imp\u00f4ts !<\/li>\n<li style=\"text-align: left;\">Est ce un plein temps , ou un temps partiel ?<\/li>\n<li style=\"text-align: left;\">Est ce un CDD ou un CDI<\/li>\n<li style=\"text-align: left;\">Est ce un contrat en alternance ? , service de remplacement ? travailleur d\u00e9tach\u00e9 ? un TESA ? etc &#8230;<\/li>\n<li style=\"text-align: left;\">Pour info le SMIC sera revaloriser en janvier ! 9\u20ac54!<\/li>\n<li style=\"text-align: left;\">Si le chef d&#8217;entreprise gagne 800h de temps libre , il peut peut \u00eatre faire autre chose que la bronzette !<img decoding=\"async\" data-src=\"http:\/\/www.cfppa.fr\/infocampus\/wp-content\/plugins\/tinymce-emoticons\/images\/emoticons-set-1\/angry.png\" alt=\"angry\" border=\"0\" hspace=\"5\" src=\"data:image\/svg+xml;base64,PHN2ZyB3aWR0aD0iMSIgaGVpZ2h0PSIxIiB4bWxucz0iaHR0cDovL3d3dy53My5vcmcvMjAwMC9zdmciPjwvc3ZnPg==\" class=\"lazyload\" \/><\/li>\n<li style=\"text-align: left;\"><!--nextpage--><\/li>\n<li style=\"text-align: left;\">\u00a0<span style=\"color: #ff6600;\"> En vous aidant du document annexe (savoir calculer les aides de la pac 2015-2020) \u00e9valuer les cons\u00e9quences de cette derni\u00e8re et proposez des solutions<\/span><\/li>\n<li style=\"text-align: left;\">\u00e0 lire avant ! et \u00e0 comprendre !<a href=\"http:\/\/www.cfppa.fr\/infocampus\/pac-2015-2020\" target=\"_blank\"> pac 2015-2020<\/a><\/li>\n<li style=\"text-align: left;\">Vous pouvez aussi utilisez le <a title=\"simulateur France agricole \" href=\"http:\/\/www.lafranceagricole.fr\/simulateur-aide-pac.php\" target=\"_blank\">&#8220;simulateur de la France Agricole &#8221;\u00a0<\/a>\u00a0mais le jour de l&#8217;examen vous ne pourrez pas ! donc &#8230;.<\/li>\n<li style=\"text-align: left;\"><!--nextpage--><\/li>\n<li style=\"text-align: left;\"><span style=\"color: #ff6600;\">M &#8220;F&#8221;\u00a0d\u00e9sire arr\u00eater la production de taurillons et d\u00e9sire tout valoriser en b\u0153ufs de 36 mois gr\u00e2ce \u00e0 son syst\u00e8me de commercialisation. Proposez des solutions et \u00e9valuez les cons\u00e9quences techniques, \u00e9conomiques et financi\u00e8res et humaines de cette \u00e9volution<\/span><\/li>\n<li style=\"text-align: left;\">Pour l&#8217;instant M F vend du taurillon mais ne le commercialise pas en directe .<\/li>\n<li style=\"text-align: left;\">L&#8217;avantage \u00a0de la production de b\u0153uf est de pouvoir s&#8217;s\u2019\u00e9taler de 26 \u00e0 48 mois . Et de garder un objectif : valoriser l&#8217;herbe \u00a0au maximum . Les phases de finitions se faisant au p\u00e2turage ou tr\u00e8s peu de temps en stabulation .<\/li>\n<li style=\"text-align: left;\">Ici, il y a un potentiel d&#8217;une quarantaine de b\u0153ufs sachant que les ventes peuvent s\u2019\u00e9taler sur 1 an et que l&#8217;\u00e9levage dure en principe 28 mois mini !<\/li>\n<li style=\"text-align: left;\">Pour bien faire, surtout \u00a0si on veut vendre des b\u0153ufs de 28 mois la finition est plus longue que sur des b\u0153ufs de 36 mois .<\/li>\n<li style=\"text-align: left;\">Il faut donc faire un bilan fourrager \u00a0entre l&#8217;alimentation des taurillons et des b\u0153ufs (qui p\u00e2turent) . Ici les taurillons sont en ration s\u00e8che, avec du concentr\u00e9 \u00e0 base de c\u00e9r\u00e9ales, de pulpe et tourteau de lin et cela sur 8 mois \u00e0 volont\u00e9 !<\/li>\n<li style=\"text-align: left;\">Les b\u0153ufs vont \u00eatre \u00e0 ce r\u00e9gime qu&#8217;en finition ! \u00a0donc \u00e0 vous de calculer !<\/li>\n<li style=\"text-align: left;\">Et il faut \u00e9galement envisager le pire ! au moins un mort \u00a0sur le cycle de production !<\/li>\n<li style=\"text-align: left;\">Et il faut faire attention \u00e9galement \u00e0 la tr\u00e9sorerie<img decoding=\"async\" data-src=\"http:\/\/www.cfppa.fr\/infocampus\/wp-content\/plugins\/tinymce-emoticons\/images\/emoticons-set-1\/cry.png\" alt=\"cry\" border=\"0\" hspace=\"5\" src=\"data:image\/svg+xml;base64,PHN2ZyB3aWR0aD0iMSIgaGVpZ2h0PSIxIiB4bWxucz0iaHR0cDovL3d3dy53My5vcmcvMjAwMC9zdmciPjwvc3ZnPg==\" class=\"lazyload\" \/>\u00a0( le taurillon est vendu \u00e0 16-18 mois et le b\u0153uf a 28-36 mois ), pr\u00e9voir un court terme ?<\/li>\n<li style=\"text-align: left;\">Par contre en hiver un b\u0153uf devrait se contenter d&#8217;une ration d&#8217;entretien ! la m\u00eame que les vaches sans l&#8217;enrubannage !<\/li>\n<li style=\"text-align: left;\">Mais attention on risque d&#8217;augmenter le chargement : est un probl\u00e8me pour l&#8217;instant ? ( s&#8217;il touchait la PHAE2 oui mais pour le reste ? )<\/li>\n<li style=\"text-align: left;\"><img decoding=\"async\" data-src=\"http:\/\/www.cfppa.fr\/infocampus\/wp-content\/plugins\/tinymce-emoticons\/images\/emoticons-set-1\/boring.png\" alt=\"boring\" border=\"0\" hspace=\"5\" src=\"data:image\/svg+xml;base64,PHN2ZyB3aWR0aD0iMSIgaGVpZ2h0PSIxIiB4bWxucz0iaHR0cDovL3d3dy53My5vcmcvMjAwMC9zdmciPjwvc3ZnPg==\" class=\"lazyload\" \/>Un b\u0153uf est castr\u00e9 cela a un co\u00fbt \u00a0( \u00e0 1 an!) ou plut\u00f4t si on veut<\/li>\n<li style=\"text-align: left;\">L&#8217;avantage de cette castration, par la suite \u00a0ils peuvent \u00eatre mis au p\u00e2turage avec les g\u00e9nisses.<\/li>\n<li style=\"text-align: left;\"><img decoding=\"async\" data-src=\"http:\/\/www.cfppa.fr\/infocampus\/wp-content\/plugins\/tinymce-emoticons\/images\/emoticons-set-1\/angry.png\" alt=\"angry\" border=\"0\" hspace=\"5\" src=\"data:image\/svg+xml;base64,PHN2ZyB3aWR0aD0iMSIgaGVpZ2h0PSIxIiB4bWxucz0iaHR0cDovL3d3dy53My5vcmcvMjAwMC9zdmciPjwvc3ZnPg==\" class=\"lazyload\" \/>Une matrice entre b\u0153uf et taurillon est souhaitable !<\/li>\n<li style=\"text-align: left;\"><img decoding=\"async\" class=\"alignleft size-full wp-image-711 lazyload\" data-src=\"http:\/\/www.cfppa.fr\/infocampus\/wp-content\/uploads\/2013\/12\/decoupe-viande.jpg\" alt=\"decoupe viande\" width=\"521\" height=\"600\" data-srcset=\"https:\/\/www.cfppa.fr\/infocampus\/wp-content\/uploads\/2013\/12\/decoupe-viande.jpg 521w, https:\/\/www.cfppa.fr\/infocampus\/wp-content\/uploads\/2013\/12\/decoupe-viande-260x300.jpg 260w\" data-sizes=\"(max-width: 521px) 100vw, 521px\" src=\"data:image\/svg+xml;base64,PHN2ZyB3aWR0aD0iMSIgaGVpZ2h0PSIxIiB4bWxucz0iaHR0cDovL3d3dy53My5vcmcvMjAwMC9zdmciPjwvc3ZnPg==\" style=\"--smush-placeholder-width: 521px; --smush-placeholder-aspect-ratio: 521\/600;\" \/><\/li>\n<li style=\"text-align: left;\"><a href=\"http:\/\/www.cfppa.fr\/infocampus\/wp-content\/uploads\/2013\/12\/CHAROLLAISES@.jpg\"><img decoding=\"async\" data-src=\"http:\/\/www.cfppa.fr\/infocampus\/wp-content\/uploads\/2013\/12\/CHAROLLAISES@.jpg\" alt=\"CHAROLLAISES@\" width=\"500\" height=\"346\" src=\"data:image\/svg+xml;base64,PHN2ZyB3aWR0aD0iMSIgaGVpZ2h0PSIxIiB4bWxucz0iaHR0cDovL3d3dy53My5vcmcvMjAwMC9zdmciPjwvc3ZnPg==\" class=\"lazyload\" style=\"--smush-placeholder-width: 500px; --smush-placeholder-aspect-ratio: 500\/346;\" \/><\/a><\/li>\n<li style=\"text-align: left;\">D\u00e9but de correction:<\/li>\n<li style=\"text-align: left;\">Potentiellement sur 110 v\u00ealages on peut estimer qu&#8217;il y aura une cinquantaine de taurillon par an. Pour rappel ici, l&#8217;alimentation est en version s\u00e8che et cela sur en th\u00e9orie 9 mois .<\/li>\n<li style=\"text-align: left;\">Cette ration est \u00e0 base de pulpe de betterave, c\u00e9r\u00e9ales auto-produite, et de tourteau de colza et de lin .<\/li>\n<li style=\"text-align: left;\">Sachant qu&#8217;un taurillon en d\u00e9but d&#8217;engraissement va consommer en d\u00e9but d&#8217;engraissement 4 \u00e0 5 kg de Ms de c\u00e9r\u00e9ales et en fin d&#8217;engraissement il consommera une 10 kg de Ms \u00a0de concentr\u00e9s.<\/li>\n<li style=\"text-align: left;\">En th\u00e9orie, une ration se doit d&#8217;avoir un \u00e9quilibre \u00e9nergie et azote . On conseille 2\/3 d&#8217;\u00e9nergie et 1\/3 d&#8217;azote .<\/li>\n<li style=\"text-align: left;\">Ici sur une ration moyenne de 7 kg sur 270 jours, il faudra apporter 4,6 kg d&#8217;\u00e9nergie et 2,4 kg d&#8217;azote .<\/li>\n<li style=\"text-align: left;\">On aura donc sur un an : 4,6*270*50 = \u00a062.1 T de MS de c\u00e9r\u00e9ales soit <span style=\"color: #ff9900;\">72 T<\/span><\/li>\n<li style=\"text-align: left;\">et 2.4*270*50= 32.4 t de MS de tourteau soit <span style=\"color: #ff9900;\">37 t<\/span><\/li>\n<li style=\"text-align: left;\">et il faut aussi tenir compte \u00a0des CMV (sachant qu&#8217;une ration s\u00e8che demande plus d&#8217;apport de bicarbonate pour \u00e9viter les acidoses ) aussi , ici on peut consid\u00e9rer que la ration quotidienne peu etre estim\u00e9e \u00e0 100g \/j\/animal.<\/li>\n<li style=\"text-align: left;\">soit 0.1*270.*50= \u00a0<span style=\"color: #ff9900;\">1t350 de min\u00e9raux<\/span><\/li>\n<li style=\"text-align: left;\">A cela il faut ajouter la paille qui est en libre service on peut estimer avec ce type de ration de 3 \u00e0 5 kg de paille<\/li>\n<li style=\"text-align: left;\">soit 4*270*50 = 54 T<\/li>\n<li style=\"text-align: left;\">Pour les b\u0153ufs,le principe \u00e9tant qu&#8217;ils doivent profiter de la pousse de l&#8217;herbe pour s&#8217;engraisser . Aussi nous allons mettre en place une production de b\u0153ufs de 36 mois avec une phase de finition de 3 mois .<\/li>\n<li style=\"text-align: left;\">Pour cette finition nous prendrons l&#8217;\u00e9quivalent de 3 mois d&#8217;alimentation de taurillon (soit une base de 90 jours)<\/li>\n<li style=\"text-align: left;\">Pour les premiers hivers , les b\u0153ufs seront exclusivement aliment\u00e9s avec une ration de paille et de foin :<\/li>\n<li style=\"text-align: left;\">1er hiver : on aura des &#8220;broutards&#8221; qui feront les 400kg et sortiront \u00e0 400kg ; on peut estimer qu&#8217;ils vont consommer une ration de <span style=\"color: #ff6600;\">4kg<\/span> de foin et <span style=\"color: #ff6600;\">3kg<\/span> de paille (soit l&#8217;\u00e9quivalent de 4-5 UF)<\/li>\n<li style=\"text-align: left;\">2\u00e8me hiver les animaux devront avoir eu un GMQ de 1.3 kg pendant 7 mois soit 273 Kg . Nos futurs b\u0153ufs feront \u00a0673kg \u00a0en moyenne Et ils vont rester 150 jours en stabulation avec un GMQ de 0<\/li>\n<li style=\"text-align: left;\">Ration \u00e0 base de foin et de paille : \u00a0<span style=\"color: #ff6600;\">6kg<\/span> de foin et <span style=\"color: #ff6600;\">4 kg<\/span> de paille soit 6UF<\/li>\n<li style=\"text-align: left;\">Pour la deuxi\u00e8me saison de p\u00e2turage, on a deux options soit on commence \u00e0 les compl\u00e9menter (2 \u00e0 3kg\/jours) soit on les finit \u00e0 l&#8217;auge en stabulation.<\/li>\n<li style=\"text-align: left;\">On peut estimer que les animaux les plus gros pourront \u00eatre vendu \u00e0 partir de ao\u00fbt. En effet , certains animaux pourront faire des GMQ de 1.7 kg sur 4-5 mois soit 255 kg : on obtient des animaux qui pourrait faire 928 Kg .Ce qui devrait donner des carcasses de 450 \u00e0 500 kg \u00a0au minimum.<\/li>\n<li style=\"text-align: left;\">On peut estimer que l&#8217;on aurait 1\/3 des animaux qui feront ces objectifs .<\/li>\n<li style=\"text-align: left;\">Un autre 1\/3 des animaux pourraient avoir un GMQ de 1.4 sur 6-7 mois (soit 294kg ) et ainsi obtenir des animaux qui feront (sans compl\u00e9mentation) 967 \u00a0Kg<\/li>\n<li style=\"text-align: left;\">Et le dernier 1\/3 aura fait un GMQ de 1.1 sur 8 mois ( +264 kg soit 937kg vif) \u00a0et seront engraiss\u00e9s pendant deux \u00e0 trois mois suivant les besoins de la boucherie (On peut obtenir des GMQde 1.5kg \u00a0soit par mois +45kg ).,<\/li>\n<li style=\"text-align: left;\">D&#8217;un point de vue alimentaire<\/li>\n<li style=\"text-align: left;\">Pour 50 Taurillons on avait :<\/li>\n<\/ul>\n<ol>\n<li>72 t de c\u00e9r\u00e9ales<\/li>\n<li>37 T de Tourteaux azot\u00e9es<\/li>\n<li>1,35 T de min\u00e9raux<\/li>\n<li>54 T de paille<\/li>\n<\/ol>\n<ul>\n<li style=\"text-align: left;\">Pour les b\u0153ufs :<\/li>\n<\/ul>\n<ol>\n<li>Foin (4kg*150j*50) +(6kg*150j*50) = 75 T<\/li>\n<li>Paille (3kg*150j*50)+ (4kg*150j*50)= 52T5<\/li>\n<li>P\u00e2turage : ?? <img decoding=\"async\" data-src=\"http:\/\/www.cfppa.fr\/infocampus\/wp-content\/plugins\/tinymce-emoticons\/images\/emoticons-set-1\/angry.png\" alt=\"angry\" border=\"0\" hspace=\"5\" src=\"data:image\/svg+xml;base64,PHN2ZyB3aWR0aD0iMSIgaGVpZ2h0PSIxIiB4bWxucz0iaHR0cDovL3d3dy53My5vcmcvMjAwMC9zdmciPjwvc3ZnPg==\" class=\"lazyload\" \/>\u00a0et oui il faut l&#8217;estimer et le g\u00e9rer !<\/li>\n<\/ol>\n<ul>\n<li>Pour le p\u00e2turage : sachant que de l&#8217;herbe \u00e0 20 cm, cela correspond \u00e0 2t de Ms par ha et sachant qu&#8217;au printemps avec une pluviosit\u00e9 et une temp\u00e9rature &#8220;normale&#8221; il faudra compter 1.5 \u00e0 2 mois pour assurer la repousse ( un apport d&#8217;azote limitera ce temps!) et sachant qu&#8217;un b\u0153uf d&#8217;un an a une besoin en UF de 5 \u00e0 6 et qu&#8217;un b\u0153uf de 2 ans \u00e0 un besoin de 8 \u00e0 9 UF , et que de l&#8217;herbe \u00e0 20 cm fait 1UF par kg de MS<\/li>\n<li>On peut donc en d\u00e9duire que pour notre b\u0153uf de 1 an il lui faudra 30 m<sup>2<\/sup> par jour et que mon b\u0153uf de 2 ans 45 m<sup>2<\/sup> \u00a0par jour .<\/li>\n<li>Donc il me faut \u00a06 ha 75 pour 45 jours de p\u00e2turage pour les 1 an et 9 ha 45 pour les deux ans. Il me faudra donc 16 ha 2 de p\u00e2turage en r\u00e9gime de croisi\u00e8re .<\/li>\n<li><img decoding=\"async\" data-src=\"http:\/\/www.cfppa.fr\/infocampus\/wp-content\/plugins\/tinymce-emoticons\/images\/emoticons-set-1\/notsure.png\" alt=\"notsure\" border=\"0\" hspace=\"5\" src=\"data:image\/svg+xml;base64,PHN2ZyB3aWR0aD0iMSIgaGVpZ2h0PSIxIiB4bWxucz0iaHR0cDovL3d3dy53My5vcmcvMjAwMC9zdmciPjwvc3ZnPg==\" class=\"lazyload\" \/>\u00a0Donc on perd 16.2 ha pour les vaches !! ??? ou alors on augmente la fumure pour supporter ce nouveau chargement ! (30 u de N donne en moyenne +1t de foin !)<\/li>\n<li><\/li>\n<li style=\"text-align: left;\"><!--nextpage--><\/li>\n<li><strong>\u00a0<\/strong><\/li>\n<\/ul>\n<!-- WP Attachments -->\r\n        <div style=\"width:100%;margin:10px 0 10px 0;\">\r\n            <h3>Attachments<\/h3>\r\n        <ul class=\"post-attachments\"><li class=\"post-attachment mime-application-pdf\"><a href=\"https:\/\/www.cfppa.fr\/infocampus\/wp-content\/uploads\/2013\/09\/passage-rapport.pdf\">passage rapport<\/a> <small>(49 kB)<\/small><\/li><li class=\"post-attachment mime-application-vnd-openxmlformats-officedocument-spreadsheetml-sheet\"><a href=\"https:\/\/www.cfppa.fr\/infocampus\/wp-content\/uploads\/2013\/09\/FDR.xlsx\">FDR<\/a> <small>(18 kB)<\/small><\/li><\/ul><\/div>","protected":false},"excerpt":{"rendered":"<p>&nbsp; Le march\u00e9 &#8220;\u00e0 la berrichonne&#8221; Yoann vous souhaite un grand bonjour !! Une premi\u00e8re pour les BP AP !! Nos vaches r\u00e9alis\u00e9es par le groupe des erequ@agricole vous souhaitent \u00e9galement un bon march\u00e9 ! \u00a0Le march\u00e9 int\u00e9rieur, des produits locaux , des stands anim\u00e9es par les apprenants BP REA &hellip;<\/p>\n","protected":false},"author":1,"featured_media":0,"parent":0,"menu_order":0,"comment_status":"closed","ping_status":"closed","template":"","meta":{"_crdt_document":"","footnotes":""},"class_list":["post-2","page","type-page","status-publish","hentry"],"yoast_head":"<!-- This site is optimized with the Yoast SEO plugin v27.4 - https:\/\/yoast.com\/product\/yoast-seo-wordpress\/ -->\n<title>La une du CFPPA de Bourges - Info campus CFPPA<\/title>\n<meta name=\"description\" content=\"Actualit\u00e9s du CFPPA de Bourges : la vie au CFPPA et des liens vers des info pour les aider \u00e0 r\u00e9ussir\" \/>\n<meta name=\"robots\" content=\"index, follow, max-snippet:-1, max-image-preview:large, max-video-preview:-1\" \/>\n<link rel=\"canonical\" href=\"http:\/\/www.cfppa.fr\/infocampus\/page-d-exemple\/\" \/>\n<link rel=\"next\" href=\"http:\/\/www.cfppa.fr\/infocampus\/page-d-exemple\/2\/\" \/>\n<meta property=\"og:locale\" content=\"fr_FR\" \/>\n<meta property=\"og:type\" content=\"article\" \/>\n<meta property=\"og:title\" content=\"La une du CFPPA de Bourges - Info campus CFPPA\" \/>\n<meta property=\"og:description\" content=\"Actualit\u00e9s du CFPPA de Bourges : la vie au CFPPA et des liens vers des info pour les aider \u00e0 r\u00e9ussir\" \/>\n<meta property=\"og:url\" content=\"http:\/\/www.cfppa.fr\/infocampus\/page-d-exemple\/\" \/>\n<meta property=\"og:site_name\" content=\"Info campus CFPPA\" \/>\n<meta property=\"article:modified_time\" content=\"2016-04-25T05:59:21+00:00\" \/>\n<meta property=\"og:image\" content=\"http:\/\/www.cfppa.fr\/infocampus\/wp-content\/uploads\/2013\/09\/cfppa_18_-5.jpg\" \/>\n<meta name=\"twitter:label1\" content=\"Dur\u00e9e de lecture estim\u00e9e\" \/>\n\t<meta name=\"twitter:data1\" content=\"22 minutes\" \/>\n<script type=\"application\/ld+json\" class=\"yoast-schema-graph\">{\"@context\":\"https:\\\/\\\/schema.org\",\"@graph\":[{\"@type\":\"WebPage\",\"@id\":\"http:\\\/\\\/www.cfppa.fr\\\/infocampus\\\/page-d-exemple\\\/\",\"url\":\"http:\\\/\\\/www.cfppa.fr\\\/infocampus\\\/page-d-exemple\\\/\",\"name\":\"La une du CFPPA de Bourges - Info campus CFPPA\",\"isPartOf\":{\"@id\":\"http:\\\/\\\/www.cfppa.fr\\\/infocampus\\\/#website\"},\"primaryImageOfPage\":{\"@id\":\"http:\\\/\\\/www.cfppa.fr\\\/infocampus\\\/page-d-exemple\\\/#primaryimage\"},\"image\":{\"@id\":\"http:\\\/\\\/www.cfppa.fr\\\/infocampus\\\/page-d-exemple\\\/#primaryimage\"},\"thumbnailUrl\":\"http:\\\/\\\/www.cfppa.fr\\\/infocampus\\\/wp-content\\\/uploads\\\/2013\\\/09\\\/cfppa_18_-5.jpg\",\"datePublished\":\"2013-09-06T05:26:04+00:00\",\"dateModified\":\"2016-04-25T05:59:21+00:00\",\"description\":\"Actualit\u00e9s du CFPPA de Bourges : la vie au CFPPA et des liens vers des info pour les aider \u00e0 r\u00e9ussir\",\"inLanguage\":\"fr-FR\",\"potentialAction\":[{\"@type\":\"ReadAction\",\"target\":[\"http:\\\/\\\/www.cfppa.fr\\\/infocampus\\\/page-d-exemple\\\/\"]}]},{\"@type\":\"ImageObject\",\"inLanguage\":\"fr-FR\",\"@id\":\"http:\\\/\\\/www.cfppa.fr\\\/infocampus\\\/page-d-exemple\\\/#primaryimage\",\"url\":\"https:\\\/\\\/www.cfppa.fr\\\/infocampus\\\/wp-content\\\/uploads\\\/2013\\\/09\\\/cfppa_18_-5.jpg\",\"contentUrl\":\"https:\\\/\\\/www.cfppa.fr\\\/infocampus\\\/wp-content\\\/uploads\\\/2013\\\/09\\\/cfppa_18_-5.jpg\",\"width\":450,\"height\":600},{\"@type\":\"WebSite\",\"@id\":\"http:\\\/\\\/www.cfppa.fr\\\/infocampus\\\/#website\",\"url\":\"http:\\\/\\\/www.cfppa.fr\\\/infocampus\\\/\",\"name\":\"Info campus CFPPA\",\"description\":\"Un site \u00e0 la page\",\"publisher\":{\"@id\":\"http:\\\/\\\/www.cfppa.fr\\\/infocampus\\\/#organization\"},\"potentialAction\":[{\"@type\":\"SearchAction\",\"target\":{\"@type\":\"EntryPoint\",\"urlTemplate\":\"http:\\\/\\\/www.cfppa.fr\\\/infocampus\\\/?s={search_term_string}\"},\"query-input\":{\"@type\":\"PropertyValueSpecification\",\"valueRequired\":true,\"valueName\":\"search_term_string\"}}],\"inLanguage\":\"fr-FR\"},{\"@type\":\"Organization\",\"@id\":\"http:\\\/\\\/www.cfppa.fr\\\/infocampus\\\/#organization\",\"name\":\"CFPPA de bourges\",\"url\":\"http:\\\/\\\/www.cfppa.fr\\\/infocampus\\\/\",\"logo\":{\"@type\":\"ImageObject\",\"inLanguage\":\"fr-FR\",\"@id\":\"http:\\\/\\\/www.cfppa.fr\\\/infocampus\\\/#\\\/schema\\\/logo\\\/image\\\/\",\"url\":\"https:\\\/\\\/www.cfppa.fr\\\/infocampus\\\/wp-content\\\/uploads\\\/2013\\\/09\\\/logo_ministerecfppa.png\",\"contentUrl\":\"https:\\\/\\\/www.cfppa.fr\\\/infocampus\\\/wp-content\\\/uploads\\\/2013\\\/09\\\/logo_ministerecfppa.png\",\"width\":1,\"height\":1,\"caption\":\"CFPPA de bourges\"},\"image\":{\"@id\":\"http:\\\/\\\/www.cfppa.fr\\\/infocampus\\\/#\\\/schema\\\/logo\\\/image\\\/\"}}]}<\/script>\n<!-- \/ Yoast SEO plugin. -->","yoast_head_json":{"title":"La une du CFPPA de Bourges - Info campus CFPPA","description":"Actualit\u00e9s du CFPPA de Bourges : la vie au CFPPA et des liens vers des info pour les aider \u00e0 r\u00e9ussir","robots":{"index":"index","follow":"follow","max-snippet":"max-snippet:-1","max-image-preview":"max-image-preview:large","max-video-preview":"max-video-preview:-1"},"canonical":"http:\/\/www.cfppa.fr\/infocampus\/page-d-exemple\/","next":"http:\/\/www.cfppa.fr\/infocampus\/page-d-exemple\/2\/","og_locale":"fr_FR","og_type":"article","og_title":"La une du CFPPA de Bourges - Info campus CFPPA","og_description":"Actualit\u00e9s du CFPPA de Bourges : la vie au CFPPA et des liens vers des info pour les aider \u00e0 r\u00e9ussir","og_url":"http:\/\/www.cfppa.fr\/infocampus\/page-d-exemple\/","og_site_name":"Info campus CFPPA","article_modified_time":"2016-04-25T05:59:21+00:00","og_image":[{"url":"http:\/\/www.cfppa.fr\/infocampus\/wp-content\/uploads\/2013\/09\/cfppa_18_-5.jpg","type":"","width":"","height":""}],"twitter_misc":{"Dur\u00e9e de lecture estim\u00e9e":"22 minutes"},"schema":{"@context":"https:\/\/schema.org","@graph":[{"@type":"WebPage","@id":"http:\/\/www.cfppa.fr\/infocampus\/page-d-exemple\/","url":"http:\/\/www.cfppa.fr\/infocampus\/page-d-exemple\/","name":"La une du CFPPA de Bourges - Info campus CFPPA","isPartOf":{"@id":"http:\/\/www.cfppa.fr\/infocampus\/#website"},"primaryImageOfPage":{"@id":"http:\/\/www.cfppa.fr\/infocampus\/page-d-exemple\/#primaryimage"},"image":{"@id":"http:\/\/www.cfppa.fr\/infocampus\/page-d-exemple\/#primaryimage"},"thumbnailUrl":"http:\/\/www.cfppa.fr\/infocampus\/wp-content\/uploads\/2013\/09\/cfppa_18_-5.jpg","datePublished":"2013-09-06T05:26:04+00:00","dateModified":"2016-04-25T05:59:21+00:00","description":"Actualit\u00e9s du CFPPA de Bourges : la vie au CFPPA et des liens vers des info pour les aider \u00e0 r\u00e9ussir","inLanguage":"fr-FR","potentialAction":[{"@type":"ReadAction","target":["http:\/\/www.cfppa.fr\/infocampus\/page-d-exemple\/"]}]},{"@type":"ImageObject","inLanguage":"fr-FR","@id":"http:\/\/www.cfppa.fr\/infocampus\/page-d-exemple\/#primaryimage","url":"https:\/\/www.cfppa.fr\/infocampus\/wp-content\/uploads\/2013\/09\/cfppa_18_-5.jpg","contentUrl":"https:\/\/www.cfppa.fr\/infocampus\/wp-content\/uploads\/2013\/09\/cfppa_18_-5.jpg","width":450,"height":600},{"@type":"WebSite","@id":"http:\/\/www.cfppa.fr\/infocampus\/#website","url":"http:\/\/www.cfppa.fr\/infocampus\/","name":"Info campus CFPPA","description":"Un site \u00e0 la page","publisher":{"@id":"http:\/\/www.cfppa.fr\/infocampus\/#organization"},"potentialAction":[{"@type":"SearchAction","target":{"@type":"EntryPoint","urlTemplate":"http:\/\/www.cfppa.fr\/infocampus\/?s={search_term_string}"},"query-input":{"@type":"PropertyValueSpecification","valueRequired":true,"valueName":"search_term_string"}}],"inLanguage":"fr-FR"},{"@type":"Organization","@id":"http:\/\/www.cfppa.fr\/infocampus\/#organization","name":"CFPPA de bourges","url":"http:\/\/www.cfppa.fr\/infocampus\/","logo":{"@type":"ImageObject","inLanguage":"fr-FR","@id":"http:\/\/www.cfppa.fr\/infocampus\/#\/schema\/logo\/image\/","url":"https:\/\/www.cfppa.fr\/infocampus\/wp-content\/uploads\/2013\/09\/logo_ministerecfppa.png","contentUrl":"https:\/\/www.cfppa.fr\/infocampus\/wp-content\/uploads\/2013\/09\/logo_ministerecfppa.png","width":1,"height":1,"caption":"CFPPA de bourges"},"image":{"@id":"http:\/\/www.cfppa.fr\/infocampus\/#\/schema\/logo\/image\/"}}]}},"_links":{"self":[{"href":"https:\/\/www.cfppa.fr\/infocampus\/wp-json\/wp\/v2\/pages\/2","targetHints":{"allow":["GET"]}}],"collection":[{"href":"https:\/\/www.cfppa.fr\/infocampus\/wp-json\/wp\/v2\/pages"}],"about":[{"href":"https:\/\/www.cfppa.fr\/infocampus\/wp-json\/wp\/v2\/types\/page"}],"author":[{"embeddable":true,"href":"https:\/\/www.cfppa.fr\/infocampus\/wp-json\/wp\/v2\/users\/1"}],"replies":[{"embeddable":true,"href":"https:\/\/www.cfppa.fr\/infocampus\/wp-json\/wp\/v2\/comments?post=2"}],"version-history":[{"count":0,"href":"https:\/\/www.cfppa.fr\/infocampus\/wp-json\/wp\/v2\/pages\/2\/revisions"}],"wp:attachment":[{"href":"https:\/\/www.cfppa.fr\/infocampus\/wp-json\/wp\/v2\/media?parent=2"}],"curies":[{"name":"wp","href":"https:\/\/api.w.org\/{rel}","templated":true}]}}