{"id":1706,"date":"2015-05-23T18:09:32","date_gmt":"2015-05-23T16:09:32","guid":{"rendered":"http:\/\/www.cfppa.fr\/infocampus\/?page_id=1706"},"modified":"2020-08-14T18:17:07","modified_gmt":"2020-08-14T16:17:07","slug":"il-etait-une-fois-le-cfppa-de-bourges","status":"publish","type":"page","link":"https:\/\/www.cfppa.fr\/infocampus\/","title":{"rendered":"Il \u00e9tait une fois &#8230;un CFPPA \u00e0 Bourges"},"content":{"rendered":"\n<h2 class=\"has-text-align-center wp-block-heading\"><a href=\"https:\/\/sites.google.com\/view\/licence-gestion-des-risques\/ue6-projet-tuteur%C3%A9\/parlons-en-le-trio-infernal\" data-type=\"URL\" data-id=\"https:\/\/sites.google.com\/view\/licence-gestion-des-risques\/ue6-projet-tuteur%C3%A9\/parlons-en-le-trio-infernal\">Journ\u00e9e professionnelle des \u00e9tudiants en licence pro management des entreprises agricoles et gestion des risques <\/a><\/h2>\n\n\n\n<div class=\"wp-block-image\"><figure class=\"aligncenter\"><img decoding=\"async\" width=\"434\" height=\"480\" data-src=\"http:\/\/www.cfppa.fr\/infocampus\/wp-content\/uploads\/2020\/06\/affiche2-Copier.png\" alt=\"\" class=\"wp-image-2276 lazyload\" data-srcset=\"https:\/\/www.cfppa.fr\/infocampus\/wp-content\/uploads\/2020\/06\/affiche2-Copier.png 434w, https:\/\/www.cfppa.fr\/infocampus\/wp-content\/uploads\/2020\/06\/affiche2-Copier-271x300.png 271w\" data-sizes=\"(max-width: 434px) 100vw, 434px\" src=\"data:image\/svg+xml;base64,PHN2ZyB3aWR0aD0iMSIgaGVpZ2h0PSIxIiB4bWxucz0iaHR0cDovL3d3dy53My5vcmcvMjAwMC9zdmciPjwvc3ZnPg==\" style=\"--smush-placeholder-width: 434px; --smush-placeholder-aspect-ratio: 434\/480;\" \/><\/figure><\/div>\n\n\n\n<h3 class=\"has-text-align-center has-medium-orange-color has-text-color wp-block-heading\" id=\"h.p_KMfxtOKoKSfQ\">Les risques psychosociaux en agriculture sont des risques tr\u00e8s rarement expos\u00e9s, mais ils sont sournois et poussent parfois \u00e0 des gestes tragiques .<\/h3>\n\n\n\n<p class=\"wp-block-paragraph\">\u00catre un chef d&#8217;entreprise en agriculture , h\u00e9riter un patrimoine familial qui ce doit d&#8217;\u00eatre transmis , assurer la gestion de productions qui d\u00e9pendent du &#8220;ciel&#8221; , ne pas conna\u00eetre son prix de vente , respecter l&#8217;environnement , les attentes de la soci\u00e9t\u00e9, etc. sont des \u00e9l\u00e9ments qui sont peu ma\u00eetrisables par l&#8217;agriculteur.<\/p>\n\n\n\n<p class=\"wp-block-paragraph\">L&#8217;agriculteur reste un HOMME, mais il doit \u00eatre chef d&#8217;orchestre de lui-m\u00eame : il doit tout ma\u00eetriser. Le moindre petit grain de sable dans ces engrenages de la vie , peut induire , un simple blocage , mais aussi une destruction du syst\u00e8me qui repose que sur un homme dans bien des exploitations.<\/p>\n\n\n\n<p class=\"wp-block-paragraph\">Cet homme agit par sa force physique, mais aussi par sa force mentale . Il est au c\u0153ur du syst\u00e8me et sa capacit\u00e9 \u00e0 encaisser les chocs peut avoir des limites, surtout quand il d\u00e9ploie son inertie pour se prot\u00e9ger et prot\u00e9ger son entourage .<\/p>\n\n\n\n<p class=\"wp-block-paragraph\">Cette pression non exprim\u00e9e , non partag\u00e9e peut se traduire h\u00e9las pas des gestes tragiques .<\/p>\n\n\n\n<p class=\"wp-block-paragraph\">Nous allons essayer de comprendre comment un chef d&#8217;exploitation peut arriver \u00e0 cette situation et essayer de proposer des solutions ou des voies \u00e0 explorer pour \u00e9viter d&#8217;arriver \u00e0 la situation dramatique.<\/p>\n\n\n\n<h3 class=\"wp-block-heading\" style=\"line-height:1.5\"><a href=\"https:\/\/sites.google.com\/view\/licence-gestion-des-risques\/ue6-projet-tuteur%C3%A9\/parlons-en-le-trio-infernal#h.p_Hz0RxFTlotYZ\" data-type=\"URL\" data-id=\"https:\/\/sites.google.com\/view\/licence-gestion-des-risques\/ue6-projet-tuteur%C3%A9\/parlons-en-le-trio-infernal#h.p_Hz0RxFTlotYZ\">Webinaire<\/a> : mercredi 17 juin de 9 h \u00e0 11 h<\/h3>\n\n\n\n<h3 class=\"wp-block-heading\"><a href=\"https:\/\/sites.google.com\/view\/licence-gestion-des-risques\/ue6-projet-tuteur%C3%A9\/parlons-en-le-trio-infernal#h.p_UA1JCacmQWsX\" data-type=\"URL\" data-id=\"https:\/\/sites.google.com\/view\/licence-gestion-des-risques\/ue6-projet-tuteur%C3%A9\/parlons-en-le-trio-infernal#h.p_UA1JCacmQWsX\">Webinaire <\/a>: jeudi 18  juin de 18h \u00e0 20 h<\/h3>\n\n\n\n<h3 class=\"wp-block-heading\"><a href=\"https:\/\/sites.google.com\/view\/licence-gestion-des-risques\/ue6-projet-tuteur%C3%A9\/parlons-en-le-trio-infernal#h.p_vLFC_BlORrIE\" data-type=\"URL\" data-id=\"https:\/\/sites.google.com\/view\/licence-gestion-des-risques\/ue6-projet-tuteur%C3%A9\/parlons-en-le-trio-infernal#h.p_vLFC_BlORrIE\">Webinaire<\/a> : vendredi 19  juin de 11 h \u00e0 13 h<\/h3>\n\n\n\n<hr class=\"wp-block-separator is-style-wide\"\/>\n\n\n\n<p class=\"wp-block-paragraph\"><strong>Jeudi 5 mars 2020<\/strong>: des entreprises seront pr\u00e9sentes pour r\u00e9aliser un stagedatting pour notre formation&nbsp; d\u00e9couverte des m\u00e9tiers&nbsp; &#8220;aide \u00e0 domicile&#8221;&nbsp;. Elles recherches des candidates et seront pr\u00eates \u00e0 proposer des contrats enfin de formation si tout se passe bien <\/p>\n\n\n\n<figure class=\"wp-block-image size-large is-resized\"><img decoding=\"async\" data-src=\"http:\/\/www.cfppa.fr\/infocampus\/wp-content\/uploads\/2020\/02\/2020-02-06-14.29.54-Copier.jpg\" alt=\"\" class=\"wp-image-2270 lazyload\" width=\"768\" height=\"576\" data-srcset=\"https:\/\/www.cfppa.fr\/infocampus\/wp-content\/uploads\/2020\/02\/2020-02-06-14.29.54-Copier.jpg 1024w, https:\/\/www.cfppa.fr\/infocampus\/wp-content\/uploads\/2020\/02\/2020-02-06-14.29.54-Copier-300x225.jpg 300w, https:\/\/www.cfppa.fr\/infocampus\/wp-content\/uploads\/2020\/02\/2020-02-06-14.29.54-Copier-768x576.jpg 768w\" data-sizes=\"(max-width: 768px) 100vw, 768px\" src=\"data:image\/svg+xml;base64,PHN2ZyB3aWR0aD0iMSIgaGVpZ2h0PSIxIiB4bWxucz0iaHR0cDovL3d3dy53My5vcmcvMjAwMC9zdmciPjwvc3ZnPg==\" style=\"--smush-placeholder-width: 768px; --smush-placeholder-aspect-ratio: 768\/576;\" \/><\/figure>\n\n\n\n<h4 class=\"has-text-align-center has-medium-orange-color has-text-color wp-block-heading\">Cette formation est financ\u00e9e par le conseil r\u00e9gional Centre val de Loire. Il y a 10 places \u00e0 saisir et un contrat en fin de formation !!  <\/h4>\n\n\n\n<p class=\"wp-block-paragraph\"><\/p>\n\n\n\n<p class=\"wp-block-paragraph\"><\/p>\n\n\n\n<hr class=\"wp-block-separator has-text-color has-background has-medium-brown-background-color has-medium-brown-color is-style-wide\"\/>\n\n\n\n<hr class=\"wp-block-separator is-style-wide\"\/>\n\n\n\n<h2 class=\"has-text-align-center has-text-color wp-block-heading\" style=\"color:#1845eb\"><strong>Nos sites sp\u00e9cialis\u00e9s<\/strong><\/h2>\n\n\n\n<div class=\"wp-block-columns alignfull are-vertically-aligned-top is-layout-flex wp-container-core-columns-is-layout-8f761849 wp-block-columns-is-layout-flex\">\n<div class=\"wp-block-column is-vertically-aligned-top is-layout-flow wp-block-column-is-layout-flow\">\n<h3 class=\"has-text-align-center wp-block-heading\">Licence <\/h3>\n\n\n\n<p class=\"has-text-align-center wp-block-paragraph\"><a href=\"https:\/\/sites.google.com\/view\/licence-gestion-des-risques\/accueil\">Licence gestion des risques agricoles <\/a><\/p>\n\n\n\n<figure class=\"wp-block-image size-large\"><img decoding=\"async\" width=\"714\" height=\"715\" data-src=\"http:\/\/www.cfppa.fr\/infocampus\/wp-content\/uploads\/2019\/08\/logo_licence3.png\" alt=\"logo licence\" class=\"wp-image-2209 lazyload\" data-srcset=\"https:\/\/www.cfppa.fr\/infocampus\/wp-content\/uploads\/2019\/08\/logo_licence3.png 714w, https:\/\/www.cfppa.fr\/infocampus\/wp-content\/uploads\/2019\/08\/logo_licence3-150x150.png 150w, https:\/\/www.cfppa.fr\/infocampus\/wp-content\/uploads\/2019\/08\/logo_licence3-300x300.png 300w\" data-sizes=\"(max-width: 714px) 100vw, 714px\" src=\"data:image\/svg+xml;base64,PHN2ZyB3aWR0aD0iMSIgaGVpZ2h0PSIxIiB4bWxucz0iaHR0cDovL3d3dy53My5vcmcvMjAwMC9zdmciPjwvc3ZnPg==\" style=\"--smush-placeholder-width: 714px; --smush-placeholder-aspect-ratio: 714\/715;\" \/><\/figure>\n\n\n\n<p class=\"has-text-align-center wp-block-paragraph\"><strong>Sur ce site vous pourrez trouver entres autres : <\/strong><\/p>\n\n\n\n<p class=\"has-text-align-center wp-block-paragraph\"> <a rel=\"noreferrer noopener\" aria-label=\" (ouverture dans un nouvel onglet)\" href=\"http:\/\/www.xmind.net\/m\/HhzztE\" target=\"_blank\">Comment choisir un bail agricole ?<\/a><\/p>\n\n\n\n<p class=\"has-text-align-center wp-block-paragraph\"><a rel=\"noreferrer noopener\" aria-label=\" (ouverture dans un nouvel onglet)\" href=\"http:\/\/www.xmind.net\/m\/tWJn4i\" target=\"_blank\">Comment choisir son statut  de soci\u00e9t\u00e9 <\/a><a href=\"http:\/\/www.xmind.net\/m\/tWJn4i\" target=\"_blank\" rel=\"noreferrer noopener\" aria-label=\" (ouverture dans un nouvel onglet)\">?<\/a><a rel=\"noreferrer noopener\" aria-label=\" (ouverture dans un nouvel onglet)\" href=\"http:\/\/www.xmind.net\/m\/tWJn4i\" target=\"_blank\"> <\/a><\/p>\n\n\n<\/div>\n\n\n\n<div class=\"wp-block-column is-vertically-aligned-top is-layout-flow wp-block-column-is-layout-flow\">\n<h3 class=\"has-text-align-center wp-block-heading\">BP REA<\/h3>\n\n\n\n<p class=\"has-text-align-center wp-block-paragraph\"><a href=\"https:\/\/sites.google.com\/view\/rea-cfppa-fr\/home\">BP Responsables d&#8217;Entreprise Agricole <\/a><\/p>\n\n\n\n<div class=\"wp-block-image\"><figure class=\"aligncenter size-large\"><img decoding=\"async\" width=\"338\" height=\"600\" data-src=\"http:\/\/www.cfppa.fr\/infocampus\/wp-content\/uploads\/2015\/05\/2016-03-12-09.15.21-CFPPA18.jpg\" alt=\"\" class=\"wp-image-1889 lazyload\" data-srcset=\"https:\/\/www.cfppa.fr\/infocampus\/wp-content\/uploads\/2015\/05\/2016-03-12-09.15.21-CFPPA18.jpg 338w, https:\/\/www.cfppa.fr\/infocampus\/wp-content\/uploads\/2015\/05\/2016-03-12-09.15.21-CFPPA18-169x300.jpg 169w\" data-sizes=\"(max-width: 338px) 100vw, 338px\" src=\"data:image\/svg+xml;base64,PHN2ZyB3aWR0aD0iMSIgaGVpZ2h0PSIxIiB4bWxucz0iaHR0cDovL3d3dy53My5vcmcvMjAwMC9zdmciPjwvc3ZnPg==\" style=\"--smush-placeholder-width: 338px; --smush-placeholder-aspect-ratio: 338\/600;\" \/><\/figure><\/div>\n\n\n\n<p class=\"has-text-align-center wp-block-paragraph\">Sur ce site on peut vous expliquer entres autres : <\/p>\n\n\n\n<p class=\"has-text-align-center wp-block-paragraph\"><a rel=\"noreferrer noopener\" aria-label=\"Le prix d'\u00e9quilibre  (ouverture dans un nouvel onglet)\" href=\"https:\/\/www.youtube.com\/watch?v=4yAhBtEVvs8\" target=\"_blank\">Le prix d&#8217;\u00e9quilibre (vid\u00e9o ) <\/a><\/p>\n\n\n\n<p class=\"has-text-align-center wp-block-paragraph\"><a href=\"https:\/\/www.youtube.com\/watch?v=0vHYbrXdrss&amp;t=7s\" target=\"_blank\" rel=\"noreferrer noopener\" aria-label=\"Le bilan (ouverture dans un nouvel onglet)\">Le bilan<\/a> <\/p>\n<\/div>\n\n\n\n<div class=\"wp-block-column is-vertically-aligned-top is-layout-flow wp-block-column-is-layout-flow\">\n<h3 class=\"has-text-align-center wp-block-heading\">BP AP <\/h3>\n\n\n\n<p class=\"has-text-align-center wp-block-paragraph\"><a href=\"https:\/\/sites.google.com\/view\/amenagementspaysagerscfppa18\/accueil\">Am\u00e9nagements Paysagers <\/a><\/p>\n\n\n\n<figure class=\"wp-block-image size-large\"><img decoding=\"async\" width=\"450\" height=\"600\" data-src=\"http:\/\/www.cfppa.fr\/infocampus\/wp-content\/uploads\/2013\/09\/cfppa_18_-5.jpg\" alt=\"\" class=\"wp-image-1643 lazyload\" data-srcset=\"https:\/\/www.cfppa.fr\/infocampus\/wp-content\/uploads\/2013\/09\/cfppa_18_-5.jpg 450w, https:\/\/www.cfppa.fr\/infocampus\/wp-content\/uploads\/2013\/09\/cfppa_18_-5-225x300.jpg 225w\" data-sizes=\"(max-width: 450px) 100vw, 450px\" src=\"data:image\/svg+xml;base64,PHN2ZyB3aWR0aD0iMSIgaGVpZ2h0PSIxIiB4bWxucz0iaHR0cDovL3d3dy53My5vcmcvMjAwMC9zdmciPjwvc3ZnPg==\" style=\"--smush-placeholder-width: 450px; --smush-placeholder-aspect-ratio: 450\/600;\" \/><\/figure>\n<\/div>\n<\/div>\n\n\n\n<h2 class=\"has-text-align-center has-text-color wp-block-heading\" style=\"color:#1216e9\">Nos formations sp\u00e9cifiques en agriculture et mara\u00eechage  <\/h2>\n\n\n\n<hr class=\"wp-block-separator is-style-wide\"\/>\n\n\n\n<div class=\"wp-block-media-text alignfull has-media-on-the-right is-stacked-on-mobile\" style=\"grid-template-columns:auto 41%\"><figure class=\"wp-block-media-text__media\"><img decoding=\"async\" width=\"539\" height=\"768\" data-src=\"http:\/\/www.cfppa.fr\/infocampus\/wp-content\/uploads\/2019\/12\/permaculture-Copier.png\" alt=\"\" class=\"wp-image-2252 lazyload\" data-srcset=\"https:\/\/www.cfppa.fr\/infocampus\/wp-content\/uploads\/2019\/12\/permaculture-Copier.png 539w, https:\/\/www.cfppa.fr\/infocampus\/wp-content\/uploads\/2019\/12\/permaculture-Copier-211x300.png 211w\" data-sizes=\"(max-width: 539px) 100vw, 539px\" src=\"data:image\/svg+xml;base64,PHN2ZyB3aWR0aD0iMSIgaGVpZ2h0PSIxIiB4bWxucz0iaHR0cDovL3d3dy53My5vcmcvMjAwMC9zdmciPjwvc3ZnPg==\" style=\"--smush-placeholder-width: 539px; --smush-placeholder-aspect-ratio: 539\/768;\" \/><\/figure><div class=\"wp-block-media-text__content\">\n<h3 class=\"has-text-align-center wp-block-heading\"><span style=\"color:#db572f\" class=\"tadv-color\">Permaculture <\/span><\/h3>\n\n\n\n<p class=\"wp-block-paragraph\" style=\"font-size:30px\">Permaculture , une nouvelle approche &#8230;<\/p>\n\n\n\n<p class=\"wp-block-paragraph\">Am\u00e9nager le parcellaire pour favoriser les \u00e9quilibres naturels<\/p>\n\n\n\n<ul class=\"wp-block-list\"><li>\u00c9tablir un pr\u00e9visionnel de production<\/li><li>Elaborer des assolements limitant les ressources <\/li><li>\u00c9laborer la rotation des productions, les itin\u00e9raires techniques <\/li><li>Observer pour d\u00e9clencher au moment opportun les interventions n\u00e9cessaires<\/li><li>Observer pour appr\u00e9cier la sant\u00e9 des productions, la vie biologique du sol <\/li><li>Identifier la faune auxiliaire  et mettre en place des syst\u00e8mes pour l\u2019optimiser <\/li><\/ul>\n<\/div><\/div>\n\n\n\n<div class=\"wp-block-columns alignfull is-layout-flex wp-container-core-columns-is-layout-8f761849 wp-block-columns-is-layout-flex\">\n<div class=\"wp-block-column is-layout-flow wp-block-column-is-layout-flow\">\n<h3 class=\"has-text-align-center wp-block-heading\"><span style=\"color:#bc360a\" class=\"tadv-color\">Biodynamie <\/span><\/h3>\n\n\n\n<div class=\"wp-block-image\"><figure class=\"aligncenter size-large\"><img decoding=\"async\" width=\"544\" height=\"768\" data-src=\"http:\/\/www.cfppa.fr\/infocampus\/wp-content\/uploads\/2019\/12\/biodynamie-Copier.png\" alt=\"\" class=\"wp-image-2249 lazyload\" data-srcset=\"https:\/\/www.cfppa.fr\/infocampus\/wp-content\/uploads\/2019\/12\/biodynamie-Copier.png 544w, https:\/\/www.cfppa.fr\/infocampus\/wp-content\/uploads\/2019\/12\/biodynamie-Copier-213x300.png 213w\" data-sizes=\"(max-width: 544px) 100vw, 544px\" src=\"data:image\/svg+xml;base64,PHN2ZyB3aWR0aD0iMSIgaGVpZ2h0PSIxIiB4bWxucz0iaHR0cDovL3d3dy53My5vcmcvMjAwMC9zdmciPjwvc3ZnPg==\" style=\"--smush-placeholder-width: 544px; --smush-placeholder-aspect-ratio: 544\/768;\" \/><\/figure><\/div>\n\n\n\n<p class=\"has-text-align-center wp-block-paragraph\"><strong>Renseignez vous  aupr\u00e8s du CFPPA  pour avoir les dates de cette ann\u00e9e <\/strong><\/p>\n\n\n\n<p class=\"has-text-align-center wp-block-paragraph\">Pour vous inscrire via votre compte CPF  : <a rel=\"noreferrer noopener\" aria-label=\"Fiche  UCAREbiodynamie  (ouverture dans un nouvel onglet)\" href=\"https:\/\/www.moncompteformation.gouv.fr\/espace-prive\/html\/#\/formation\/recherche\/19180585200065_BPREA\/19180585200065_UCAREbiodynamie\" target=\"_blank\">Fiche  UCAREbiodynamie <\/a><\/p>\n\n\n\n<p class=\"has-text-align-center wp-block-paragraph\">ou par cette fiche  <a href=\"https:\/\/www.moncompteformation.gouv.fr\/espace-prive\/html\/#\/formation\/recherche\/19180585200065_BP_REA_UCARE_Biodynamie\/19180585200065_UCAREBiodynamie\" target=\"_blank\" rel=\"noreferrer noopener\" aria-label=\"BP REA UCARE Biodynamie (ouverture dans un nouvel onglet)\">BP REA UCARE Biodynamie<\/a><\/p>\n\n\n<\/div>\n\n\n\n<div class=\"wp-block-column is-layout-flow wp-block-column-is-layout-flow\">\n<h3 class=\"has-text-align-center wp-block-heading\"><span style=\"color:#bc360a\" class=\"tadv-color\">Micro-ferme ou bio-intensif <\/span><\/h3>\n\n\n\n<div class=\"wp-block-image\"><figure class=\"aligncenter size-large\"><img decoding=\"async\" width=\"548\" height=\"768\" data-src=\"http:\/\/www.cfppa.fr\/infocampus\/wp-content\/uploads\/2019\/12\/bio_intensif-Copier.png\" alt=\"\" class=\"wp-image-2248 lazyload\" data-srcset=\"https:\/\/www.cfppa.fr\/infocampus\/wp-content\/uploads\/2019\/12\/bio_intensif-Copier.png 548w, https:\/\/www.cfppa.fr\/infocampus\/wp-content\/uploads\/2019\/12\/bio_intensif-Copier-214x300.png 214w\" data-sizes=\"(max-width: 548px) 100vw, 548px\" src=\"data:image\/svg+xml;base64,PHN2ZyB3aWR0aD0iMSIgaGVpZ2h0PSIxIiB4bWxucz0iaHR0cDovL3d3dy53My5vcmcvMjAwMC9zdmciPjwvc3ZnPg==\" style=\"--smush-placeholder-width: 548px; --smush-placeholder-aspect-ratio: 548\/768;\" \/><\/figure><\/div>\n\n\n\n<p class=\"has-text-align-center wp-block-paragraph\">Pour vous inscrire  via votre compte CPF : <a href=\"https:\/\/www.moncompteformation.gouv.fr\/espace-prive\/html\/#\/formation\/recherche\/19180585200065_BPREA\/19180585200065_UACREMicroFerme\" target=\"_blank\" rel=\"noreferrer noopener\" aria-label=\"Fiche UCAREMicorFerme  (ouverture dans un nouvel onglet)\">Fiche UCAREMicorFerme <\/a><\/p>\n<\/div>\n<\/div>\n\n\n\n<div class=\"wp-block-media-text alignfull has-media-on-the-right is-stacked-on-mobile\"><figure class=\"wp-block-media-text__media\"><img decoding=\"async\" width=\"541\" height=\"768\" data-src=\"http:\/\/www.cfppa.fr\/infocampus\/wp-content\/uploads\/2019\/12\/agri_conservation-Copier.png\" alt=\"\" class=\"wp-image-2246 lazyload\" data-srcset=\"https:\/\/www.cfppa.fr\/infocampus\/wp-content\/uploads\/2019\/12\/agri_conservation-Copier.png 541w, https:\/\/www.cfppa.fr\/infocampus\/wp-content\/uploads\/2019\/12\/agri_conservation-Copier-211x300.png 211w\" data-sizes=\"(max-width: 541px) 100vw, 541px\" src=\"data:image\/svg+xml;base64,PHN2ZyB3aWR0aD0iMSIgaGVpZ2h0PSIxIiB4bWxucz0iaHR0cDovL3d3dy53My5vcmcvMjAwMC9zdmciPjwvc3ZnPg==\" style=\"--smush-placeholder-width: 541px; --smush-placeholder-aspect-ratio: 541\/768;\" \/><\/figure><div class=\"wp-block-media-text__content\">\n<h3 class=\"wp-block-heading\"><span style=\"color:#db572f\" class=\"tadv-color\">Agriculture de conservation <\/span><\/h3>\n\n\n\n<p class=\"has-large-font-size wp-block-paragraph\">D\u00e9couvrez l&#8217;agriculture de conservation &#8230; en mai <\/p>\n\n\n\n<p class=\"wp-block-paragraph\">Vie des sols, potentiel et leviers agronomiques<\/p>\n\n\n\n<ul class=\"wp-block-list\"><li>Itin\u00e9raires techniques<\/li><li>Agro\u00e9quipements sp\u00e9cifiques<\/li><li>Impacts des traitements sur la flore et la faune auxiliaire<\/li><li>Parasites et maladies : origines et causes, sympt\u00f4mes,<br \/>\nseuils de nuisibilit\u00e9, cycles, techniques de lutte<\/li><li>Faune et flore auxiliaires : reconnaissance, cycle, r\u00f4le, pr\u00e9servation<\/li><li>Carences : sympt\u00f4mes, causes et techniques de rem\u00e9diations<\/li><li>Notion de succession \u00e9cologique et de dynamique des milieux<\/li><\/ul>\n\n\n\n<p class=\"wp-block-paragraph\"> <\/p>\n<\/div><\/div>\n\n\n\n<div class=\"wp-block-columns alignfull is-layout-flex wp-container-core-columns-is-layout-8f761849 wp-block-columns-is-layout-flex\">\n<div class=\"wp-block-column is-layout-flow wp-block-column-is-layout-flow\">\n<h3 class=\"has-text-align-center wp-block-heading\"><span style=\"color:#db572f\" class=\"tadv-color\">Agroforesterie <\/span><\/h3>\n\n\n\n<p class=\"has-text-align-center wp-block-paragraph\">Vous pouvez trouver , une approche \u00e9conomique sur le site sp\u00e9cifie du BP REA <\/p>\n\n\n\n<p class=\"has-text-align-center wp-block-paragraph\"><a href=\"https:\/\/sites.google.com\/view\/rea-cfppa-fr\/ucare-agroforesterie\">Matrice de gain <\/a><\/p>\n\n\n\n<div class=\"wp-block-image\"><figure class=\"aligncenter size-large\"><img decoding=\"async\" width=\"546\" height=\"768\" data-src=\"http:\/\/www.cfppa.fr\/infocampus\/wp-content\/uploads\/2019\/12\/agroforesterie-Copier.png\" alt=\"\" class=\"wp-image-2247 lazyload\" data-srcset=\"https:\/\/www.cfppa.fr\/infocampus\/wp-content\/uploads\/2019\/12\/agroforesterie-Copier.png 546w, https:\/\/www.cfppa.fr\/infocampus\/wp-content\/uploads\/2019\/12\/agroforesterie-Copier-213x300.png 213w\" data-sizes=\"(max-width: 546px) 100vw, 546px\" src=\"data:image\/svg+xml;base64,PHN2ZyB3aWR0aD0iMSIgaGVpZ2h0PSIxIiB4bWxucz0iaHR0cDovL3d3dy53My5vcmcvMjAwMC9zdmciPjwvc3ZnPg==\" style=\"--smush-placeholder-width: 546px; --smush-placeholder-aspect-ratio: 546\/768;\" \/><\/figure><\/div>\n\n\n\n<p class=\"has-text-align-center wp-block-paragraph\">Renseignez vous aupr\u00e8s du CFPPA pour avoir les dates de cette ann\u00e9e ! <\/p>\n\n\n\n<p class=\"wp-block-paragraph\">Pour vous inscrire  via votre compte CPF :<a href=\"https:\/\/www.moncompteformation.gouv.fr\/espace-prive\/html\/#\/formation\/recherche\/19180585200065_BPREA\/19180585200065_UCAREAgroforesterie\"> Fiche  UCAREAgroforesterie<\/a><\/p>\n<\/div>\n\n\n\n<div class=\"wp-block-column is-layout-flow wp-block-column-is-layout-flow\">\n<h3 class=\"has-text-align-center wp-block-heading\"><span style=\"color:#bc360a\" class=\"tadv-color\">Conversion en agriculture biologique <\/span><\/h3>\n\n\n\n<p class=\"has-text-align-center wp-block-paragraph\">Cette formation vient en compl\u00e9ment de la semaine agriculture de conservation <\/p>\n\n\n\n<p class=\"wp-block-paragraph\"><\/p>\n\n\n\n<div class=\"wp-block-image\"><figure class=\"aligncenter size-large\"><img decoding=\"async\" width=\"557\" height=\"768\" data-src=\"http:\/\/www.cfppa.fr\/infocampus\/wp-content\/uploads\/2019\/12\/conversion_bio-Copier.png\" alt=\"\" class=\"wp-image-2251 lazyload\" data-srcset=\"https:\/\/www.cfppa.fr\/infocampus\/wp-content\/uploads\/2019\/12\/conversion_bio-Copier.png 557w, https:\/\/www.cfppa.fr\/infocampus\/wp-content\/uploads\/2019\/12\/conversion_bio-Copier-218x300.png 218w\" data-sizes=\"(max-width: 557px) 100vw, 557px\" src=\"data:image\/svg+xml;base64,PHN2ZyB3aWR0aD0iMSIgaGVpZ2h0PSIxIiB4bWxucz0iaHR0cDovL3d3dy53My5vcmcvMjAwMC9zdmciPjwvc3ZnPg==\" style=\"--smush-placeholder-width: 557px; --smush-placeholder-aspect-ratio: 557\/768;\" \/><\/figure><\/div>\n\n\n\n<p class=\"has-text-align-center wp-block-paragraph\">Renseignez vous pour avoir les dates pour cette ann\u00e9e <\/p>\n<\/div>\n<\/div>\n\n\n\n<div class=\"wp-block-columns alignfull is-layout-flex wp-container-core-columns-is-layout-8f761849 wp-block-columns-is-layout-flex\">\n<div class=\"wp-block-column is-layout-flow wp-block-column-is-layout-flow\">\n<hr class=\"wp-block-separator has-text-color has-background has-dark-gray-background-color has-dark-gray-color is-style-wide\"\/>\n\n\n\n<h3 class=\"has-text-align-center wp-block-heading\"><span style=\"color:#bc360a\" class=\"tadv-color\">M\u00e9tier d&#8217;aide \u00e0 domicile<\/span><\/h3>\n\n\n\n<p class=\"wp-block-paragraph\">Il y a aura une ouverture de stage en septembre. Renseignez vous aupr\u00e8s du CFPPA <\/p>\n\n\n\n<p class=\"wp-block-paragraph\"> <\/p>\n\n\n\n<figure class=\"wp-block-image size-large\"><img decoding=\"async\" width=\"536\" height=\"768\" data-src=\"http:\/\/www.cfppa.fr\/infocampus\/wp-content\/uploads\/2019\/12\/aide_domicile-Copier.png\" alt=\"\" class=\"wp-image-2258 lazyload\" data-srcset=\"https:\/\/www.cfppa.fr\/infocampus\/wp-content\/uploads\/2019\/12\/aide_domicile-Copier.png 536w, https:\/\/www.cfppa.fr\/infocampus\/wp-content\/uploads\/2019\/12\/aide_domicile-Copier-209x300.png 209w\" data-sizes=\"(max-width: 536px) 100vw, 536px\" src=\"data:image\/svg+xml;base64,PHN2ZyB3aWR0aD0iMSIgaGVpZ2h0PSIxIiB4bWxucz0iaHR0cDovL3d3dy53My5vcmcvMjAwMC9zdmciPjwvc3ZnPg==\" style=\"--smush-placeholder-width: 536px; --smush-placeholder-aspect-ratio: 536\/768;\" \/><\/figure>\n\n\n\n<figure class=\"wp-block-image size-large\"><img decoding=\"async\" width=\"540\" height=\"768\" data-src=\"http:\/\/www.cfppa.fr\/infocampus\/wp-content\/uploads\/2019\/12\/rea2020_1-Copier.png\" alt=\"\" class=\"wp-image-2257 lazyload\" data-srcset=\"https:\/\/www.cfppa.fr\/infocampus\/wp-content\/uploads\/2019\/12\/rea2020_1-Copier.png 540w, https:\/\/www.cfppa.fr\/infocampus\/wp-content\/uploads\/2019\/12\/rea2020_1-Copier-211x300.png 211w\" data-sizes=\"(max-width: 540px) 100vw, 540px\" src=\"data:image\/svg+xml;base64,PHN2ZyB3aWR0aD0iMSIgaGVpZ2h0PSIxIiB4bWxucz0iaHR0cDovL3d3dy53My5vcmcvMjAwMC9zdmciPjwvc3ZnPg==\" style=\"--smush-placeholder-width: 540px; --smush-placeholder-aspect-ratio: 540\/768;\" \/><\/figure>\n\n\n\n\n\n<div class=\"wp-block-image\"><figure class=\"aligncenter size-large is-resized\"><img decoding=\"async\" data-src=\"http:\/\/www.cfppa.fr\/infocampus\/wp-content\/uploads\/2019\/12\/Pub-Copier.png\" alt=\"\" class=\"wp-image-2256 lazyload\" width=\"1014\" height=\"1434\" data-srcset=\"https:\/\/www.cfppa.fr\/infocampus\/wp-content\/uploads\/2019\/12\/Pub-Copier.png 543w, https:\/\/www.cfppa.fr\/infocampus\/wp-content\/uploads\/2019\/12\/Pub-Copier-212x300.png 212w\" data-sizes=\"(max-width: 1014px) 100vw, 1014px\" src=\"data:image\/svg+xml;base64,PHN2ZyB3aWR0aD0iMSIgaGVpZ2h0PSIxIiB4bWxucz0iaHR0cDovL3d3dy53My5vcmcvMjAwMC9zdmciPjwvc3ZnPg==\" style=\"--smush-placeholder-width: 1014px; --smush-placeholder-aspect-ratio: 1014\/1434;\" \/><\/figure><\/div>\n<\/div>\n\n\n\n<div class=\"wp-block-column is-layout-flow wp-block-column-is-layout-flow\">\n<hr class=\"wp-block-separator has-text-color has-background has-dark-gray-background-color has-dark-gray-color is-style-wide\"\/>\n\n\n\n<h3 class=\"has-text-align-center wp-block-heading\"><span style=\"color:#2f00a3\" class=\"tadv-color\"><span style=\"background-color:#fff\" class=\"tadv-background-color\">Int\u00e9rimaire en agriculture <\/span><\/span><\/h3>\n\n\n\n<p class=\"has-text-align-center wp-block-paragraph\"><strong>CQP Agent de remplacement : La formation pour devenir un int\u00e9rimaire de l&#8217;agriculture <\/strong><\/p>\n\n\n\n<figure class=\"wp-block-image size-large\"><img decoding=\"async\" width=\"539\" height=\"768\" data-src=\"http:\/\/www.cfppa.fr\/infocampus\/wp-content\/uploads\/2019\/12\/cqp-Copier.png\" alt=\"\" class=\"wp-image-2253 lazyload\" data-srcset=\"https:\/\/www.cfppa.fr\/infocampus\/wp-content\/uploads\/2019\/12\/cqp-Copier.png 539w, https:\/\/www.cfppa.fr\/infocampus\/wp-content\/uploads\/2019\/12\/cqp-Copier-211x300.png 211w\" data-sizes=\"(max-width: 539px) 100vw, 539px\" src=\"data:image\/svg+xml;base64,PHN2ZyB3aWR0aD0iMSIgaGVpZ2h0PSIxIiB4bWxucz0iaHR0cDovL3d3dy53My5vcmcvMjAwMC9zdmciPjwvc3ZnPg==\" style=\"--smush-placeholder-width: 539px; --smush-placeholder-aspect-ratio: 539\/768;\" \/><\/figure>\n\n\n\n<div class=\"wp-block-group\"><div class=\"wp-block-group__inner-container is-layout-flow wp-block-group-is-layout-flow\">\n<p class=\"has-text-align-center wp-block-paragraph\">Prochaine session : d\u00e9cembre 2019 \u00e0 Juin 2020<\/p>\n\n\n\n<p class=\"has-text-align-center wp-block-paragraph\"><strong>Il y a 10 places \u00e0 saisir <\/strong><\/p>\n<\/div><\/div>\n\n\n\n<figure class=\"wp-block-image size-large\"><img decoding=\"async\" width=\"551\" height=\"768\" data-src=\"http:\/\/www.cfppa.fr\/infocampus\/wp-content\/uploads\/2019\/12\/bpap2020-Copier.png\" alt=\"\" class=\"wp-image-2255 lazyload\" data-srcset=\"https:\/\/www.cfppa.fr\/infocampus\/wp-content\/uploads\/2019\/12\/bpap2020-Copier.png 551w, https:\/\/www.cfppa.fr\/infocampus\/wp-content\/uploads\/2019\/12\/bpap2020-Copier-215x300.png 215w\" data-sizes=\"(max-width: 551px) 100vw, 551px\" src=\"data:image\/svg+xml;base64,PHN2ZyB3aWR0aD0iMSIgaGVpZ2h0PSIxIiB4bWxucz0iaHR0cDovL3d3dy53My5vcmcvMjAwMC9zdmciPjwvc3ZnPg==\" style=\"--smush-placeholder-width: 551px; --smush-placeholder-aspect-ratio: 551\/768;\" \/><\/figure>\n\n\n<\/div>\n<\/div>\n\n\n\n<h2 class=\"wp-block-heading\"><strong>A lire :<\/strong><\/h2>\n\n\n\n<p class=\"wp-block-paragraph\">Un  feuille de ARVALIS , pour les \u00e9changes  fumier- paille <\/p>\n\n\n\n<p class=\"wp-block-paragraph\"><a href=\"http:\/\/www.paille-fumier.arvalis-infos.fr\/\">http:\/\/www.paille-fumier.arvalis-infos.fr\/<\/a><\/p>\n\n\n\n<p class=\"wp-block-paragraph\"><\/p>\n\n\n\n<!--nextpage-->\n\n\n\n<div class=\"wp-block-image\"><figure class=\"aligncenter\"><img decoding=\"async\" width=\"538\" height=\"768\" data-src=\"http:\/\/www.cfppa.fr\/infocampus\/wp-content\/uploads\/2019\/04\/poec_paysage-Copier.png\" alt=\"\" class=\"wp-image-2135 lazyload\" data-srcset=\"https:\/\/www.cfppa.fr\/infocampus\/wp-content\/uploads\/2019\/04\/poec_paysage-Copier.png 538w, https:\/\/www.cfppa.fr\/infocampus\/wp-content\/uploads\/2019\/04\/poec_paysage-Copier-210x300.png 210w\" data-sizes=\"(max-width: 538px) 100vw, 538px\" src=\"data:image\/svg+xml;base64,PHN2ZyB3aWR0aD0iMSIgaGVpZ2h0PSIxIiB4bWxucz0iaHR0cDovL3d3dy53My5vcmcvMjAwMC9zdmciPjwvc3ZnPg==\" style=\"--smush-placeholder-width: 538px; --smush-placeholder-aspect-ratio: 538\/768;\" \/><figcaption>Formation qui d\u00e9bute en mai <\/figcaption><\/figure><\/div>\n\n\n<p><a href=\"http:\/\/www.cfppa.fr\/infocampus\/wp-content\/uploads\/2019\/01\/voeux2019-_e.png\"><img decoding=\"async\" class=\"aligncenter size-full wp-image-2068 lazyload\" data-src=\"http:\/\/www.cfppa.fr\/infocampus\/wp-content\/uploads\/2019\/01\/voeux2019-_e.png\" alt=\"\" width=\"1362\" height=\"900\" data-srcset=\"https:\/\/www.cfppa.fr\/infocampus\/wp-content\/uploads\/2019\/01\/voeux2019-_e.png 1362w, https:\/\/www.cfppa.fr\/infocampus\/wp-content\/uploads\/2019\/01\/voeux2019-_e-300x198.png 300w, https:\/\/www.cfppa.fr\/infocampus\/wp-content\/uploads\/2019\/01\/voeux2019-_e-768x507.png 768w\" data-sizes=\"(max-width: 1362px) 100vw, 1362px\" src=\"data:image\/svg+xml;base64,PHN2ZyB3aWR0aD0iMSIgaGVpZ2h0PSIxIiB4bWxucz0iaHR0cDovL3d3dy53My5vcmcvMjAwMC9zdmciPjwvc3ZnPg==\" style=\"--smush-placeholder-width: 1362px; --smush-placeholder-aspect-ratio: 1362\/900;\" \/><\/a><\/p>\n<p style=\"text-align: center;\"><strong>Le <\/strong><strong>March\u00e9 de No\u00ebl le vendredi 21 d\u00e9cembre 2018 \u00e0 partir de 14 H<\/strong><\/p>\n<p><\/p>\n<p style=\"text-align: center;\">Le CFPPA de Bourges met en place pour l&#8217;ann\u00e9e 2018-2019 quatre nouvelles Unit\u00e9s de formation:<\/p>\n<p style=\"text-align: center;\">Une UCARE sur l&#8217;agroforesterie<\/p>\n<p><\/p>\n<p style=\"text-align: center;\">Une UCARE&nbsp; sur l&#8217;agriculture de conservation et la conversion en agriculture biologique<\/p>\n<p><\/p>\n<p style=\"text-align: center;\">Une UCARE sur le mara\u00eechage biologique en conduite biodynamique<\/p>\n<p><\/p>\n<p style=\"text-align: center;\">Une Ucare en mara\u00eechage &#8220;micro ferme&#8221; respectueuse des principes de la permaculture<\/p>\n<p><\/p>\n<p style=\"text-align: center;\"><span style=\"color: #008000;\"><strong>Nous avons espoir aussi de cr\u00e9er un espace pour d\u00e9couvrir le concept de la for\u00eat nourricier et une espace sur l&#8217;agroforesterie mara\u00eech\u00e8re&nbsp;&nbsp;<\/strong><\/span><\/p>\n<p><strong>N<\/strong><strong>otre devise 2018-2019<\/strong><\/p>\n<p style=\"text-align: center;\">&nbsp; &nbsp; &nbsp;<strong><span style=\"font-size: 14pt; color: #ff6600;\"> &nbsp; &#8220;j&#8217;entends et j&#8217;oublie, <\/span><\/strong><\/p>\n<p style=\"text-align: center;\"><strong><span style=\"font-size: 14pt; color: #ff6600;\">je vois et je me souviens, <\/span><\/strong><\/p>\n<p style=\"text-align: center;\"><strong><span style=\"font-size: 14pt; color: #ff6600;\">je fais et je comprends&#8221; &#8211;&nbsp;<\/span><\/strong><\/p>\n<p style=\"text-align: center;\"><strong><span style=\"font-size: 14pt; color: #ff6600;\"> Confucius&nbsp;<\/span><\/strong><\/p>\n<p style=\"text-align: center;\"><a href=\"http:\/\/www.cfppa.fr\/infocampus\/wp-content\/uploads\/2013\/09\/logo_ministerecfppa.png\"><br \/><img decoding=\"async\" class=\"aligncenter size-full wp-image-77 lazyload\" data-src=\"http:\/\/www.cfppa.fr\/infocampus\/wp-content\/uploads\/2013\/09\/logo_ministerecfppa.png\" alt=\"\" src=\"data:image\/svg+xml;base64,PHN2ZyB3aWR0aD0iMSIgaGVpZ2h0PSIxIiB4bWxucz0iaHR0cDovL3d3dy53My5vcmcvMjAwMC9zdmciPjwvc3ZnPg==\" style=\"--smush-placeholder-width: 1342px; --smush-placeholder-aspect-ratio: 1342\/1200;\" \/><\/a><\/p>\n<p><\/p>\n<h5 style=\"text-align: center;\">&nbsp;<\/h5>\n<p><\/p>\n<p>Pour les personnes qui voudraient &#8220;redoubler&#8221; leur BTSA ACSE , nous traiterons vos dossiers en priorit\u00e9 &nbsp;mais vous devez solliciter un ch\u00e8que formation aupr\u00e8s de p\u00f4le emploi<\/p>\n<p><!--nextpage--><\/p>\n<p><\/p>\n<h5 style=\"text-align: center;\"><span style=\"color: #ff6600;\">Merci aux professionnels qui sont venus lors de la journ\u00e9e professionnelle des licences &nbsp;<\/span><\/h5>\n<h5 style=\"text-align: center;\"><span style=\"color: #ff0000;\">Vendredi 3 mars de 9 h \u00e0 17 h<\/span> les \u00e9tudiants de licence pro management des organisations, entreprises agricoles et gestion &nbsp;des risques vous invitent \u00e0 leur &nbsp;journ\u00e9e professionnelle<\/h5>\n<h5 style=\"text-align: center;\">Cette ann\u00e9e elle est bas\u00e9e sur le risque<\/h5>\n<h5 style=\"text-align: center;\">&#8220;fluctuations&#8221;<\/h5>\n<p style=\"text-align: center;\">Venez d\u00e9couvrir &nbsp;leur &nbsp;travail et commenter les traitements qu&#8217;ils ont envisag\u00e9 &nbsp;pour minimiser l&#8217;impacts des fluctuations sur une entreprise agricole .<\/p>\n<p style=\"text-align: center;\">Un jeu sera \u00e9galement organis\u00e9 &nbsp;pour motiver l&#8217;attention !<\/p>\n<p><strong>L\u2019\u00e9quipe du <span style=\"color: #ff0000;\">CFPPA<\/span> et moi m\u00eame &nbsp;nous vous souhaitons &nbsp;pour cette ann\u00e9e 2017 &nbsp;<\/strong><\/p>\n<p style=\"padding-left: 60px;\"><span style=\"color: #ff0000;\"><strong>C<\/strong><\/span><span style=\"color: #0000ff;\">onfiance et &nbsp;Consensus &nbsp;afin de &nbsp;favoriser la<\/span><br \/><span style=\"color: #ff0000;\"><strong>F<\/strong><\/span><span style=\"color: #0000ff;\">raternit\u00e9 spoliant les in\u00e9galit\u00e9s, encourageons &nbsp;la tol\u00e9rance, &nbsp;le respect et le &nbsp;<\/span><br \/><span style=\"color: #ff0000;\"><strong>P<\/strong><\/span><span style=\"color: #0000ff;\">artage<strong> &nbsp;<\/strong>d\u2019id\u00e9es, d\u2019approches, permettant de rena\u00eetre tel &nbsp;le<\/span><br \/><span style=\"color: #ff0000;\"><strong>P<\/strong><span style=\"color: #0000ff;\">h\u00e9<\/span><\/span><span style=\"color: #0000ff;\">nix et de devenir efficient dans nos activit\u00e9s &nbsp;pr\u00f4nant &nbsp;<\/span><br \/><span style=\"color: #ff0000;\"><strong>A<\/strong><\/span><span style=\"color: #0000ff;\">ltruisme &nbsp;et<\/span> <span style=\"color: #ff0000;\">Andragogie<\/span><\/p>\n<h4 style=\"padding-left: 150px;\">&nbsp;<strong>Que 2017, comble vos espoirs et vous donne vitalit\u00e9<\/strong><\/h4>\n<h3 style=\"text-align: center;\">Vendredi 16 D\u00e9cembre 2016 &nbsp; le march\u00e9<\/h3>\n<p><a href=\"http:\/\/www.cfppa.fr\/infocampus\/wp-content\/uploads\/2015\/05\/2016-12-16-16.42.15-CFPPA18.jpg\" rel=\"http:\/\/www.cfppa.fr\/infocampus\/marche-2\/le-marche-de-noel\"><img decoding=\"async\" class=\"aligncenter wp-image-2009 size-full lazyload\" data-src=\"http:\/\/www.cfppa.fr\/infocampus\/wp-content\/uploads\/2015\/05\/2016-12-16-16.42.15-CFPPA18.jpg\" width=\"800\" height=\"450\" data-srcset=\"https:\/\/www.cfppa.fr\/infocampus\/wp-content\/uploads\/2015\/05\/2016-12-16-16.42.15-CFPPA18.jpg 800w, https:\/\/www.cfppa.fr\/infocampus\/wp-content\/uploads\/2015\/05\/2016-12-16-16.42.15-CFPPA18-300x169.jpg 300w, https:\/\/www.cfppa.fr\/infocampus\/wp-content\/uploads\/2015\/05\/2016-12-16-16.42.15-CFPPA18-768x432.jpg 768w\" data-sizes=\"(max-width: 800px) 100vw, 800px\" src=\"data:image\/svg+xml;base64,PHN2ZyB3aWR0aD0iMSIgaGVpZ2h0PSIxIiB4bWxucz0iaHR0cDovL3d3dy53My5vcmcvMjAwMC9zdmciPjwvc3ZnPg==\" style=\"--smush-placeholder-width: 800px; --smush-placeholder-aspect-ratio: 800\/450;\" \/><\/a><\/p>\n<p><a href=\"http:\/\/www.cfppa.fr\/infocampus\/marche-2\/le-marche-de-noel\">Retrouver les photos du march\u00e9s &#8230;..<\/a><\/p>\n<p style=\"text-align: center;\">Remise des dipl\u00f4mes<\/p>\n<p style=\"text-align: center;\"><a href=\"http:\/\/www.cfppa.fr\/infocampus\/wp-content\/uploads\/2015\/05\/2016-12-16-19.08.14-CFPPA18.jpg\"><img decoding=\"async\" class=\"aligncenter size-full wp-image-2014 lazyload\" data-src=\"http:\/\/www.cfppa.fr\/infocampus\/wp-content\/uploads\/2015\/05\/2016-12-16-19.08.14-CFPPA18.jpg\" alt=\"\" width=\"800\" height=\"450\" data-srcset=\"https:\/\/www.cfppa.fr\/infocampus\/wp-content\/uploads\/2015\/05\/2016-12-16-19.08.14-CFPPA18.jpg 800w, https:\/\/www.cfppa.fr\/infocampus\/wp-content\/uploads\/2015\/05\/2016-12-16-19.08.14-CFPPA18-300x169.jpg 300w, https:\/\/www.cfppa.fr\/infocampus\/wp-content\/uploads\/2015\/05\/2016-12-16-19.08.14-CFPPA18-768x432.jpg 768w\" data-sizes=\"(max-width: 800px) 100vw, 800px\" src=\"data:image\/svg+xml;base64,PHN2ZyB3aWR0aD0iMSIgaGVpZ2h0PSIxIiB4bWxucz0iaHR0cDovL3d3dy53My5vcmcvMjAwMC9zdmciPjwvc3ZnPg==\" style=\"--smush-placeholder-width: 800px; --smush-placeholder-aspect-ratio: 800\/450;\" \/><\/a><a href=\"http:\/\/www.cfppa.fr\/infocampus\/wp-content\/uploads\/2015\/05\/2016-12-16-19.11.52-CFPPA18.jpg\"><img decoding=\"async\" class=\"aligncenter size-full wp-image-2015 lazyload\" data-src=\"http:\/\/www.cfppa.fr\/infocampus\/wp-content\/uploads\/2015\/05\/2016-12-16-19.11.52-CFPPA18.jpg\" alt=\"\" width=\"800\" height=\"450\" data-srcset=\"https:\/\/www.cfppa.fr\/infocampus\/wp-content\/uploads\/2015\/05\/2016-12-16-19.11.52-CFPPA18.jpg 800w, https:\/\/www.cfppa.fr\/infocampus\/wp-content\/uploads\/2015\/05\/2016-12-16-19.11.52-CFPPA18-300x169.jpg 300w, https:\/\/www.cfppa.fr\/infocampus\/wp-content\/uploads\/2015\/05\/2016-12-16-19.11.52-CFPPA18-768x432.jpg 768w\" data-sizes=\"(max-width: 800px) 100vw, 800px\" src=\"data:image\/svg+xml;base64,PHN2ZyB3aWR0aD0iMSIgaGVpZ2h0PSIxIiB4bWxucz0iaHR0cDovL3d3dy53My5vcmcvMjAwMC9zdmciPjwvc3ZnPg==\" style=\"--smush-placeholder-width: 800px; --smush-placeholder-aspect-ratio: 800\/450;\" \/><\/a><a href=\"http:\/\/www.cfppa.fr\/infocampus\/wp-content\/uploads\/2015\/05\/2016-12-16-19.35.30-CFPPA18.jpg\"><img decoding=\"async\" class=\"aligncenter size-full wp-image-2016 lazyload\" data-src=\"http:\/\/www.cfppa.fr\/infocampus\/wp-content\/uploads\/2015\/05\/2016-12-16-19.35.30-CFPPA18.jpg\" alt=\"\" width=\"800\" height=\"450\" data-srcset=\"https:\/\/www.cfppa.fr\/infocampus\/wp-content\/uploads\/2015\/05\/2016-12-16-19.35.30-CFPPA18.jpg 800w, https:\/\/www.cfppa.fr\/infocampus\/wp-content\/uploads\/2015\/05\/2016-12-16-19.35.30-CFPPA18-300x169.jpg 300w, https:\/\/www.cfppa.fr\/infocampus\/wp-content\/uploads\/2015\/05\/2016-12-16-19.35.30-CFPPA18-768x432.jpg 768w\" data-sizes=\"(max-width: 800px) 100vw, 800px\" src=\"data:image\/svg+xml;base64,PHN2ZyB3aWR0aD0iMSIgaGVpZ2h0PSIxIiB4bWxucz0iaHR0cDovL3d3dy53My5vcmcvMjAwMC9zdmciPjwvc3ZnPg==\" style=\"--smush-placeholder-width: 800px; --smush-placeholder-aspect-ratio: 800\/450;\" \/><\/a><\/p>\n<p style=\"text-align: center;\"><div class=\"h5p-iframe-wrapper\"><iframe id=\"h5p-iframe-6\" class=\"h5p-iframe\" data-content-id=\"6\" style=\"height:1px\" src=\"about:blank\" frameBorder=\"0\" scrolling=\"no\" title=\"BTSA Prepa aux \u00e9preuves terminales\"><\/iframe><\/div><\/p>\n<h6>&nbsp;<\/h6>\n<h6><span style=\"color: #993366;\"><strong>Le BTSA ACSE en formation adulte en 1 an &nbsp;est possible pour les personnes qui ont un projet &nbsp;professionnel . Il convient de constituer une dossier et de rencontrer votre conseiller p\u00f4le emploi (ou mission locale) et de le convaincre. Ils pourront &#8220;d\u00e9bloquer&#8221; un ch\u00e8que formation ! Alors &#8230; soyez convainquant !&nbsp;<\/strong><\/span><\/h6>\n<p><\/p>\n<p style=\"text-align: center;\"><div class=\"h5p-content\" data-content-id=\"5\"><\/div><\/p>\n<p style=\"text-align: center;\">La gestion des risques &#8230;.. une histoire &nbsp;de personnalit\u00e9 !<\/p>\n<h6 style=\"text-align: center;\"><div class=\"h5p-iframe-wrapper\"><iframe id=\"h5p-iframe-1\" class=\"h5p-iframe\" data-content-id=\"1\" style=\"height:1px\" src=\"about:blank\" frameBorder=\"0\" scrolling=\"no\" title=\"L&#039;approche risque pour une entreprise agricole\"><\/iframe><\/div><\/h6>\n<h6>&nbsp;<\/h6>\n<h5 style=\"text-align: center;\">&nbsp;<\/h5>\n<p><!--nextpage--><\/p>\n<p><a href=\"http:\/\/www.cfppa.fr\/infocampus\/wp-content\/uploads\/2015\/05\/flyer_pro2-CFPPA18.jpg\" rel=\"attachment wp-att-1898\"><img decoding=\"async\" class=\"aligncenter size-full wp-image-1898 lazyload\" data-src=\"http:\/\/www.cfppa.fr\/infocampus\/wp-content\/uploads\/2015\/05\/flyer_pro2-CFPPA18.jpg\" alt=\"flyer_pro2 (CFPPA18)\" width=\"439\" height=\"600\" data-srcset=\"https:\/\/www.cfppa.fr\/infocampus\/wp-content\/uploads\/2015\/05\/flyer_pro2-CFPPA18.jpg 439w, https:\/\/www.cfppa.fr\/infocampus\/wp-content\/uploads\/2015\/05\/flyer_pro2-CFPPA18-220x300.jpg 220w\" data-sizes=\"(max-width: 439px) 100vw, 439px\" src=\"data:image\/svg+xml;base64,PHN2ZyB3aWR0aD0iMSIgaGVpZ2h0PSIxIiB4bWxucz0iaHR0cDovL3d3dy53My5vcmcvMjAwMC9zdmciPjwvc3ZnPg==\" style=\"--smush-placeholder-width: 439px; --smush-placeholder-aspect-ratio: 439\/600;\" \/><\/a><a href=\"http:\/\/www.cfppa.fr\/infocampus\/wp-content\/uploads\/2015\/05\/flyer_pro1-CFPPA18.jpg\" rel=\"attachment wp-att-1897\"><img decoding=\"async\" class=\"aligncenter size-full wp-image-1897 lazyload\" data-src=\"http:\/\/www.cfppa.fr\/infocampus\/wp-content\/uploads\/2015\/05\/flyer_pro1-CFPPA18.jpg\" alt=\"flyer_pro1 (CFPPA18)\" width=\"441\" height=\"600\" data-srcset=\"https:\/\/www.cfppa.fr\/infocampus\/wp-content\/uploads\/2015\/05\/flyer_pro1-CFPPA18.jpg 441w, https:\/\/www.cfppa.fr\/infocampus\/wp-content\/uploads\/2015\/05\/flyer_pro1-CFPPA18-221x300.jpg 221w\" data-sizes=\"(max-width: 441px) 100vw, 441px\" src=\"data:image\/svg+xml;base64,PHN2ZyB3aWR0aD0iMSIgaGVpZ2h0PSIxIiB4bWxucz0iaHR0cDovL3d3dy53My5vcmcvMjAwMC9zdmciPjwvc3ZnPg==\" style=\"--smush-placeholder-width: 441px; --smush-placeholder-aspect-ratio: 441\/600;\" \/><\/a><\/p>\n<p style=\"text-align: center;\"><div class=\"h5p-content\" data-content-id=\"4\"><\/div><\/p>\n<p><!--nextpage--><\/p>\n<h2 style=\"text-align: center;\"><img decoding=\"async\" class=\"aligncenter size-full wp-image-1880 lazyload\" data-src=\"http:\/\/www.cfppa.fr\/infocampus\/wp-content\/uploads\/2015\/05\/affiche-final-_cfppa2016-CFPPA18.jpg\" alt=\"affiche final _cfppa2016 (CFPPA18)\" width=\"419\" height=\"600\" data-srcset=\"https:\/\/www.cfppa.fr\/infocampus\/wp-content\/uploads\/2015\/05\/affiche-final-_cfppa2016-CFPPA18.jpg 419w, https:\/\/www.cfppa.fr\/infocampus\/wp-content\/uploads\/2015\/05\/affiche-final-_cfppa2016-CFPPA18-210x300.jpg 210w\" data-sizes=\"(max-width: 419px) 100vw, 419px\" src=\"data:image\/svg+xml;base64,PHN2ZyB3aWR0aD0iMSIgaGVpZ2h0PSIxIiB4bWxucz0iaHR0cDovL3d3dy53My5vcmcvMjAwMC9zdmciPjwvc3ZnPg==\" style=\"--smush-placeholder-width: 419px; --smush-placeholder-aspect-ratio: 419\/600;\" \/><\/h2>\n<h2 style=\"text-align: center;\"><span style=\"color: #ff0000;\">F\u00e9licitations \u00e0 tous !&nbsp;cette 5 \u00e8me \u00e9dition \u00e9tait tr\u00e8s r\u00e9ussite&nbsp;<\/span><\/h2>\n<p style=\"text-align: center;\"><div class=\"h5p-content\" data-content-id=\"7\"><\/div><\/p>\n<p><a href=\"http:\/\/www.cfppa.fr\/infocampus\/wp-content\/uploads\/2015\/05\/2016-03-12-10.49.50-CFPPA18.jpg\" rel=\"attachment wp-att-1887\"><br \/><\/a> <a href=\"http:\/\/www.cfppa.fr\/infocampus\/wp-content\/uploads\/2015\/05\/2016-03-12-10.02.43-CFPPA18.jpg\" rel=\"attachment wp-att-1888\"><br \/><\/a> <a href=\"http:\/\/www.cfppa.fr\/infocampus\/wp-content\/uploads\/2015\/05\/2016-03-12-09.15.21-CFPPA18.jpg\" rel=\"attachment wp-att-1889\"><br \/><\/a><\/p>\n<h2 style=\"text-align: center;\"><a href=\"http:\/\/www.cfppa.fr\/infocampus\/wp-content\/uploads\/2015\/05\/2016-03-12-09.30.16-CFPPA18.jpg\" rel=\"attachment wp-att-1891\"><br \/><\/a> <a href=\"http:\/\/www.cfppa.fr\/infocampus\/wp-content\/uploads\/2015\/05\/2016-03-12-09.15.30-CFPPA18.jpg\" rel=\"attachment wp-att-1892\"><br \/><\/a> <a href=\"http:\/\/www.cfppa.fr\/infocampus\/wp-content\/uploads\/2015\/05\/2016-03-12-09.14.38-CFPPA18.jpg\" rel=\"attachment wp-att-1893\"><img decoding=\"async\" class=\"aligncenter size-full wp-image-1893 lazyload\" data-src=\"http:\/\/www.cfppa.fr\/infocampus\/wp-content\/uploads\/2015\/05\/2016-03-12-09.14.38-CFPPA18.jpg\" alt=\"2016-03-12 09.14.38 (CFPPA18)\" width=\"338\" height=\"600\" data-srcset=\"https:\/\/www.cfppa.fr\/infocampus\/wp-content\/uploads\/2015\/05\/2016-03-12-09.14.38-CFPPA18.jpg 338w, https:\/\/www.cfppa.fr\/infocampus\/wp-content\/uploads\/2015\/05\/2016-03-12-09.14.38-CFPPA18-169x300.jpg 169w\" data-sizes=\"(max-width: 338px) 100vw, 338px\" src=\"data:image\/svg+xml;base64,PHN2ZyB3aWR0aD0iMSIgaGVpZ2h0PSIxIiB4bWxucz0iaHR0cDovL3d3dy53My5vcmcvMjAwMC9zdmciPjwvc3ZnPg==\" style=\"--smush-placeholder-width: 338px; --smush-placeholder-aspect-ratio: 338\/600;\" \/><\/a><\/h2>\n<h3 style=\"text-align: center;\"><span style=\"color: #339966;\">Pourquoi organiser une march\u00e9 ?<\/span><\/h3>\n<p><\/p>\n<p style=\"text-align: center;\">Les \u00e9tudiants de BTSA ACSE &nbsp;de BP REA et de BP AP sont \u00e0 l&#8217;origine de ce march\u00e9.<\/p>\n<p style=\"text-align: center;\">Les \u00e9tudiants de BTSA ACSE &nbsp;sont les organisateurs : responsables de la communication, du d\u00e9marchage aupr\u00e8s des agriculteurs et de la signalisation dudit march\u00e9. Ils doivent prouver qu&#8217;ils peuvent organiser et g\u00e9rer un \u00e9v\u00e9nementiel<\/p>\n<p style=\"text-align: center;\">Les stagiaires des formations BP sont en phase d&#8217;\u00e9valuation : leur stand, les plaquettes publicitaires, leur organisation et leurs efforts de vente seront \u00e9valu\u00e9s en situation professionnelle sp\u00e9cifique (SPS) &nbsp; Ce nouveau concept d&#8217;\u00e9valuation pr\u00e9conise du r\u00e9el et non du fictif . Pr\u00e9conise un acte concret pour \u00e9valuer des capacit\u00e9s professionnelles .<\/p>\n<p style=\"text-align: center;\">Les \u00e9valuation sur table , devant une feuille ce n&#8217;est plus la r\u00e8gle !<\/p>\n<p style=\"text-align: center;\">Pars des situations significatives (comme celle-l\u00e0) on peut \u00e9valuer l&#8217;UC commerciale, mais aussi du fran\u00e7ais, de l&#8217;informatique et des math si on veut !<\/p>\n<p style=\"text-align: center;\">Les Brevets Professionnels conf\u00e8rent un niveau 4 (comme le BAC) et permettent d&#8217;entrer en BTS mais les \u00e9valuations au CFPPA de Bourges sont des situations professionnelles et concr\u00e8tes . On juge vos capacit\u00e9s, votre raisonnement mais pas QUE vos connaissances!<\/p>\n<h3 style=\"text-align: center;\"><span style=\"color: #ff6600;\">Connaitre c&#8217;est bien, raisonner c&#8217;est mieux ! &nbsp;<\/span><\/h3>\n<p><\/p>\n<p>Venez nombreux pour soutenir les \u00e9tudiants dans leur d\u00e9marche commerciale et pour acheter !<\/p>\n<p><!--nextpage--><\/p>\n<h3 style=\"text-align: center;\"><a href=\"http:\/\/www.cfppa.fr\/infocampus\/wp-content\/uploads\/2015\/05\/metier1cfppa18-CFPPA18.png\" rel=\"attachment wp-att-1854\"><img decoding=\"async\" class=\"aligncenter size-full wp-image-1854 lazyload\" data-src=\"http:\/\/www.cfppa.fr\/infocampus\/wp-content\/uploads\/2015\/05\/metier1cfppa18-CFPPA18.png\" alt=\"metier1cfppa18 (CFPPA18)\" width=\"422\" height=\"600\" data-srcset=\"https:\/\/www.cfppa.fr\/infocampus\/wp-content\/uploads\/2015\/05\/metier1cfppa18-CFPPA18.png 422w, https:\/\/www.cfppa.fr\/infocampus\/wp-content\/uploads\/2015\/05\/metier1cfppa18-CFPPA18-211x300.png 211w\" data-sizes=\"(max-width: 422px) 100vw, 422px\" src=\"data:image\/svg+xml;base64,PHN2ZyB3aWR0aD0iMSIgaGVpZ2h0PSIxIiB4bWxucz0iaHR0cDovL3d3dy53My5vcmcvMjAwMC9zdmciPjwvc3ZnPg==\" style=\"--smush-placeholder-width: 422px; --smush-placeholder-aspect-ratio: 422\/600;\" \/><\/a><\/h3>\n<p><a href=\"http:\/\/www.cfppa.fr\/infocampus\/wp-content\/uploads\/2015\/05\/metier2cfppa18-CFPPA18.png\" rel=\"attachment wp-att-1855\"><img decoding=\"async\" class=\"aligncenter size-full wp-image-1855 lazyload\" data-src=\"http:\/\/www.cfppa.fr\/infocampus\/wp-content\/uploads\/2015\/05\/metier2cfppa18-CFPPA18.png\" alt=\"metier2cfppa18 (CFPPA18)\" width=\"318\" height=\"600\" data-srcset=\"https:\/\/www.cfppa.fr\/infocampus\/wp-content\/uploads\/2015\/05\/metier2cfppa18-CFPPA18.png 318w, https:\/\/www.cfppa.fr\/infocampus\/wp-content\/uploads\/2015\/05\/metier2cfppa18-CFPPA18-159x300.png 159w\" data-sizes=\"(max-width: 318px) 100vw, 318px\" src=\"data:image\/svg+xml;base64,PHN2ZyB3aWR0aD0iMSIgaGVpZ2h0PSIxIiB4bWxucz0iaHR0cDovL3d3dy53My5vcmcvMjAwMC9zdmciPjwvc3ZnPg==\" style=\"--smush-placeholder-width: 318px; --smush-placeholder-aspect-ratio: 318\/600;\" \/><\/a><\/p>\n<p><a href=\"http:\/\/www.cfppa.fr\/infocampus\/wp-content\/uploads\/2015\/05\/metier3cfppa18-CFPPA18.png\" rel=\"attachment wp-att-1856\"><img decoding=\"async\" class=\"aligncenter size-full wp-image-1856 lazyload\" data-src=\"http:\/\/www.cfppa.fr\/infocampus\/wp-content\/uploads\/2015\/05\/metier3cfppa18-CFPPA18.png\" alt=\"metier3cfppa18 (CFPPA18)\" width=\"532\" height=\"600\" data-srcset=\"https:\/\/www.cfppa.fr\/infocampus\/wp-content\/uploads\/2015\/05\/metier3cfppa18-CFPPA18.png 532w, https:\/\/www.cfppa.fr\/infocampus\/wp-content\/uploads\/2015\/05\/metier3cfppa18-CFPPA18-266x300.png 266w\" data-sizes=\"(max-width: 532px) 100vw, 532px\" src=\"data:image\/svg+xml;base64,PHN2ZyB3aWR0aD0iMSIgaGVpZ2h0PSIxIiB4bWxucz0iaHR0cDovL3d3dy53My5vcmcvMjAwMC9zdmciPjwvc3ZnPg==\" style=\"--smush-placeholder-width: 532px; --smush-placeholder-aspect-ratio: 532\/600;\" \/><\/a><\/p>\n<p><a href=\"http:\/\/www.cfppa.fr\/infocampus\/wp-content\/uploads\/2015\/05\/metier4cfppa18-CFPPA18.png\" rel=\"attachment wp-att-1857\"><img decoding=\"async\" class=\"aligncenter size-full wp-image-1857 lazyload\" data-src=\"http:\/\/www.cfppa.fr\/infocampus\/wp-content\/uploads\/2015\/05\/metier4cfppa18-CFPPA18.png\" alt=\"metier4cfppa18 (CFPPA18)\" width=\"422\" height=\"600\" data-srcset=\"https:\/\/www.cfppa.fr\/infocampus\/wp-content\/uploads\/2015\/05\/metier4cfppa18-CFPPA18.png 422w, https:\/\/www.cfppa.fr\/infocampus\/wp-content\/uploads\/2015\/05\/metier4cfppa18-CFPPA18-211x300.png 211w\" data-sizes=\"(max-width: 422px) 100vw, 422px\" src=\"data:image\/svg+xml;base64,PHN2ZyB3aWR0aD0iMSIgaGVpZ2h0PSIxIiB4bWxucz0iaHR0cDovL3d3dy53My5vcmcvMjAwMC9zdmciPjwvc3ZnPg==\" style=\"--smush-placeholder-width: 422px; --smush-placeholder-aspect-ratio: 422\/600;\" \/><\/a><\/p>\n<h3 style=\"text-align: center;\">&nbsp;<\/h3>\n<p><!--nextpage--><\/p>\n<h3 style=\"text-align: center;\"><strong><span style=\"color: #ff00ff;\">Il&nbsp;\u00e9tait&nbsp;une fois le march\u00e9 de Noel&nbsp;2015&nbsp;<\/span><\/strong><\/h3>\n<p><img decoding=\"async\" class=\"aligncenter size-full wp-image-1770 lazyload\" data-src=\"http:\/\/www.cfppa.fr\/infocampus\/wp-content\/uploads\/2015\/05\/flyer_affcihe-de-noel-_v-defini-1.png\" alt=\"flyer_affcihe de noel _v defini 1\" width=\"547\" height=\"800\" data-srcset=\"https:\/\/www.cfppa.fr\/infocampus\/wp-content\/uploads\/2015\/05\/flyer_affcihe-de-noel-_v-defini-1.png 547w, https:\/\/www.cfppa.fr\/infocampus\/wp-content\/uploads\/2015\/05\/flyer_affcihe-de-noel-_v-defini-1-205x300.png 205w\" data-sizes=\"(max-width: 547px) 100vw, 547px\" src=\"data:image\/svg+xml;base64,PHN2ZyB3aWR0aD0iMSIgaGVpZ2h0PSIxIiB4bWxucz0iaHR0cDovL3d3dy53My5vcmcvMjAwMC9zdmciPjwvc3ZnPg==\" style=\"--smush-placeholder-width: 547px; --smush-placeholder-aspect-ratio: 547\/800;\" \/><\/p>\n<p><\/p>\n<figure id=\"attachment_1815\" aria-describedby=\"caption-attachment-1815\" style=\"width: 800px\" class=\"wp-caption aligncenter\"><a href=\"http:\/\/www.cfppa.fr\/infocampus\/wp-content\/uploads\/2014\/11\/copie-0_2015-12-18-15.56.49-CFPPA18.jpg\" rel=\"attachment wp-att-1815\"><img decoding=\"async\" class=\"wp-image-1815 size-full lazyload\" data-src=\"http:\/\/www.cfppa.fr\/infocampus\/wp-content\/uploads\/2014\/11\/copie-0_2015-12-18-15.56.49-CFPPA18.jpg\" alt=\"_copie-0_2015-12-18 15.56.49 (CFPPA18)\" width=\"800\" height=\"450\" data-srcset=\"https:\/\/www.cfppa.fr\/infocampus\/wp-content\/uploads\/2014\/11\/copie-0_2015-12-18-15.56.49-CFPPA18.jpg 800w, https:\/\/www.cfppa.fr\/infocampus\/wp-content\/uploads\/2014\/11\/copie-0_2015-12-18-15.56.49-CFPPA18-300x169.jpg 300w, https:\/\/www.cfppa.fr\/infocampus\/wp-content\/uploads\/2014\/11\/copie-0_2015-12-18-15.56.49-CFPPA18-768x432.jpg 768w\" data-sizes=\"(max-width: 800px) 100vw, 800px\" src=\"data:image\/svg+xml;base64,PHN2ZyB3aWR0aD0iMSIgaGVpZ2h0PSIxIiB4bWxucz0iaHR0cDovL3d3dy53My5vcmcvMjAwMC9zdmciPjwvc3ZnPg==\" style=\"--smush-placeholder-width: 800px; --smush-placeholder-aspect-ratio: 800\/450;\" \/><\/a><figcaption id=\"caption-attachment-1815\" class=\"wp-caption-text\">March\u00e9 de no\u00ebl : on se croirait au printemps ! 17\u00b0<\/figcaption><\/figure>\n<figure id=\"attachment_1819\" aria-describedby=\"caption-attachment-1819\" style=\"width: 800px\" class=\"wp-caption aligncenter\"><a href=\"http:\/\/www.cfppa.fr\/infocampus\/wp-content\/uploads\/2015\/05\/copie-0_2015-12-18-15.55.07-CFPPA18.jpg\" rel=\"attachment wp-att-1819\"><img decoding=\"async\" class=\"wp-image-1819 size-full lazyload\" data-src=\"http:\/\/www.cfppa.fr\/infocampus\/wp-content\/uploads\/2015\/05\/copie-0_2015-12-18-15.55.07-CFPPA18.jpg\" alt=\"_copie-0_2015-12-18 15.55.07 (CFPPA18)\" width=\"800\" height=\"450\" data-srcset=\"https:\/\/www.cfppa.fr\/infocampus\/wp-content\/uploads\/2015\/05\/copie-0_2015-12-18-15.55.07-CFPPA18.jpg 800w, https:\/\/www.cfppa.fr\/infocampus\/wp-content\/uploads\/2015\/05\/copie-0_2015-12-18-15.55.07-CFPPA18-300x169.jpg 300w, https:\/\/www.cfppa.fr\/infocampus\/wp-content\/uploads\/2015\/05\/copie-0_2015-12-18-15.55.07-CFPPA18-768x432.jpg 768w\" data-sizes=\"(max-width: 800px) 100vw, 800px\" src=\"data:image\/svg+xml;base64,PHN2ZyB3aWR0aD0iMSIgaGVpZ2h0PSIxIiB4bWxucz0iaHR0cDovL3d3dy53My5vcmcvMjAwMC9zdmciPjwvc3ZnPg==\" style=\"--smush-placeholder-width: 800px; --smush-placeholder-aspect-ratio: 800\/450;\" \/><\/a><figcaption id=\"caption-attachment-1819\" class=\"wp-caption-text\">Des licences qui attendent &#8230;&#8230;&#8230; les clients !! \ud83d\ude09<\/figcaption><\/figure>\n<figure id=\"attachment_1818\" aria-describedby=\"caption-attachment-1818\" style=\"width: 800px\" class=\"wp-caption aligncenter\"><a href=\"http:\/\/www.cfppa.fr\/infocampus\/marche-2\/le-marche-de-noel\" rel=\"attachment wp-att-1818\"><img decoding=\"async\" class=\"wp-image-1818 size-full lazyload\" data-src=\"http:\/\/www.cfppa.fr\/infocampus\/wp-content\/uploads\/2015\/05\/copie-0_2015-12-18-15.55.55-CFPPA18.jpg\" alt=\"_copie-0_2015-12-18 15.55.55 (CFPPA18)\" width=\"800\" height=\"450\" data-srcset=\"https:\/\/www.cfppa.fr\/infocampus\/wp-content\/uploads\/2015\/05\/copie-0_2015-12-18-15.55.55-CFPPA18.jpg 800w, https:\/\/www.cfppa.fr\/infocampus\/wp-content\/uploads\/2015\/05\/copie-0_2015-12-18-15.55.55-CFPPA18-300x169.jpg 300w, https:\/\/www.cfppa.fr\/infocampus\/wp-content\/uploads\/2015\/05\/copie-0_2015-12-18-15.55.55-CFPPA18-768x432.jpg 768w\" data-sizes=\"(max-width: 800px) 100vw, 800px\" src=\"data:image\/svg+xml;base64,PHN2ZyB3aWR0aD0iMSIgaGVpZ2h0PSIxIiB4bWxucz0iaHR0cDovL3d3dy53My5vcmcvMjAwMC9zdmciPjwvc3ZnPg==\" style=\"--smush-placeholder-width: 800px; --smush-placeholder-aspect-ratio: 800\/450;\" \/><\/a><figcaption id=\"caption-attachment-1818\" class=\"wp-caption-text\">Plus de photos &#8230; aller sur la page march\u00e9 &#8230;.<\/figcaption><\/figure>\n<h3 style=\"text-align: center;\"><span style=\"color: #ff00ff;\"><strong>&nbsp; March\u00e9 de no\u00ebl&nbsp;<a href=\"http:\/\/www.cfppa.fr\/infocampus\/wp-content\/uploads\/2015\/05\/flyer_affcihe-de-noel-_v-defini-1.png\"><br \/><\/a><\/strong><\/span><\/h3>\n<p style=\"text-align: center;\">organis\u00e9 par les \u00e9tudiants de licence &nbsp;pour &nbsp;valider leur \u00e9valuation sur l&#8217;acte commercial !!<\/p>\n<p style=\"text-align: center;\">Plus il y aura du monde &#8230;..<\/p>\n<p style=\"text-align: center;\">Il reste des places si vous voulez participer &#8230;. (emplacement 10 \u20ac &nbsp;pour financer la journ\u00e9e professionnelle des \u00e9tudiants de licence qui se d\u00e9roulera le &nbsp;lundi 21 mars 2016 sur la th\u00e9matique : produire autrement !)<\/p>\n<p style=\"text-align: center;\"><a href=\"http:\/\/www.cfppa.fr\/infocampus\/wp-content\/uploads\/2015\/05\/affiche-24-septembre-_0001.png\"><img decoding=\"async\" class=\"size-full wp-image-1744 alignleft lazyload\" data-src=\"http:\/\/www.cfppa.fr\/infocampus\/wp-content\/uploads\/2015\/05\/affiche-24-septembre-_0001.png\" alt=\"affiche 24 septembre _0001\" width=\"226\" height=\"320\" data-srcset=\"https:\/\/www.cfppa.fr\/infocampus\/wp-content\/uploads\/2015\/05\/affiche-24-septembre-_0001.png 226w, https:\/\/www.cfppa.fr\/infocampus\/wp-content\/uploads\/2015\/05\/affiche-24-septembre-_0001-212x300.png 212w\" data-sizes=\"(max-width: 226px) 100vw, 226px\" src=\"data:image\/svg+xml;base64,PHN2ZyB3aWR0aD0iMSIgaGVpZ2h0PSIxIiB4bWxucz0iaHR0cDovL3d3dy53My5vcmcvMjAwMC9zdmciPjwvc3ZnPg==\" style=\"--smush-placeholder-width: 226px; --smush-placeholder-aspect-ratio: 226\/320;\" \/><\/a><\/p>\n<p><\/p>\n<p>Le bilan de cette journ\u00e9e sera bient\u00f4t en ligne et il sera r\u00e9v\u00e9lateur des attentes des professionnels et de la situation de l&#8217;emploi en r\u00e9gion Centre-Val de Loire &nbsp;.<\/p>\n<p>Il y a de l&#8217;emploi mais il faut bien choisir son dipl\u00f4me !<\/p>\n<p><\/p>\n<h5>&nbsp;<\/h5>\n<p>Bonne visite !<\/p>\n<p>Nous restons \u00e0 votre disposition !! Le CFPPA est joignable au 02 48 70 55 15<\/p>","protected":false},"excerpt":{"rendered":"<p>Journ\u00e9e professionnelle des \u00e9tudiants en licence pro management des entreprises agricoles et gestion des risques Les risques psychosociaux en agriculture sont des risques tr\u00e8s rarement expos\u00e9s, mais ils sont sournois et poussent parfois \u00e0 des gestes tragiques . \u00catre un chef d&#8217;entreprise en agriculture , h\u00e9riter un patrimoine familial qui &hellip;<\/p>\n","protected":false},"author":1,"featured_media":0,"parent":0,"menu_order":0,"comment_status":"open","ping_status":"open","template":"","meta":{"_crdt_document":"","footnotes":""},"class_list":["post-1706","page","type-page","status-publish","hentry"],"yoast_head":"<!-- This site is optimized with the Yoast SEO plugin v27.4 - https:\/\/yoast.com\/product\/yoast-seo-wordpress\/ -->\n<title>Il \u00e9tait une fois ...un CFPPA \u00e0 Bourges - Info campus CFPPA<\/title>\n<meta name=\"description\" content=\"Formation en agriculture, maraichage, travaux paysagers , permaculture, agroforesterie gestion agricole , gestion des risques agricoles\" \/>\n<meta name=\"robots\" content=\"index, follow, max-snippet:-1, max-image-preview:large, max-video-preview:-1\" \/>\n<link rel=\"canonical\" href=\"http:\/\/www.cfppa.fr\/infocampus\/\" \/>\n<link rel=\"next\" href=\"http:\/\/www.cfppa.fr\/infocampus\/2\/\" \/>\n<meta property=\"og:locale\" content=\"fr_FR\" \/>\n<meta property=\"og:type\" content=\"article\" \/>\n<meta property=\"og:title\" content=\"Il \u00e9tait une fois ...un CFPPA \u00e0 Bourges - Info campus CFPPA\" \/>\n<meta property=\"og:description\" content=\"Formation en agriculture, maraichage, travaux paysagers , permaculture, agroforesterie gestion agricole , gestion des risques agricoles\" \/>\n<meta property=\"og:url\" content=\"http:\/\/www.cfppa.fr\/infocampus\/\" \/>\n<meta property=\"og:site_name\" content=\"Info campus CFPPA\" \/>\n<meta property=\"article:modified_time\" content=\"2020-08-14T16:17:07+00:00\" \/>\n<meta property=\"og:image\" content=\"http:\/\/www.cfppa.fr\/infocampus\/wp-content\/uploads\/2020\/06\/affiche2-Copier.png\" \/>\n<meta name=\"twitter:label1\" content=\"Dur\u00e9e de lecture estim\u00e9e\" \/>\n\t<meta name=\"twitter:data1\" content=\"8 minutes\" \/>\n<script type=\"application\/ld+json\" class=\"yoast-schema-graph\">{\"@context\":\"https:\\\/\\\/schema.org\",\"@graph\":[{\"@type\":\"WebPage\",\"@id\":\"http:\\\/\\\/www.cfppa.fr\\\/infocampus\\\/\",\"url\":\"http:\\\/\\\/www.cfppa.fr\\\/infocampus\\\/\",\"name\":\"Il \u00e9tait une fois ...un CFPPA \u00e0 Bourges - Info campus CFPPA\",\"isPartOf\":{\"@id\":\"http:\\\/\\\/www.cfppa.fr\\\/infocampus\\\/#website\"},\"primaryImageOfPage\":{\"@id\":\"http:\\\/\\\/www.cfppa.fr\\\/infocampus\\\/#primaryimage\"},\"image\":{\"@id\":\"http:\\\/\\\/www.cfppa.fr\\\/infocampus\\\/#primaryimage\"},\"thumbnailUrl\":\"http:\\\/\\\/www.cfppa.fr\\\/infocampus\\\/wp-content\\\/uploads\\\/2020\\\/06\\\/affiche2-Copier.png\",\"datePublished\":\"2015-05-23T16:09:32+00:00\",\"dateModified\":\"2020-08-14T16:17:07+00:00\",\"description\":\"Formation en agriculture, maraichage, travaux paysagers , permaculture, agroforesterie gestion agricole , gestion des risques agricoles\",\"inLanguage\":\"fr-FR\",\"potentialAction\":[{\"@type\":\"ReadAction\",\"target\":[\"http:\\\/\\\/www.cfppa.fr\\\/infocampus\\\/\"]}]},{\"@type\":\"ImageObject\",\"inLanguage\":\"fr-FR\",\"@id\":\"http:\\\/\\\/www.cfppa.fr\\\/infocampus\\\/#primaryimage\",\"url\":\"https:\\\/\\\/www.cfppa.fr\\\/infocampus\\\/wp-content\\\/uploads\\\/2020\\\/06\\\/affiche2-Copier.png\",\"contentUrl\":\"https:\\\/\\\/www.cfppa.fr\\\/infocampus\\\/wp-content\\\/uploads\\\/2020\\\/06\\\/affiche2-Copier.png\",\"width\":434,\"height\":480},{\"@type\":\"WebSite\",\"@id\":\"http:\\\/\\\/www.cfppa.fr\\\/infocampus\\\/#website\",\"url\":\"http:\\\/\\\/www.cfppa.fr\\\/infocampus\\\/\",\"name\":\"Info campus CFPPA\",\"description\":\"Un site \u00e0 la page\",\"publisher\":{\"@id\":\"http:\\\/\\\/www.cfppa.fr\\\/infocampus\\\/#organization\"},\"potentialAction\":[{\"@type\":\"SearchAction\",\"target\":{\"@type\":\"EntryPoint\",\"urlTemplate\":\"http:\\\/\\\/www.cfppa.fr\\\/infocampus\\\/?s={search_term_string}\"},\"query-input\":{\"@type\":\"PropertyValueSpecification\",\"valueRequired\":true,\"valueName\":\"search_term_string\"}}],\"inLanguage\":\"fr-FR\"},{\"@type\":\"Organization\",\"@id\":\"http:\\\/\\\/www.cfppa.fr\\\/infocampus\\\/#organization\",\"name\":\"CFPPA de bourges\",\"url\":\"http:\\\/\\\/www.cfppa.fr\\\/infocampus\\\/\",\"logo\":{\"@type\":\"ImageObject\",\"inLanguage\":\"fr-FR\",\"@id\":\"http:\\\/\\\/www.cfppa.fr\\\/infocampus\\\/#\\\/schema\\\/logo\\\/image\\\/\",\"url\":\"https:\\\/\\\/www.cfppa.fr\\\/infocampus\\\/wp-content\\\/uploads\\\/2013\\\/09\\\/logo_ministerecfppa.png\",\"contentUrl\":\"https:\\\/\\\/www.cfppa.fr\\\/infocampus\\\/wp-content\\\/uploads\\\/2013\\\/09\\\/logo_ministerecfppa.png\",\"width\":1,\"height\":1,\"caption\":\"CFPPA de bourges\"},\"image\":{\"@id\":\"http:\\\/\\\/www.cfppa.fr\\\/infocampus\\\/#\\\/schema\\\/logo\\\/image\\\/\"}}]}<\/script>\n<!-- \/ Yoast SEO plugin. -->","yoast_head_json":{"title":"Il \u00e9tait une fois ...un CFPPA \u00e0 Bourges - Info campus CFPPA","description":"Formation en agriculture, maraichage, travaux paysagers , permaculture, agroforesterie gestion agricole , gestion des risques agricoles","robots":{"index":"index","follow":"follow","max-snippet":"max-snippet:-1","max-image-preview":"max-image-preview:large","max-video-preview":"max-video-preview:-1"},"canonical":"http:\/\/www.cfppa.fr\/infocampus\/","next":"http:\/\/www.cfppa.fr\/infocampus\/2\/","og_locale":"fr_FR","og_type":"article","og_title":"Il \u00e9tait une fois ...un CFPPA \u00e0 Bourges - Info campus CFPPA","og_description":"Formation en agriculture, maraichage, travaux paysagers , permaculture, agroforesterie gestion agricole , gestion des risques agricoles","og_url":"http:\/\/www.cfppa.fr\/infocampus\/","og_site_name":"Info campus CFPPA","article_modified_time":"2020-08-14T16:17:07+00:00","og_image":[{"url":"http:\/\/www.cfppa.fr\/infocampus\/wp-content\/uploads\/2020\/06\/affiche2-Copier.png","type":"","width":"","height":""}],"twitter_misc":{"Dur\u00e9e de lecture estim\u00e9e":"8 minutes"},"schema":{"@context":"https:\/\/schema.org","@graph":[{"@type":"WebPage","@id":"http:\/\/www.cfppa.fr\/infocampus\/","url":"http:\/\/www.cfppa.fr\/infocampus\/","name":"Il \u00e9tait une fois ...un CFPPA \u00e0 Bourges - Info campus CFPPA","isPartOf":{"@id":"http:\/\/www.cfppa.fr\/infocampus\/#website"},"primaryImageOfPage":{"@id":"http:\/\/www.cfppa.fr\/infocampus\/#primaryimage"},"image":{"@id":"http:\/\/www.cfppa.fr\/infocampus\/#primaryimage"},"thumbnailUrl":"http:\/\/www.cfppa.fr\/infocampus\/wp-content\/uploads\/2020\/06\/affiche2-Copier.png","datePublished":"2015-05-23T16:09:32+00:00","dateModified":"2020-08-14T16:17:07+00:00","description":"Formation en agriculture, maraichage, travaux paysagers , permaculture, agroforesterie gestion agricole , gestion des risques agricoles","inLanguage":"fr-FR","potentialAction":[{"@type":"ReadAction","target":["http:\/\/www.cfppa.fr\/infocampus\/"]}]},{"@type":"ImageObject","inLanguage":"fr-FR","@id":"http:\/\/www.cfppa.fr\/infocampus\/#primaryimage","url":"https:\/\/www.cfppa.fr\/infocampus\/wp-content\/uploads\/2020\/06\/affiche2-Copier.png","contentUrl":"https:\/\/www.cfppa.fr\/infocampus\/wp-content\/uploads\/2020\/06\/affiche2-Copier.png","width":434,"height":480},{"@type":"WebSite","@id":"http:\/\/www.cfppa.fr\/infocampus\/#website","url":"http:\/\/www.cfppa.fr\/infocampus\/","name":"Info campus CFPPA","description":"Un site \u00e0 la page","publisher":{"@id":"http:\/\/www.cfppa.fr\/infocampus\/#organization"},"potentialAction":[{"@type":"SearchAction","target":{"@type":"EntryPoint","urlTemplate":"http:\/\/www.cfppa.fr\/infocampus\/?s={search_term_string}"},"query-input":{"@type":"PropertyValueSpecification","valueRequired":true,"valueName":"search_term_string"}}],"inLanguage":"fr-FR"},{"@type":"Organization","@id":"http:\/\/www.cfppa.fr\/infocampus\/#organization","name":"CFPPA de bourges","url":"http:\/\/www.cfppa.fr\/infocampus\/","logo":{"@type":"ImageObject","inLanguage":"fr-FR","@id":"http:\/\/www.cfppa.fr\/infocampus\/#\/schema\/logo\/image\/","url":"https:\/\/www.cfppa.fr\/infocampus\/wp-content\/uploads\/2013\/09\/logo_ministerecfppa.png","contentUrl":"https:\/\/www.cfppa.fr\/infocampus\/wp-content\/uploads\/2013\/09\/logo_ministerecfppa.png","width":1,"height":1,"caption":"CFPPA de bourges"},"image":{"@id":"http:\/\/www.cfppa.fr\/infocampus\/#\/schema\/logo\/image\/"}}]}},"_links":{"self":[{"href":"https:\/\/www.cfppa.fr\/infocampus\/wp-json\/wp\/v2\/pages\/1706","targetHints":{"allow":["GET"]}}],"collection":[{"href":"https:\/\/www.cfppa.fr\/infocampus\/wp-json\/wp\/v2\/pages"}],"about":[{"href":"https:\/\/www.cfppa.fr\/infocampus\/wp-json\/wp\/v2\/types\/page"}],"author":[{"embeddable":true,"href":"https:\/\/www.cfppa.fr\/infocampus\/wp-json\/wp\/v2\/users\/1"}],"replies":[{"embeddable":true,"href":"https:\/\/www.cfppa.fr\/infocampus\/wp-json\/wp\/v2\/comments?post=1706"}],"version-history":[{"count":2,"href":"https:\/\/www.cfppa.fr\/infocampus\/wp-json\/wp\/v2\/pages\/1706\/revisions"}],"predecessor-version":[{"id":2351,"href":"https:\/\/www.cfppa.fr\/infocampus\/wp-json\/wp\/v2\/pages\/1706\/revisions\/2351"}],"wp:attachment":[{"href":"https:\/\/www.cfppa.fr\/infocampus\/wp-json\/wp\/v2\/media?parent=1706"}],"curies":[{"name":"wp","href":"https:\/\/api.w.org\/{rel}","templated":true}]}}